{"id":215,"date":"2024-11-25T09:29:05","date_gmt":"2024-11-25T08:29:05","guid":{"rendered":"http:\/\/ks-kevelaer.de\/vorschau\/starke_2\/?page_id=8"},"modified":"2026-04-14T11:43:49","modified_gmt":"2026-04-14T11:43:49","slug":"start","status":"publish","type":"page","link":"https:\/\/starke-kevelaer.de\/","title":{"rendered":"Start"},"content":{"rendered":"<p>[et_pb_section fb_built=&#8220;1&#8243; admin_label=&#8220;Header&#8220; _builder_version=&#8220;4.27.4&#8243; _module_preset=&#8220;default&#8220; background_image=&#8220;https:\/\/starke-kevelaer.de\/wp-content\/uploads\/2025\/05\/IMG_0793-scaled.jpg&#8220; background_position=&#8220;bottom_center&#8220; background_vertical_offset=&#8220;50%&#8220; custom_padding=&#8220;5vw||13vw||false|false&#8220; border_radii=&#8220;off|||0vw|0vw&#8220; collapsed=&#8220;on&#8220; global_colors_info=&#8220;{}&#8220;][et_pb_row custom_padding_last_edited=&#8220;on|phone&#8220; _builder_version=&#8220;4.27.4&#8243; _module_preset=&#8220;default&#8220; background_color=&#8220;rgba(219,219,219,0.91)&#8220; max_width=&#8220;1800px&#8220; custom_padding=&#8220;|60px||60px|false|true&#8220; custom_padding_tablet=&#8220;|60px||60px|false|true&#8220; custom_padding_phone=&#8220;|35px||35px|false|true&#8220; global_colors_info=&#8220;{}&#8220;][et_pb_column type=&#8220;4_4&#8243; _builder_version=&#8220;4.25.0&#8243; _module_preset=&#8220;default&#8220; global_colors_info=&#8220;{}&#8220;][et_pb_text _builder_version=&#8220;4.27.4&#8243; _module_preset=&#8220;6e07bffc-f88e-4c16-ab19-95bb28cbd627&#8243; header_font=&#8220;Encode Sans Condensed|700||on|||||&#8220; header_text_align=&#8220;center&#8220; header_text_color=&#8220;#FFFFFF&#8220; header_font_size=&#8220;90px&#8220; header_line_height=&#8220;1.1em&#8220; max_width=&#8220;1440px&#8220; custom_margin_tablet=&#8220;&#8220; custom_margin_phone=&#8220;|-30px||-30px|false|false&#8220; custom_margin_last_edited=&#8220;on|phone&#8220; custom_padding=&#8220;|0px||0px|false|false&#8220; header_font_size_tablet=&#8220;60px&#8220; header_font_size_phone=&#8220;31px&#8220; header_font_size_last_edited=&#8220;on|phone&#8220; header_text_shadow_style=&#8220;preset1&#8243; global_colors_info=&#8220;{}&#8220;]<\/p>\n<h1><strong data-start=\"122\" data-end=\"188\">Ihre Hausarztpraxis<br \/>in Kevelaer<\/strong><\/h1>\n<p>[\/et_pb_text][et_pb_text _builder_version=&#8220;4.27.4&#8243; _module_preset=&#8220;07196847-8a72-4b5b-91d5-ffc0e2de8b00&#8243; text_text_color=&#8220;gcid-2490e176-5733-4f77-b033-d0b72133e372&#8243; header_line_height=&#8220;0.9em&#8220; header_4_text_align=&#8220;center&#8220; header_4_font_size=&#8220;21px&#8220; max_width=&#8220;1440px&#8220; header_4_line_height_tablet=&#8220;&#8220; header_4_line_height_phone=&#8220;1.2em&#8220; header_4_line_height_last_edited=&#8220;on|phone&#8220; global_colors_info=&#8220;{%22gcid-2490e176-5733-4f77-b033-d0b72133e372%22:%91%22text_text_color%22%93}&#8220;]<\/p>\n<h4><span><strong>Termine k\u00f6nnen Sie ganz bequem online buchen unter &#8222;Doctolib&#8220;.<br data-start=\"400\" data-end=\"403\" \/>Bei akuten Beschwerden rufen Sie bitte die 02832-70933 an, wir helfen Ihnen schnell weiter.<\/strong><\/span><\/h4>\n<p>[\/et_pb_text][et_pb_button button_url=&#8220;https:\/\/www.doctolib.de\/gemeinschaftspraxis\/kevelaer\/praxis-starke&#8220; url_new_window=&#8220;on&#8220; button_text=&#8220;Online Termin buchen&#8220; button_alignment=&#8220;center&#8220; _builder_version=&#8220;4.27.4&#8243; _module_preset=&#8220;335deaf1-2dea-4e0a-aaef-d9efd593f6ae&#8220; custom_button=&#8220;on&#8220; button_text_size=&#8220;17px&#8220; button_text_color=&#8220;#FFFFFF&#8220; button_bg_color=&#8220;gcid-4738aa1c-48f2-47b7-8df0-15a77c067e0f&#8220; button_border_color=&#8220;RGBA(255,255,255,0)&#8220; button_icon=&#8220;&#x35;||divi||400&#8243; custom_padding=&#8220;15px|24px|15px|24px|true|true&#8220; global_colors_info=&#8220;{%22gcid-4738aa1c-48f2-47b7-8df0-15a77c067e0f%22:%91%22button_bg_color%22%93,%22gcid-733038a9-0d80-4626-96d7-590d6614479b%22:%91%22button_bg_color__hover%22%93}&#8220; button_bg_color__hover_enabled=&#8220;on|hover&#8220; button_bg_color__hover=&#8220;#f39300&#8243; button_bg_enable_color__hover=&#8220;on&#8220;][\/et_pb_button][\/et_pb_column][\/et_pb_row][\/et_pb_section][et_pb_section fb_built=&#8220;1&#8243; module_id=&#8220;praxis&#8220; _builder_version=&#8220;4.25.0&#8243; _module_preset=&#8220;default&#8220; background_color=&#8220;RGBA(255,255,255,0)&#8220; custom_padding=&#8220;0px|0px|0px|0px|false|false&#8220; link_option_url=&#8220;praxis&#8220; global_colors_info=&#8220;{}&#8220;][et_pb_row column_structure=&#8220;1_2,1_2&#8243; use_custom_gutter=&#8220;on&#8220; gutter_width=&#8220;1&#8243; disabled_on=&#8220;on|on|off&#8220; _builder_version=&#8220;4.27.4&#8243; _module_preset=&#8220;default&#8220; background_color=&#8220;RGBA(255,255,255,0)&#8220; background_enable_image=&#8220;off&#8220; width=&#8220;100%&#8220; max_width=&#8220;100%&#8220; custom_padding=&#8220;0px||0px||false|false&#8220; global_colors_info=&#8220;{}&#8220;][et_pb_column type=&#8220;1_2&#8243; _builder_version=&#8220;4.25.0&#8243; _module_preset=&#8220;default&#8220; custom_padding=&#8220;4%|120px|3%|170px|false|false&#8220; global_colors_info=&#8220;{}&#8220;][et_pb_text _builder_version=&#8220;4.27.4&#8243; _module_preset=&#8220;140c2fcb-f591-4cfb-a54e-fa2ad4925bc2&#8243; header_font=&#8220;Encode Sans Condensed||||||||&#8220; header_2_font=&#8220;Encode Sans|700||on|||||&#8220; header_2_font_size=&#8220;52px&#8220; text_orientation=&#8220;center&#8220; header_2_font_size_tablet=&#8220;52px&#8220; header_2_font_size_phone=&#8220;52px&#8220; header_2_font_size_last_edited=&#8220;on|desktop&#8220; global_colors_info=&#8220;{}&#8220;]<\/p>\n<h2 style=\"text-align: left;\">Unsere Praxis<\/h2>\n<p>[\/et_pb_text][et_pb_text _builder_version=&#8220;4.27.4&#8243; _module_preset=&#8220;07196847-8a72-4b5b-91d5-ffc0e2de8b00&#8243; text_text_color=&#8220;gcid-2490e176-5733-4f77-b033-d0b72133e372&#8243; text_font_size=&#8220;16px&#8220; header_4_font=&#8220;Inter||||||||&#8220; header_4_font_size=&#8220;17px&#8220; max_width=&#8220;1440px&#8220; custom_margin=&#8220;30px||30px||false|false&#8220; animation_style=&#8220;fade&#8220; global_colors_info=&#8220;{%22gcid-2490e176-5733-4f77-b033-d0b72133e372%22:%91%22text_text_color%22%93}&#8220;]<\/p>\n<p data-start=\"122\" data-end=\"188\" class=\"\"><strong data-start=\"252\" data-end=\"331\">Haus\u00e4rztliche Versorgung in Kevelaer-Twisteden \u2013 pers\u00f6nlich, modern und nah<\/strong><\/p>\n<p data-start=\"122\" data-end=\"188\" class=\"\">Als Hausarztpraxis in Kevelaer k\u00fcmmern wir uns mit Herz und Kompetenz um Ihre Gesundheit.<\/p>\n<p data-start=\"122\" data-end=\"188\" class=\"\">Unsere haus\u00e4rztliche Praxis liegt zentral im Ortskern von <strong data-start=\"391\" data-end=\"413\">Kevelaer-Twisteden<\/strong> \u2013 <strong data-start=\"416\" data-end=\"446\">ebenerdig und barrierefrei<\/strong>, mit <strong data-start=\"452\" data-end=\"497\">ausreichend praxisnahen Parkm\u00f6glichkeiten<\/strong>. Wir bieten eine umfassende medizinische Versorgung f\u00fcr <strong data-start=\"596\" data-end=\"627\">Kassen- und Privatpatienten<\/strong> sowie f\u00fcr Teilnehmer des <strong data-start=\"648\" data-end=\"668\">Hausarztprogramms (HZV)<\/strong>.<\/p>\n<p>[\/et_pb_text][et_pb_toggle title=&#8220;Mehr&#8230;&#8220; open_toggle_text_color=&#8220;RGBA(255,255,255,0)&#8220; open_toggle_background_color=&#8220;#FFFFFF&#8220; closed_toggle_text_color=&#8220;gcid-4738aa1c-48f2-47b7-8df0-15a77c067e0f&#8220; closed_toggle_background_color=&#8220;#FFFFFF&#8220; icon_color=&#8220;gcid-4738aa1c-48f2-47b7-8df0-15a77c067e0f&#8220; toggle_icon=&#8220;&#x33;||divi||400&#8243; open_icon_color=&#8220;gcid-4738aa1c-48f2-47b7-8df0-15a77c067e0f&#8220; open_toggle_icon=&#8220;&#x32;||divi||400&#8243; _builder_version=&#8220;4.27.4&#8243; _module_preset=&#8220;default&#8220; title_text_color=&#8220;gcid-4738aa1c-48f2-47b7-8df0-15a77c067e0f&#8220; title_font=&#8220;Inter|500|||||||&#8220; title_font_size=&#8220;16px&#8220; body_font=&#8220;Inter||||||||&#8220; body_text_color=&#8220;#666666&#8243; body_font_size=&#8220;16px&#8220; custom_padding=&#8220;0px|0px|0px|0px|false|false&#8220; border_radii=&#8220;on|NaNpx|NaNpx|NaNpx|NaNpx&#8220; border_color_all=&#8220;RGBA(255,255,255,0)&#8220; global_colors_info=&#8220;{%22gcid-4738aa1c-48f2-47b7-8df0-15a77c067e0f%22:%91%22icon_color%22,%22open_icon_color%22,%22title_text_color%22,%22closed_toggle_text_color%22%93}&#8220;]<\/p>\n<p data-start=\"671\" data-end=\"1070\" class=\"\"><strong data-start=\"671\" data-end=\"712\">Moderne Medizin mit Herz und Verstand<\/strong><br data-start=\"712\" data-end=\"715\" \/>Unsere Praxis ist mit zeitgem\u00e4\u00dfer technischer Ausstattung ausger\u00fcstet und erm\u00f6glicht Diagnostik und Behandlung auf hohem medizinischem Niveau.<\/p>\n<p data-start=\"1072\" data-end=\"1431\" class=\"\">Im Mittelpunkt unserer Arbeit steht eine <strong data-start=\"1160\" data-end=\"1201\">ganzheitliche haus\u00e4rztliche Betreuung<\/strong>.<\/p>\n<p data-start=\"1433\" data-end=\"1669\" class=\"\">Als Mitglieder des <strong data-start=\"1482\" data-end=\"1522\">Palliativnetzwerks Rhein-Maas (SAPV)<\/strong> k\u00f6nnen wir bei Bedarf schwer erkrankte Patienten \u2013 gemeinsam mit einem speziell ausgebildeten Team \u2013 umfassend betreuen.<\/p>\n<p>[\/et_pb_toggle][\/et_pb_column][et_pb_column type=&#8220;1_2&#8243; _builder_version=&#8220;4.27.4&#8243; _module_preset=&#8220;default&#8220; background_enable_color=&#8220;off&#8220; background_image=&#8220;https:\/\/starke-kevelaer.de\/wp-content\/uploads\/2025\/05\/IMG_0749-scaled.jpg&#8220; custom_padding=&#8220;14%||14%||true|false&#8220; animation_style=&#8220;slide&#8220; animation_direction=&#8220;right&#8220; global_colors_info=&#8220;{}&#8220;][\/et_pb_column][\/et_pb_row][et_pb_row column_structure=&#8220;1_2,1_2&#8243; use_custom_gutter=&#8220;on&#8220; gutter_width=&#8220;1&#8243; disabled_on=&#8220;off|off|on&#8220; _builder_version=&#8220;4.27.4&#8243; _module_preset=&#8220;default&#8220; background_color=&#8220;RGBA(255,255,255,0)&#8220; background_enable_image=&#8220;off&#8220; width=&#8220;100%&#8220; max_width=&#8220;100%&#8220; custom_padding=&#8220;0px||0px||false|false&#8220; border_width_all=&#8220;0px&#8220; border_width_top=&#8220;5px&#8220; border_color_top=&#8220;#cb081c&#8220; global_colors_info=&#8220;{}&#8220;][et_pb_column type=&#8220;1_2&#8243; _builder_version=&#8220;4.27.4&#8243; _module_preset=&#8220;default&#8220; background_enable_color=&#8220;off&#8220; background_enable_image=&#8220;off&#8220; animation_style=&#8220;slide&#8220; animation_direction=&#8220;right&#8220; global_colors_info=&#8220;{}&#8220;][et_pb_image src=&#8220;https:\/\/starke-kevelaer.de\/wp-content\/uploads\/2025\/05\/IMG_0749-scaled.jpg&#8220; title_text=&#8220;IMG_0749&#8243; _builder_version=&#8220;4.27.4&#8243; _module_preset=&#8220;default&#8220; background_enable_image=&#8220;off&#8220; height_tablet=&#8220;&#8220; height_phone=&#8220;&#8220; height_last_edited=&#8220;on|tablet&#8220; custom_padding=&#8220;0px|0px|0px|0px|false|false&#8220; global_colors_info=&#8220;{}&#8220;][\/et_pb_image][\/et_pb_column][et_pb_column type=&#8220;1_2&#8243; _builder_version=&#8220;4.27.4&#8243; _module_preset=&#8220;default&#8220; custom_padding=&#8220;8%|12%|8%|12%|true|true&#8220; custom_padding_tablet=&#8220;8%|12%|8%|12%|true|true&#8220; custom_padding_phone=&#8220;|10%||10%|false|false&#8220; custom_padding_last_edited=&#8220;on|desktop&#8220; global_colors_info=&#8220;{}&#8220;][et_pb_text _builder_version=&#8220;4.27.4&#8243; _module_preset=&#8220;140c2fcb-f591-4cfb-a54e-fa2ad4925bc2&#8243; header_font=&#8220;Encode Sans Condensed||||||||&#8220; header_2_font=&#8220;Encode Sans|700||on|||||&#8220; header_2_font_size=&#8220;52px&#8220; text_orientation=&#8220;center&#8220; header_2_font_size_tablet=&#8220;52px&#8220; header_2_font_size_phone=&#8220;48px&#8220; header_2_font_size_last_edited=&#8220;on|phone&#8220; global_colors_info=&#8220;{}&#8220;]<\/p>\n<h2 style=\"text-align: left;\">Unsere Praxis<\/h2>\n<p>[\/et_pb_text][et_pb_text _builder_version=&#8220;4.27.4&#8243; _module_preset=&#8220;07196847-8a72-4b5b-91d5-ffc0e2de8b00&#8243; text_text_color=&#8220;gcid-2490e176-5733-4f77-b033-d0b72133e372&#8243; text_font_size=&#8220;16px&#8220; header_4_font=&#8220;Inter||||||||&#8220; header_4_font_size=&#8220;17px&#8220; max_width=&#8220;1440px&#8220; custom_margin=&#8220;30px||30px||false|false&#8220; animation_style=&#8220;fade&#8220; global_colors_info=&#8220;{%22gcid-2490e176-5733-4f77-b033-d0b72133e372%22:%91%22text_text_color%22%93}&#8220;]<\/p>\n<p data-start=\"122\" data-end=\"188\" class=\"\"><strong data-start=\"252\" data-end=\"331\">Haus\u00e4rztliche Versorgung in Kevelaer-Twisteden \u2013 pers\u00f6nlich, modern und nah<\/strong><\/p>\n<p data-start=\"122\" data-end=\"188\" class=\"\">Als Hausarztpraxis in Kevelaer k\u00fcmmern wir uns mit Herz und Kompetenz um Ihre Gesundheit.<\/p>\n<p data-start=\"122\" data-end=\"188\" class=\"\">Unsere haus\u00e4rztliche Praxis liegt zentral im Ortskern von <strong data-start=\"391\" data-end=\"413\">Kevelaer-Twisteden<\/strong> \u2013 <strong data-start=\"416\" data-end=\"446\">ebenerdig und barrierefrei<\/strong>, mit <strong data-start=\"452\" data-end=\"497\">ausreichend praxisnahen Parkm\u00f6glichkeiten<\/strong>. Wir bieten eine umfassende medizinische Versorgung f\u00fcr <strong data-start=\"596\" data-end=\"627\">Kassen- und Privatpatienten<\/strong> sowie f\u00fcr Teilnehmer des <strong data-start=\"648\" data-end=\"668\">Hausarztprogramms (HZV)<\/strong>.<\/p>\n<p>[\/et_pb_text][et_pb_toggle title=&#8220;Mehr&#8230;&#8220; open_toggle_text_color=&#8220;RGBA(255,255,255,0)&#8220; open_toggle_background_color=&#8220;#FFFFFF&#8220; closed_toggle_text_color=&#8220;gcid-4738aa1c-48f2-47b7-8df0-15a77c067e0f&#8220; closed_toggle_background_color=&#8220;#FFFFFF&#8220; icon_color=&#8220;gcid-4738aa1c-48f2-47b7-8df0-15a77c067e0f&#8220; toggle_icon=&#8220;&#x33;||divi||400&#8243; open_icon_color=&#8220;gcid-4738aa1c-48f2-47b7-8df0-15a77c067e0f&#8220; open_toggle_icon=&#8220;&#x32;||divi||400&#8243; _builder_version=&#8220;4.27.4&#8243; _module_preset=&#8220;default&#8220; title_text_color=&#8220;gcid-4738aa1c-48f2-47b7-8df0-15a77c067e0f&#8220; title_font=&#8220;Inter|500|||||||&#8220; title_font_size=&#8220;16px&#8220; body_font=&#8220;Inter||||||||&#8220; body_text_color=&#8220;#666666&#8243; body_font_size=&#8220;16px&#8220; custom_padding=&#8220;0px|0px|0px|0px|false|false&#8220; border_radii=&#8220;on|NaNpx|NaNpx|NaNpx|NaNpx&#8220; border_color_all=&#8220;RGBA(255,255,255,0)&#8220; global_colors_info=&#8220;{%22gcid-4738aa1c-48f2-47b7-8df0-15a77c067e0f%22:%91%22icon_color%22,%22open_icon_color%22,%22title_text_color%22,%22closed_toggle_text_color%22%93}&#8220;]<\/p>\n<p data-start=\"671\" data-end=\"1070\" class=\"\"><strong data-start=\"671\" data-end=\"712\">Moderne Medizin mit Herz und Verstand<\/strong><br data-start=\"712\" data-end=\"715\" \/>Unsere Praxis ist mit zeitgem\u00e4\u00dfer technischer Ausstattung ausger\u00fcstet und erm\u00f6glicht Diagnostik und Behandlung auf hohem medizinischem Niveau.<\/p>\n<p data-start=\"1072\" data-end=\"1431\" class=\"\">Im Mittelpunkt unserer Arbeit steht eine <strong data-start=\"1160\" data-end=\"1201\">ganzheitliche haus\u00e4rztliche Betreuung<\/strong>.<\/p>\n<p data-start=\"1433\" data-end=\"1669\" class=\"\">Als Mitglieder des <strong data-start=\"1482\" data-end=\"1522\">Palliativnetzwerks Rhein-Maas (SAPV)<\/strong> k\u00f6nnen wir bei Bedarf schwer erkrankte Patienten \u2013 gemeinsam mit einem speziell ausgebildeten Team \u2013 umfassend betreuen.<\/p>\n<p>[\/et_pb_toggle][\/et_pb_column][\/et_pb_row][\/et_pb_section][et_pb_section fb_built=&#8220;1&#8243; module_id=&#8220;leistung&#8220; _builder_version=&#8220;4.25.0&#8243; _module_preset=&#8220;default&#8220; background_color=&#8220;RGBA(255,255,255,0)&#8220; custom_padding=&#8220;0px|0px|0px|0px|false|false&#8220; global_colors_info=&#8220;{}&#8220;][et_pb_row column_structure=&#8220;1_2,1_2&#8243; use_custom_gutter=&#8220;on&#8220; gutter_width=&#8220;1&#8243; disabled_on=&#8220;on|on|off&#8220; _builder_version=&#8220;4.27.4&#8243; _module_preset=&#8220;default&#8220; background_color=&#8220;RGBA(255,255,255,0)&#8220; background_enable_image=&#8220;off&#8220; width=&#8220;100%&#8220; max_width=&#8220;100%&#8220; custom_margin=&#8220;||||false|false&#8220; custom_padding=&#8220;0px||0px||false|false&#8220; global_colors_info=&#8220;{}&#8220;][et_pb_column type=&#8220;1_2&#8243; _builder_version=&#8220;4.27.4&#8243; _module_preset=&#8220;default&#8220; background_enable_color=&#8220;off&#8220; background_image=&#8220;https:\/\/starke-kevelaer.de\/wp-content\/uploads\/2025\/05\/IMG_0630-scaled.jpg&#8220; custom_padding=&#8220;14%||14%||true|false&#8220; animation_style=&#8220;slide&#8220; animation_direction=&#8220;left&#8220; global_colors_info=&#8220;{}&#8220;][\/et_pb_column][et_pb_column type=&#8220;1_2&#8243; _builder_version=&#8220;4.27.4&#8243; _module_preset=&#8220;default&#8220; custom_padding=&#8220;2%|170px||120px|false|false&#8220; global_colors_info=&#8220;{}&#8220;][et_pb_text _builder_version=&#8220;4.27.4&#8243; _module_preset=&#8220;140c2fcb-f591-4cfb-a54e-fa2ad4925bc2&#8243; header_font=&#8220;Encode Sans Condensed||||||||&#8220; header_2_font=&#8220;Encode Sans|700||on|||||&#8220; header_2_font_size=&#8220;52px&#8220; text_orientation=&#8220;center&#8220; custom_margin=&#8220;||21px|||&#8220; header_2_font_size_tablet=&#8220;52px&#8220; header_2_font_size_phone=&#8220;52px&#8220; header_2_font_size_last_edited=&#8220;on|desktop&#8220; global_colors_info=&#8220;{}&#8220;]<\/p>\n<h2 style=\"text-align: left;\">Unsere Leistungen<\/h2>\n<p>[\/et_pb_text][et_pb_accordion _builder_version=&#8220;4.27.4&#8243; _module_preset=&#8220;default&#8220; toggle_font=&#8220;Inter||||||||&#8220; global_colors_info=&#8220;{}&#8220;][et_pb_accordion_item title=&#8220;Bei akuten Infektionen bitten wir Sie beim Betreten der Praxis einen Mundschutz zu tragen.&#8220; open=&#8220;on&#8220; _builder_version=&#8220;4.27.4&#8243; _module_preset=&#8220;default&#8220; background_color=&#8220;rgba(219,219,219,0.91)&#8220; background_enable_color=&#8220;on&#8220; global_colors_info=&#8220;{}&#8220;][\/et_pb_accordion_item][\/et_pb_accordion][et_pb_text _builder_version=&#8220;4.27.4&#8243; _module_preset=&#8220;07196847-8a72-4b5b-91d5-ffc0e2de8b00&#8243; text_font=&#8220;Inter||||||||&#8220; text_text_color=&#8220;gcid-2490e176-5733-4f77-b033-d0b72133e372&#8243; text_font_size=&#8220;16px&#8220; header_4_font=&#8220;Inter||||||||&#8220; header_4_font_size=&#8220;17px&#8220; header_5_font=&#8220;Encode Sans||||||||&#8220; header_5_text_color=&#8220;gcid-4738aa1c-48f2-47b7-8df0-15a77c067e0f&#8220; header_5_font_size=&#8220;25px&#8220; max_width=&#8220;1440px&#8220; custom_margin=&#8220;30px||||false|false&#8220; animation_style=&#8220;fade&#8220; global_colors_info=&#8220;{%22gcid-2490e176-5733-4f77-b033-d0b72133e372%22:%91%22text_text_color%22%93,%22gcid-4738aa1c-48f2-47b7-8df0-15a77c067e0f%22:%91%22header_5_text_color%22%93}&#8220;]<\/p>\n<h5><span>Allgemeines<\/span><\/h5>\n<ul>\n<li>Haus\u00e4rztliche Sprechstunde<\/li>\n<li>Hausbesuche<\/li>\n<li>Teilnahme an Disease-Management-Programmen f\u00fcr chronische Erkrankungen (DMP) wie Diabetes, koronare Herzkrankheit (KHK) und Lungenerkrankung (COPD)<\/li>\n<li>Gesundheitsuntersuchung (Checkup) f\u00fcr M\/F\/D<\/li>\n<\/ul>\n<p>[\/et_pb_text][et_pb_toggle title=&#8220;Mehr&#8230;&#8220; open_toggle_text_color=&#8220;RGBA(255,255,255,0)&#8220; open_toggle_background_color=&#8220;#FFFFFF&#8220; closed_toggle_text_color=&#8220;gcid-4738aa1c-48f2-47b7-8df0-15a77c067e0f&#8220; closed_toggle_background_color=&#8220;#FFFFFF&#8220; icon_color=&#8220;gcid-4738aa1c-48f2-47b7-8df0-15a77c067e0f&#8220; toggle_icon=&#8220;&#x33;||divi||400&#8243; open_icon_color=&#8220;gcid-4738aa1c-48f2-47b7-8df0-15a77c067e0f&#8220; open_toggle_icon=&#8220;&#x32;||divi||400&#8243; _builder_version=&#8220;4.27.4&#8243; _module_preset=&#8220;default&#8220; title_text_color=&#8220;gcid-4738aa1c-48f2-47b7-8df0-15a77c067e0f&#8220; title_font=&#8220;Inter|500|||||||&#8220; title_font_size=&#8220;16px&#8220; body_font=&#8220;Inter||||||||&#8220; body_text_color=&#8220;#666666&#8243; body_font_size=&#8220;16px&#8220; custom_padding=&#8220;0px|0px|0px|0px|false|false&#8220; border_radii=&#8220;on|NaNpx|NaNpx|NaNpx|NaNpx&#8220; border_color_all=&#8220;RGBA(255,255,255,0)&#8220; global_colors_info=&#8220;{%22gcid-4738aa1c-48f2-47b7-8df0-15a77c067e0f%22:%91%22icon_color%22,%22open_icon_color%22,%22title_text_color%22,%22closed_toggle_text_color%22%93}&#8220;]<\/p>\n<ul>\n<li>Krebsvorsorgeuntersuchung f\u00fcr M\u00e4nner ab dem 45. Lebensjahr<\/li>\n<li>Hautkrebsscreening<\/li>\n<li>Jugendvorsorgeuntersuchung (J1) 12.-14. Lebensjahr<\/li>\n<li>Jugendschutzuntersuchungen<\/li>\n<li>Impfungen\/ Reisemedizinische Beratung<\/li>\n<li>F\u00fchrerscheinuntersuchung<\/li>\n<li>Gesundheitsatteste (f\u00fcr Praktika, Schule\/Beruf und Sportaktivit\u00e4ten)<\/li>\n<li>Antr\u00e4ge zur Durchf\u00fchrung von Rehabilitationsma\u00dfnamen \/ Mutter-\/Vater-Kind Kuren<\/li>\n<li>Akupunktur \/ Aku-Taping \/ auf Nachfrage<\/li>\n<li>Beratung bei Verfassung einer Patientenverf\u00fcgung<\/li>\n<\/ul>\n<p>[\/et_pb_toggle][\/et_pb_column][\/et_pb_row][et_pb_row column_structure=&#8220;1_2,1_2&#8243; use_custom_gutter=&#8220;on&#8220; gutter_width=&#8220;1&#8243; disabled_on=&#8220;off|off|on&#8220; _builder_version=&#8220;4.27.4&#8243; _module_preset=&#8220;default&#8220; background_color=&#8220;RGBA(255,255,255,0)&#8220; background_enable_image=&#8220;off&#8220; width=&#8220;100%&#8220; max_width=&#8220;100%&#8220; custom_padding=&#8220;0px||0px||false|false&#8220; border_width_all=&#8220;0px&#8220; border_width_top=&#8220;5px&#8220; border_color_top=&#8220;#cb081c&#8220; global_colors_info=&#8220;{}&#8220;][et_pb_column type=&#8220;1_2&#8243; _builder_version=&#8220;4.27.4&#8243; _module_preset=&#8220;default&#8220; background_enable_color=&#8220;off&#8220; background_enable_image=&#8220;off&#8220; animation_style=&#8220;slide&#8220; animation_direction=&#8220;right&#8220; global_colors_info=&#8220;{}&#8220;][et_pb_image src=&#8220;https:\/\/starke-kevelaer.de\/wp-content\/uploads\/2025\/05\/IMG_0630-scaled.jpg&#8220; title_text=&#8220;IMG_0630&#8243; _builder_version=&#8220;4.27.4&#8243; _module_preset=&#8220;default&#8220; background_enable_image=&#8220;off&#8220; height_tablet=&#8220;&#8220; height_phone=&#8220;&#8220; height_last_edited=&#8220;on|tablet&#8220; custom_padding=&#8220;0px|0px|0px|0px|false|false&#8220; global_colors_info=&#8220;{}&#8220;][\/et_pb_image][\/et_pb_column][et_pb_column type=&#8220;1_2&#8243; _builder_version=&#8220;4.27.4&#8243; _module_preset=&#8220;default&#8220; custom_padding=&#8220;8%|12%|8%|12%|true|true&#8220; custom_padding_tablet=&#8220;8%|12%|8%|12%|true|true&#8220; custom_padding_phone=&#8220;|10%||10%|false|false&#8220; custom_padding_last_edited=&#8220;on|desktop&#8220; global_colors_info=&#8220;{}&#8220;][et_pb_text _builder_version=&#8220;4.27.4&#8243; _module_preset=&#8220;140c2fcb-f591-4cfb-a54e-fa2ad4925bc2&#8243; header_font=&#8220;Encode Sans Condensed||||||||&#8220; header_2_font=&#8220;Encode Sans|700||on|||||&#8220; header_2_font_size=&#8220;52px&#8220; text_orientation=&#8220;center&#8220; custom_margin=&#8220;||21px|||&#8220; header_2_font_size_tablet=&#8220;52px&#8220; header_2_font_size_phone=&#8220;48px&#8220; header_2_font_size_last_edited=&#8220;on|desktop&#8220; custom_css_free_form=&#8220;@media (max-width: 767px) {||  .no-break {||    white-space: nowrap;||  }||}||&#8220; global_colors_info=&#8220;{}&#8220;]<\/p>\n<h2 style=\"text-align: left;\">Unsere <span class=\"no-break\">Leistungen<\/span><\/h2>\n<p>[\/et_pb_text][et_pb_accordion _builder_version=&#8220;4.27.4&#8243; _module_preset=&#8220;default&#8220; toggle_font=&#8220;Inter||||||||&#8220; toggle_line_height_tablet=&#8220;&#8220; toggle_line_height_phone=&#8220;1.15em&#8220; toggle_line_height_last_edited=&#8220;on|phone&#8220; global_colors_info=&#8220;{}&#8220;][et_pb_accordion_item title=&#8220;Bei akuten Infektionen bitten wir Sie beim Betreten der Praxis einen Mundschutz zu tragen.&#8220; open=&#8220;on&#8220; _builder_version=&#8220;4.27.4&#8243; _module_preset=&#8220;default&#8220; background_color=&#8220;rgba(219,219,219,0.91)&#8220; background_enable_color=&#8220;on&#8220; global_colors_info=&#8220;{}&#8220;][\/et_pb_accordion_item][\/et_pb_accordion][et_pb_text _builder_version=&#8220;4.27.4&#8243; _module_preset=&#8220;07196847-8a72-4b5b-91d5-ffc0e2de8b00&#8243; text_font=&#8220;Inter||||||||&#8220; text_text_color=&#8220;gcid-2490e176-5733-4f77-b033-d0b72133e372&#8243; text_font_size=&#8220;16px&#8220; header_4_font=&#8220;Inter||||||||&#8220; header_4_font_size=&#8220;17px&#8220; header_5_font=&#8220;Encode Sans||||||||&#8220; header_5_text_color=&#8220;gcid-4738aa1c-48f2-47b7-8df0-15a77c067e0f&#8220; header_5_font_size=&#8220;25px&#8220; max_width=&#8220;1440px&#8220; custom_margin=&#8220;30px||||false|false&#8220; animation_style=&#8220;fade&#8220; global_colors_info=&#8220;{%22gcid-2490e176-5733-4f77-b033-d0b72133e372%22:%91%22text_text_color%22%93,%22gcid-4738aa1c-48f2-47b7-8df0-15a77c067e0f%22:%91%22header_5_text_color%22%93}&#8220;]<\/p>\n<h5><span>Allgemeines<\/span><\/h5>\n<ul>\n<li>Haus\u00e4rztliche Sprechstunde<\/li>\n<li>Hausbesuche<\/li>\n<li>Teilnahme an Disease-Management-Programmen f\u00fcr chronische Erkrankungen (DMP) wie Diabetes, koronare Herzkrankheit (KHK)<\/li>\n<li>Gesundheitsuntersuchung (Checkup) f\u00fcr M\/F\/D<\/li>\n<\/ul>\n<p>[\/et_pb_text][et_pb_toggle title=&#8220;Mehr&#8230;&#8220; open_toggle_text_color=&#8220;RGBA(255,255,255,0)&#8220; open_toggle_background_color=&#8220;#FFFFFF&#8220; closed_toggle_text_color=&#8220;gcid-4738aa1c-48f2-47b7-8df0-15a77c067e0f&#8220; closed_toggle_background_color=&#8220;#FFFFFF&#8220; icon_color=&#8220;gcid-4738aa1c-48f2-47b7-8df0-15a77c067e0f&#8220; toggle_icon=&#8220;&#x33;||divi||400&#8243; open_icon_color=&#8220;gcid-4738aa1c-48f2-47b7-8df0-15a77c067e0f&#8220; open_toggle_icon=&#8220;&#x32;||divi||400&#8243; _builder_version=&#8220;4.27.4&#8243; _module_preset=&#8220;default&#8220; title_text_color=&#8220;gcid-4738aa1c-48f2-47b7-8df0-15a77c067e0f&#8220; title_font=&#8220;Inter|500|||||||&#8220; title_font_size=&#8220;16px&#8220; body_font=&#8220;Inter||||||||&#8220; body_text_color=&#8220;#666666&#8243; body_font_size=&#8220;16px&#8220; custom_padding=&#8220;0px|0px|0px|0px|false|false&#8220; border_radii=&#8220;on|NaNpx|NaNpx|NaNpx|NaNpx&#8220; border_color_all=&#8220;RGBA(255,255,255,0)&#8220; global_colors_info=&#8220;{%22gcid-4738aa1c-48f2-47b7-8df0-15a77c067e0f%22:%91%22icon_color%22,%22open_icon_color%22,%22title_text_color%22,%22closed_toggle_text_color%22%93}&#8220;]<\/p>\n<ul>\n<li>Krebsvorsorgeuntersuchung f\u00fcr M\u00e4nner ab dem 45. Lebensjahr<\/li>\n<li>Hautkrebsscreening<\/li>\n<li>Jugendvorsorgeuntersuchung (J1) 12.-14. Lebensjahr<\/li>\n<li>Jugendschutzuntersuchungen<\/li>\n<li>Impfungen\/ Reisemedizinische Beratung<\/li>\n<li>F\u00fchrerscheinuntersuchung<\/li>\n<li>Gesundheitsatteste (f\u00fcr Praktika, Schule\/Beruf und Sportaktivit\u00e4ten)<\/li>\n<li>Antr\u00e4ge zur Durchf\u00fchrung von Rehabilitationsma\u00dfnamen \/ Mutter-\/Vater-Kind Kuren<\/li>\n<li>Akupunktur \/ Aku-Taping \/ auf Nachfrage<\/li>\n<li>Beratung bei Verfassung einer Patientenverf\u00fcgung<\/li>\n<\/ul>\n<p>[\/et_pb_toggle][\/et_pb_column][\/et_pb_row][\/et_pb_section][et_pb_section fb_built=&#8220;1&#8243; _builder_version=&#8220;4.25.0&#8243; _module_preset=&#8220;default&#8220; background_color=&#8220;RGBA(255,255,255,0)&#8220; custom_padding=&#8220;0px|0px|0px|0px|false|false&#8220; global_colors_info=&#8220;{}&#8220;][et_pb_row column_structure=&#8220;1_2,1_2&#8243; use_custom_gutter=&#8220;on&#8220; gutter_width=&#8220;1&#8243; disabled_on=&#8220;on|on|off&#8220; _builder_version=&#8220;4.27.4&#8243; _module_preset=&#8220;default&#8220; background_color=&#8220;RGBA(255,255,255,0)&#8220; background_enable_image=&#8220;off&#8220; width=&#8220;100%&#8220; max_width=&#8220;100%&#8220; custom_padding=&#8220;0px||0px||false|false&#8220; animation_style=&#8220;fade&#8220; global_colors_info=&#8220;{}&#8220;][et_pb_column type=&#8220;1_2&#8243; _builder_version=&#8220;4.25.0&#8243; _module_preset=&#8220;default&#8220; custom_padding=&#8220;4%|120px||170px|false|false&#8220; global_colors_info=&#8220;{}&#8220;][et_pb_text _builder_version=&#8220;4.27.4&#8243; _module_preset=&#8220;140c2fcb-f591-4cfb-a54e-fa2ad4925bc2&#8243; header_font=&#8220;Encode Sans Condensed||||||||&#8220; header_2_font=&#8220;Encode Sans|700||on|||||&#8220; header_2_font_size=&#8220;52px&#8220; text_orientation=&#8220;center&#8220; header_2_font_size_tablet=&#8220;52px&#8220; header_2_font_size_phone=&#8220;52px&#8220; header_2_font_size_last_edited=&#8220;on|desktop&#8220; global_colors_info=&#8220;{}&#8220;]<\/p>\n<h2 style=\"text-align: left;\">Unsere leistungen<\/h2>\n<p>[\/et_pb_text][et_pb_text _builder_version=&#8220;4.25.0&#8243; _module_preset=&#8220;07196847-8a72-4b5b-91d5-ffc0e2de8b00&#8243; text_font=&#8220;Inter||||||||&#8220; text_text_color=&#8220;gcid-2490e176-5733-4f77-b033-d0b72133e372&#8243; text_font_size=&#8220;16px&#8220; header_4_font=&#8220;Inter||||||||&#8220; header_4_text_color=&#8220;gcid-4738aa1c-48f2-47b7-8df0-15a77c067e0f&#8220; header_5_font=&#8220;Encode Sans||||||||&#8220; header_5_text_color=&#8220;gcid-4738aa1c-48f2-47b7-8df0-15a77c067e0f&#8220; header_5_font_size=&#8220;25px&#8220; max_width=&#8220;1440px&#8220; custom_margin=&#8220;30px||||false|false&#8220; animation_style=&#8220;fade&#8220; global_colors_info=&#8220;{%22gcid-2490e176-5733-4f77-b033-d0b72133e372%22:%91%22text_text_color%22%93,%22gcid-4738aa1c-48f2-47b7-8df0-15a77c067e0f%22:%91%22header_4_text_color%22,%22header_5_text_color%22%93}&#8220;]<\/p>\n<h5>Technische Leistung<\/h5>\n<ul>\n<li>Labormedizinische Untersuchungen, Urinuntersuchung<\/li>\n<li>Ultraschalluntersuchung von Bauch und Schilddr\u00fcse<\/li>\n<li>EKG<\/li>\n<li>Belastungs-EKG<\/li>\n<li>Langzeitblutdruckmessung<\/li>\n<li>Lungenfunktionstest<\/li>\n<\/ul>\n<p>[\/et_pb_text][\/et_pb_column][et_pb_column type=&#8220;1_2&#8243; _builder_version=&#8220;4.27.4&#8243; _module_preset=&#8220;default&#8220; background_enable_color=&#8220;off&#8220; background_image=&#8220;https:\/\/starke-kevelaer.de\/wp-content\/uploads\/2025\/05\/IMG_0606-scaled.jpg&#8220; custom_padding=&#8220;14%||14%||true|false&#8220; animation_style=&#8220;slide&#8220; animation_direction=&#8220;right&#8220; global_colors_info=&#8220;{}&#8220;][\/et_pb_column][\/et_pb_row][et_pb_row column_structure=&#8220;1_2,1_2&#8243; use_custom_gutter=&#8220;on&#8220; gutter_width=&#8220;1&#8243; disabled_on=&#8220;off|off|on&#8220; _builder_version=&#8220;4.27.4&#8243; _module_preset=&#8220;default&#8220; background_color=&#8220;RGBA(255,255,255,0)&#8220; background_enable_image=&#8220;off&#8220; width=&#8220;100%&#8220; max_width=&#8220;100%&#8220; custom_padding=&#8220;0px||0px||false|false&#8220; border_width_all=&#8220;0px&#8220; border_width_top=&#8220;5px&#8220; border_color_top=&#8220;#cb081c&#8220; global_colors_info=&#8220;{}&#8220;][et_pb_column type=&#8220;1_2&#8243; _builder_version=&#8220;4.27.4&#8243; _module_preset=&#8220;default&#8220; background_enable_color=&#8220;off&#8220; background_enable_image=&#8220;off&#8220; animation_style=&#8220;slide&#8220; animation_direction=&#8220;right&#8220; global_colors_info=&#8220;{}&#8220;][et_pb_image src=&#8220;https:\/\/starke-kevelaer.de\/wp-content\/uploads\/2025\/05\/IMG_0606-scaled.jpg&#8220; title_text=&#8220;IMG_0606&#8243; _builder_version=&#8220;4.27.4&#8243; _module_preset=&#8220;default&#8220; background_enable_image=&#8220;off&#8220; height_tablet=&#8220;&#8220; height_phone=&#8220;&#8220; height_last_edited=&#8220;on|tablet&#8220; custom_padding=&#8220;0px|0px|0px|0px|false|false&#8220; global_colors_info=&#8220;{}&#8220;][\/et_pb_image][\/et_pb_column][et_pb_column type=&#8220;1_2&#8243; _builder_version=&#8220;4.27.4&#8243; _module_preset=&#8220;default&#8220; custom_padding=&#8220;8%|12%|8%|12%|true|true&#8220; custom_padding_tablet=&#8220;8%|12%|8%|12%|true|true&#8220; custom_padding_phone=&#8220;|10%||10%|false|true&#8220; custom_padding_last_edited=&#8220;on|desktop&#8220; global_colors_info=&#8220;{}&#8220;][et_pb_text _builder_version=&#8220;4.27.4&#8243; _module_preset=&#8220;140c2fcb-f591-4cfb-a54e-fa2ad4925bc2&#8243; header_font=&#8220;Encode Sans Condensed||||||||&#8220; header_2_font=&#8220;Encode Sans|700||on|||||&#8220; header_2_font_size=&#8220;52px&#8220; text_orientation=&#8220;center&#8220; custom_margin=&#8220;||21px|||&#8220; header_2_font_size_tablet=&#8220;52px&#8220; header_2_font_size_phone=&#8220;48px&#8220; header_2_font_size_last_edited=&#8220;on|desktop&#8220; custom_css_free_form=&#8220;@media (max-width: 767px) {||  .no-break {||    white-space: nowrap;||  }||}||&#8220; global_colors_info=&#8220;{}&#8220;]<\/p>\n<h2 style=\"text-align: left;\">Unsere <span class=\"no-break\">Leistungen<\/span><\/h2>\n<p>[\/et_pb_text][et_pb_text _builder_version=&#8220;4.25.0&#8243; _module_preset=&#8220;07196847-8a72-4b5b-91d5-ffc0e2de8b00&#8243; text_font=&#8220;Inter||||||||&#8220; text_text_color=&#8220;gcid-2490e176-5733-4f77-b033-d0b72133e372&#8243; text_font_size=&#8220;16px&#8220; header_4_font=&#8220;Inter||||||||&#8220; header_4_text_color=&#8220;gcid-4738aa1c-48f2-47b7-8df0-15a77c067e0f&#8220; header_5_font=&#8220;Encode Sans||||||||&#8220; header_5_text_color=&#8220;gcid-4738aa1c-48f2-47b7-8df0-15a77c067e0f&#8220; header_5_font_size=&#8220;25px&#8220; max_width=&#8220;1440px&#8220; custom_margin=&#8220;30px||||false|false&#8220; animation_style=&#8220;fade&#8220; global_colors_info=&#8220;{%22gcid-2490e176-5733-4f77-b033-d0b72133e372%22:%91%22text_text_color%22%93,%22gcid-4738aa1c-48f2-47b7-8df0-15a77c067e0f%22:%91%22header_4_text_color%22,%22header_5_text_color%22%93}&#8220;]<\/p>\n<h5>Technische Leistung<\/h5>\n<ul>\n<li>Labormedizinische Untersuchungen, Urinuntersuchung<\/li>\n<li>Ultraschalluntersuchung von Bauch und Schilddr\u00fcse<\/li>\n<li>EKG<\/li>\n<li>Belastungs-EKG<\/li>\n<li>Langzeitblutdruckmessung<\/li>\n<li>Lungenfunktionstest<\/li>\n<\/ul>\n<p>[\/et_pb_text][\/et_pb_column][\/et_pb_row][\/et_pb_section][et_pb_section fb_built=&#8220;1&#8243; fullwidth=&#8220;on&#8220; _builder_version=&#8220;4.25.0&#8243; _module_preset=&#8220;default&#8220; global_colors_info=&#8220;{}&#8220;][et_pb_fullwidth_slider _builder_version=&#8220;4.27.4&#8243; _module_preset=&#8220;default&#8220; global_colors_info=&#8220;{}&#8220;][et_pb_slide _builder_version=&#8220;4.27.4&#8243; _module_preset=&#8220;default&#8220; background_enable_color=&#8220;off&#8220; background_image=&#8220;https:\/\/starke-kevelaer.de\/wp-content\/uploads\/2025\/05\/IMG_0633-scaled.jpg&#8220; background_enable_image=&#8220;on&#8220; parallax=&#8220;on&#8220; global_colors_info=&#8220;{}&#8220; sticky_transition=&#8220;on&#8220;][\/et_pb_slide][\/et_pb_fullwidth_slider][\/et_pb_section][et_pb_section fb_built=&#8220;1&#8243; _builder_version=&#8220;4.25.0&#8243; _module_preset=&#8220;default&#8220; background_color=&#8220;gcid-primary-color&#8220; custom_margin=&#8220;0px||0px||true|false&#8220; custom_padding=&#8220;0px||0px||true|false&#8220; global_colors_info=&#8220;{%22gcid-primary-color%22:%91%22background_color%22%93}&#8220;][et_pb_row _builder_version=&#8220;4.25.0&#8243; _module_preset=&#8220;default&#8220; global_colors_info=&#8220;{}&#8220;][et_pb_column type=&#8220;4_4&#8243; _builder_version=&#8220;4.25.0&#8243; _module_preset=&#8220;default&#8220; global_colors_info=&#8220;{}&#8220;][et_pb_text _builder_version=&#8220;4.27.4&#8243; _module_preset=&#8220;140c2fcb-f591-4cfb-a54e-fa2ad4925bc2&#8243; header_font=&#8220;Encode Sans Condensed||||||||&#8220; header_2_font=&#8220;Encode Sans|700||on|||||&#8220; header_2_text_color=&#8220;#FFFFFF&#8220; header_2_font_size=&#8220;52px&#8220; text_orientation=&#8220;center&#8220; custom_margin=&#8220;||1px||false|false&#8220; custom_padding=&#8220;|0px||0px|false|false&#8220; header_2_font_size_tablet=&#8220;52px&#8220; header_2_font_size_phone=&#8220;48px&#8220; header_2_font_size_last_edited=&#8220;on|desktop&#8220; global_colors_info=&#8220;{}&#8220;]<\/p>\n<h2>Wir suchen dich!<\/h2>\n<p>[\/et_pb_text][et_pb_button button_url=&#8220;https:\/\/starke-kevelaer.de\/index.php\/karriere\/&#8220; button_text=&#8220;Jetzt bewerben!&#8220; button_alignment=&#8220;center&#8220; _builder_version=&#8220;4.27.4&#8243; _module_preset=&#8220;335deaf1-2dea-4e0a-aaef-d9efd593f6ae&#8220; custom_button=&#8220;on&#8220; button_text_size=&#8220;17px&#8220; button_text_color=&#8220;gcid-primary-color&#8220; button_bg_color=&#8220;#FFFFFF&#8220; button_font=&#8220;Encode Sans Condensed|700|||||||&#8220; button_icon=&#8220;&#x35;||divi||400&#8243; custom_padding=&#8220;15px|24px|15px|24px|true|true&#8220; global_colors_info=&#8220;{%22gcid-733038a9-0d80-4626-96d7-590d6614479b%22:%91%22button_bg_color__hover%22%93,%22gcid-primary-color%22:%91%22button_text_color%22%93}&#8220; button_bg_color__hover_enabled=&#8220;on|hover&#8220; button_bg_color__hover=&#8220;#f39300&#8243; button_bg_enable_color__hover=&#8220;on&#8220;][\/et_pb_button][\/et_pb_column][\/et_pb_row][\/et_pb_section][et_pb_section fb_built=&#8220;1&#8243; admin_label=&#8220;Projects&#8220; module_id=&#8220;aktuelles&#8220; _builder_version=&#8220;4.25.0&#8243; _module_preset=&#8220;default&#8220; background_enable_color=&#8220;off&#8220; border_radii=&#8220;off|3vw|3vw||&#8220; collapsed=&#8220;on&#8220; global_colors_info=&#8220;{%22gcid-a93f2103-1d8b-43bb-b21d-81d84bba8b15%22:%91%22background_color%22%93}&#8220;][et_pb_row _builder_version=&#8220;4.22.0&#8243; _module_preset=&#8220;default&#8220; global_colors_info=&#8220;{}&#8220;][et_pb_column type=&#8220;4_4&#8243; _builder_version=&#8220;4.22.0&#8243; _module_preset=&#8220;default&#8220; global_colors_info=&#8220;{}&#8220;][et_pb_text _builder_version=&#8220;4.27.4&#8243; _module_preset=&#8220;140c2fcb-f591-4cfb-a54e-fa2ad4925bc2&#8243; header_font=&#8220;Encode Sans Condensed||||||||&#8220; header_2_font=&#8220;Encode Sans|700||on|||||&#8220; header_2_font_size=&#8220;52px&#8220; text_orientation=&#8220;center&#8220; header_2_font_size_tablet=&#8220;52px&#8220; header_2_font_size_phone=&#8220;48px&#8220; header_2_font_size_last_edited=&#8220;on|desktop&#8220; global_colors_info=&#8220;{}&#8220;]<\/p>\n<h2>Aktuelles<\/h2>\n<p>[\/et_pb_text][\/et_pb_column][\/et_pb_row][et_pb_row column_structure=&#8220;1_3,1_3,1_3&#8243; _builder_version=&#8220;4.27.4&#8243; _module_preset=&#8220;default&#8220; global_colors_info=&#8220;{}&#8220;][et_pb_column type=&#8220;1_3&#8243; _builder_version=&#8220;4.25.0&#8243; _module_preset=&#8220;default&#8220; global_colors_info=&#8220;{}&#8220;][et_pb_image src=&#8220;https:\/\/starke-kevelaer.de\/wp-content\/uploads\/2025\/05\/telefon-scaled.jpg&#8220; title_text=&#8220;telefon&#8220; _builder_version=&#8220;4.27.4&#8243; _module_preset=&#8220;default&#8220; max_width=&#8220;50%&#8220; module_alignment=&#8220;center&#8220; animation_style=&#8220;slide&#8220; scroll_horizontal_motion=&#8220;0|47|47|100|0.3|0|0&#8243; motion_trigger_start=&#8220;top&#8220; border_radii=&#8220;on|324px|324px|324px|324px&#8220; global_colors_info=&#8220;{}&#8220; filter_brightness__hover_enabled=&#8220;on|desktop&#8220; filter_brightness__hover=&#8220;85%&#8220; transform_styles__hover_enabled=&#8220;on|hover&#8220; transform_scale__hover_enabled=&#8220;on|hover&#8220; transform_translate__hover_enabled=&#8220;on|desktop&#8220; transform_rotate__hover_enabled=&#8220;on|desktop&#8220; transform_skew__hover_enabled=&#8220;on|desktop&#8220; transform_origin__hover_enabled=&#8220;on|desktop&#8220;][\/et_pb_image][et_pb_text _builder_version=&#8220;4.25.0&#8243; _module_preset=&#8220;bb7d5e87-2292-43de-b648-6a7f5c5b32eb&#8220; header_3_font=&#8220;Encode Sans|700|||||||&#8220; header_3_font_size=&#8220;25px&#8220; text_orientation=&#8220;center&#8220; custom_margin=&#8220;||10px||false|false&#8220; global_colors_info=&#8220;{}&#8220;]<\/p>\n<h3>NEU: KI gesteuertes Telefon<\/h3>\n<p>[\/et_pb_text][et_pb_text _builder_version=&#8220;4.25.0&#8243; _module_preset=&#8220;default&#8220; global_colors_info=&#8220;{}&#8220;]<\/p>\n<h3 data-start=\"169\" data-end=\"234\" class=\"\"><strong data-start=\"173\" data-end=\"234\">Aaron<\/strong><\/h3>\n<p>Noch besser erreichbar \u2013 dank digitaler Telefonassistenz<\/p>\n<p>Um Ihre Anliegen auch bei hohem Patientenaufkommen zuverl\u00e4ssig aufnehmen zu k\u00f6nnen, haben wir unser Team um eine digitale Telefonassistenz erweitert.<\/p>\n<p>[\/et_pb_text][et_pb_toggle title=&#8220;Mehr&#8230;&#8220; open_toggle_text_color=&#8220;RGBA(255,255,255,0)&#8220; open_toggle_background_color=&#8220;#FFFFFF&#8220; closed_toggle_text_color=&#8220;gcid-4738aa1c-48f2-47b7-8df0-15a77c067e0f&#8220; closed_toggle_background_color=&#8220;#FFFFFF&#8220; icon_color=&#8220;gcid-4738aa1c-48f2-47b7-8df0-15a77c067e0f&#8220; toggle_icon=&#8220;&#x33;||divi||400&#8243; open_icon_color=&#8220;gcid-4738aa1c-48f2-47b7-8df0-15a77c067e0f&#8220; open_toggle_icon=&#8220;&#x32;||divi||400&#8243; _builder_version=&#8220;4.25.0&#8243; _module_preset=&#8220;default&#8220; title_text_color=&#8220;gcid-4738aa1c-48f2-47b7-8df0-15a77c067e0f&#8220; title_font=&#8220;Inter|500|||||||&#8220; title_font_size=&#8220;16px&#8220; body_font=&#8220;Inter||||||||&#8220; body_text_color=&#8220;#666666&#8243; body_font_size=&#8220;16px&#8220; custom_padding=&#8220;0px|0px|0px|0px|false|false&#8220; border_radii=&#8220;on|NaNpx|NaNpx|NaNpx|NaNpx&#8220; border_color_all=&#8220;RGBA(255,255,255,0)&#8220; global_colors_info=&#8220;{%22gcid-4738aa1c-48f2-47b7-8df0-15a77c067e0f%22:%91%22icon_color%22,%22open_icon_color%22,%22title_text_color%22,%22closed_toggle_text_color%22%93}&#8220;]<\/p>\n<p>Diese L\u00f6sung kommt w\u00e4hrend der Sprechzeiten zum Einsatz \u2013 immer dann, wenn unser Team gerade mit der Betreuung von Patientinnen und Patienten besch\u00e4ftigt ist. Sie ersetzt kein pers\u00f6nliches Gespr\u00e4ch, sondern unterst\u00fctzt uns dabei, Ihre Anliegen effizient und strukturiert aufzunehmen.<\/p>\n<p>Im Unterschied zu einem klassischen Anrufbeantworter startet die digitale Assistenz einen interaktiven Dialog, bei dem Sie z.\u202fB.:<\/p>\n<p>\u2022 Terminw\u00fcnsche<br \/>\u2022 Terminabsagen<br \/>\u2022 Anfragen zu Wiederholungsrezepten<\/p>\n<p>direkt per Sprache mitteilen k\u00f6nnen. Die KI nimmt Ihre Angaben zu Name, Geburtsdatum, Krankenversicherung und Anliegen auf, verschriftlicht sie automatisch und bereitet sie f\u00fcr unser Team \u00fcbersichtlich auf. So k\u00f6nnen wir schnell reagieren \u2013 etwa durch einen gezielten R\u00fcckruf.<\/p>\n<p>Dank dieser modernen Technologie entsteht kein unn\u00f6tiges Warten, kein Besetztzeichen oder mehrfaches Durchklingeln. Sie erreichen uns jederzeit zuverl\u00e4ssig \u2013 selbst bei hohem Anrufaufkommen.<\/p>\n<p>Unser Ziel: Ein verbesserter Service f\u00fcr unsere Patientinnen und Patienten und eine sp\u00fcrbare Entlastung unseres Teams, damit wir uns noch besser um Ihre medizinische Versorgung k\u00fcmmern k\u00f6nnen.<\/p>\n<p>Bitte beachten Sie: Nur wenn alle ben\u00f6tigten Daten genannt werden, k\u00f6nnen wir Ihr Anliegen gezielt beantworten.<\/p>\n<p>[\/et_pb_toggle][\/et_pb_column][et_pb_column type=&#8220;1_3&#8243; _builder_version=&#8220;4.22.0&#8243; _module_preset=&#8220;default&#8220; global_colors_info=&#8220;{}&#8220;][et_pb_image src=&#8220;https:\/\/starke-kevelaer.de\/wp-content\/uploads\/2025\/06\/urlaub-1-scaled.jpg&#8220; title_text=&#8220;urlaub&#8220; _builder_version=&#8220;4.27.4&#8243; _module_preset=&#8220;default&#8220; max_width=&#8220;50%&#8220; module_alignment=&#8220;center&#8220; animation_style=&#8220;slide&#8220; scroll_horizontal_motion=&#8220;0|47|47|100|0.3|0|0&#8243; motion_trigger_start=&#8220;top&#8220; border_radii=&#8220;on|324px|324px|324px|324px&#8220; global_colors_info=&#8220;{}&#8220; filter_brightness__hover_enabled=&#8220;on|desktop&#8220; filter_brightness__hover=&#8220;85%&#8220; transform_styles__hover_enabled=&#8220;on|hover&#8220; transform_scale__hover_enabled=&#8220;on|hover&#8220; transform_translate__hover_enabled=&#8220;on|desktop&#8220; transform_rotate__hover_enabled=&#8220;on|desktop&#8220; transform_skew__hover_enabled=&#8220;on|desktop&#8220; transform_origin__hover_enabled=&#8220;on|desktop&#8220;][\/et_pb_image][et_pb_text _builder_version=&#8220;4.27.4&#8243; _module_preset=&#8220;bb7d5e87-2292-43de-b648-6a7f5c5b32eb&#8220; header_3_font=&#8220;Encode Sans|700|||||||&#8220; header_3_font_size=&#8220;25px&#8220; text_orientation=&#8220;center&#8220; custom_margin=&#8220;||10px||false|false&#8220; global_colors_info=&#8220;{}&#8220;]<\/p>\n<h3>Praxisurlaub<\/h3>\n<p>[\/et_pb_text][et_pb_text _builder_version=&#8220;4.27.4&#8243; _module_preset=&#8220;default&#8220; hover_enabled=&#8220;0&#8243; global_colors_info=&#8220;{}&#8220; sticky_enabled=&#8220;0&#8243;]<\/p>\n<h3 data-start=\"169\" data-end=\"234\" class=\"\"><strong data-start=\"173\" data-end=\"234\">Liebe Patienten,<\/strong><\/h3>\n<p data-start=\"236\" data-end=\"301\" class=\"\">Unsere Praxis bleibt <strong data-start=\"272\" data-end=\"300\">am 24.04.2026 geschlossen<\/strong>.<\/p>\n<p data-start=\"303\" data-end=\"384\" class=\"\">Die <strong data-start=\"307\" data-end=\"356\">Vertretung w\u00e4hrend der regul\u00e4ren Sprechzeiten, <span style=\"text-decoration: underline;\">nach telefonischer R\u00fccksprache<\/span>,<\/strong>\u00a0\u00fcbernehmen folgende Praxen:<\/p>\n<p>[\/et_pb_text][et_pb_toggle title=&#8220;Mehr&#8230;&#8220; open_toggle_text_color=&#8220;RGBA(255,255,255,0)&#8220; open_toggle_background_color=&#8220;#FFFFFF&#8220; closed_toggle_text_color=&#8220;gcid-4738aa1c-48f2-47b7-8df0-15a77c067e0f&#8220; closed_toggle_background_color=&#8220;#FFFFFF&#8220; icon_color=&#8220;gcid-4738aa1c-48f2-47b7-8df0-15a77c067e0f&#8220; toggle_icon=&#8220;&#x33;||divi||400&#8243; open_icon_color=&#8220;gcid-4738aa1c-48f2-47b7-8df0-15a77c067e0f&#8220; open_toggle_icon=&#8220;&#x32;||divi||400&#8243; _builder_version=&#8220;4.27.4&#8243; _module_preset=&#8220;default&#8220; title_text_color=&#8220;gcid-4738aa1c-48f2-47b7-8df0-15a77c067e0f&#8220; title_font=&#8220;Inter|500|||||||&#8220; title_font_size=&#8220;16px&#8220; body_font=&#8220;Inter||||||||&#8220; body_text_color=&#8220;#666666&#8243; body_font_size=&#8220;16px&#8220; custom_padding=&#8220;0px|0px|0px|0px|false|false&#8220; hover_enabled=&#8220;0&#8243; border_radii=&#8220;on|NaNpx|NaNpx|NaNpx|NaNpx&#8220; border_color_all=&#8220;RGBA(255,255,255,0)&#8220; global_colors_info=&#8220;{%22gcid-4738aa1c-48f2-47b7-8df0-15a77c067e0f%22:%91%22icon_color%22,%22open_icon_color%22,%22title_text_color%22,%22closed_toggle_text_color%22%93}&#8220; sticky_enabled=&#8220;0&#8243;]<\/p>\n<p data-start=\"386\" data-end=\"450\" class=\"\"><strong data-start=\"389\" data-end=\"413\">Praxis Drs. Cleusters-Storb\/Titire<\/strong><br data-start=\"413\" data-end=\"416\" \/>B\u00fcldersweg. 7, 47623 Kevelaer<br data-start=\"430\" data-end=\"433\" \/>\u00a002832\u202f\/\u202f799099<\/p>\n<p data-start=\"386\" data-end=\"450\" class=\"\"><strong data-start=\"389\" data-end=\"413\">Praxis Dr. Horlemann<\/strong><br data-start=\"413\" data-end=\"416\" \/>Gr\u00fcnstr. 25, 47625 Kevelaer<br data-start=\"430\" data-end=\"433\" \/>\u00a002832\u202f\/\u202f976070<\/p>\n<p data-start=\"386\" data-end=\"450\" class=\"\"><strong data-start=\"389\" data-end=\"413\">Dr. Reul<\/strong><br data-start=\"413\" data-end=\"416\" \/>Venloer Stra\u00dfe 71, 47623 Kevelaer<br data-start=\"430\" data-end=\"433\" \/>\u00a002832\u202f\/799683<\/p>\n<p data-start=\"452\" data-end=\"547\" class=\"\"><strong data-start=\"455\" data-end=\"491\">Praxis Dr. Herdemann \/ Lautner<\/strong><br data-start=\"491\" data-end=\"494\" \/>Alte Weezer Str. 17, 47623 Kevelaer<br data-start=\"529\" data-end=\"532\" \/>02832\u202f\/\u202f5462<\/p>\n<p data-start=\"452\" data-end=\"547\" class=\"\"><strong data-start=\"455\" data-end=\"491\">Praxis Neuer Markt<\/strong><br data-start=\"491\" data-end=\"494\" \/>Neuer Markt 10, 47626 Kevelaer-Winnekendonk<br data-start=\"529\" data-end=\"532\" \/>02832\u202f\/\u202f8828<\/p>\n<p data-start=\"997\" data-end=\"1101\" class=\"\"><b>Den Haus\u00e4rztlichen Notdienst erreichen Sie wie immer, au\u00dferhalb der Sprechstundenzeiten, unter der Rufnummer 116117.<\/b><\/p>\n<p data-start=\"1103\" data-end=\"1117\" class=\"\">Ihr Praxisteam<\/p>\n<p>[\/et_pb_toggle][\/et_pb_column][et_pb_column type=&#8220;1_3&#8243; _builder_version=&#8220;4.22.0&#8243; _module_preset=&#8220;default&#8220; global_colors_info=&#8220;{}&#8220;][et_pb_image src=&#8220;https:\/\/starke-kevelaer.de\/wp-content\/uploads\/2025\/05\/impfung-scaled.jpg&#8220; title_text=&#8220;impfung&#8220; _builder_version=&#8220;4.27.4&#8243; _module_preset=&#8220;default&#8220; max_width=&#8220;50%&#8220; module_alignment=&#8220;center&#8220; animation_style=&#8220;slide&#8220; scroll_horizontal_motion=&#8220;0|47|47|100|0.3|0|0&#8243; motion_trigger_start=&#8220;top&#8220; border_radii=&#8220;on|324px|324px|324px|324px&#8220; global_colors_info=&#8220;{}&#8220; filter_brightness__hover_enabled=&#8220;on|desktop&#8220; filter_brightness__hover=&#8220;85%&#8220; transform_styles__hover_enabled=&#8220;on|hover&#8220; transform_scale__hover_enabled=&#8220;on|hover&#8220; transform_translate__hover_enabled=&#8220;on|desktop&#8220; transform_rotate__hover_enabled=&#8220;on|desktop&#8220; transform_skew__hover_enabled=&#8220;on|desktop&#8220; transform_origin__hover_enabled=&#8220;on|desktop&#8220;][\/et_pb_image][et_pb_text _builder_version=&#8220;4.27.4&#8243; _module_preset=&#8220;bb7d5e87-2292-43de-b648-6a7f5c5b32eb&#8220; text_font=&#8220;Encode Sans||||||||&#8220; header_3_font=&#8220;Encode Sans|700|||||||&#8220; header_3_font_size=&#8220;25px&#8220; text_orientation=&#8220;center&#8220; custom_margin=&#8220;||10px||false|false&#8220; global_colors_info=&#8220;{}&#8220;]<\/p>\n<h3>Impfschutz<\/h3>\n<p>[\/et_pb_text][et_pb_text _builder_version=&#8220;4.27.4&#8243; _module_preset=&#8220;default&#8220; custom_margin=&#8220;||15px||false|false&#8220; global_colors_info=&#8220;{}&#8220;]<\/p>\n<h3 data-start=\"106\" data-end=\"141\"><strong data-start=\"106\" data-end=\"139\">Herbst\/Winter 2025<\/strong><\/h3>\n<p data-start=\"143\" data-end=\"169\">Ab <strong>Montag, 29. September<\/strong> f\u00fchren wir ohne vorherige Anmeldung zu unseren Sprechstundenzeiten \u2013 bevorzugt vormittags von 10\u201312 Uhr und nachmittags von 16\u201318 Uhr <strong>saisonale Impfungen<\/strong> durch:<\/p>\n<ul data-start=\"341\" data-end=\"426\">\n<li data-start=\"341\" data-end=\"364\">\n<p data-start=\"343\" data-end=\"364\">Grippeschutzimpfung<\/p>\n<\/li>\n<li data-start=\"365\" data-end=\"386\">\n<p data-start=\"367\" data-end=\"386\">Covid-19-Impfung*<\/p>\n<\/li>\n<li data-start=\"387\" data-end=\"410\">\n<p data-start=\"389\" data-end=\"410\">Pneumokokkenimpfung<\/p>\n<\/li>\n<li data-start=\"411\" data-end=\"426\">\n<p data-start=\"413\" data-end=\"426\">RSV-Impfung<\/p>\n<\/li>\n<\/ul>\n<p>[\/et_pb_text][et_pb_toggle title=&#8220;Mehr&#8230;&#8220; open_toggle_text_color=&#8220;RGBA(255,255,255,0)&#8220; open_toggle_background_color=&#8220;#FFFFFF&#8220; closed_toggle_text_color=&#8220;gcid-4738aa1c-48f2-47b7-8df0-15a77c067e0f&#8220; closed_toggle_background_color=&#8220;#FFFFFF&#8220; icon_color=&#8220;gcid-4738aa1c-48f2-47b7-8df0-15a77c067e0f&#8220; toggle_icon=&#8220;&#x33;||divi||400&#8243; open_icon_color=&#8220;gcid-4738aa1c-48f2-47b7-8df0-15a77c067e0f&#8220; open_toggle_icon=&#8220;&#x32;||divi||400&#8243; disabled_on=&#8220;off|off|off&#8220; _builder_version=&#8220;4.27.4&#8243; _module_preset=&#8220;default&#8220; title_text_color=&#8220;gcid-4738aa1c-48f2-47b7-8df0-15a77c067e0f&#8220; title_font=&#8220;Inter|500|||||||&#8220; title_font_size=&#8220;16px&#8220; body_font=&#8220;Inter||||||||&#8220; body_text_color=&#8220;#666666&#8243; body_font_size=&#8220;16px&#8220; custom_padding=&#8220;0px|0px|0px|0px|false|false&#8220; hover_enabled=&#8220;0&#8243; border_radii=&#8220;on|NaNpx|NaNpx|NaNpx|NaNpx&#8220; border_color_all=&#8220;RGBA(255,255,255,0)&#8220; global_colors_info=&#8220;{%22gcid-4738aa1c-48f2-47b7-8df0-15a77c067e0f%22:%91%22icon_color%22,%22open_icon_color%22,%22title_text_color%22,%22closed_toggle_text_color%22%93}&#8220; sticky_enabled=&#8220;0&#8243;]<\/p>\n<p data-start=\"428\" data-end=\"769\">Besonders empfohlen werden die Impfungen f\u00fcr Personen ab dem 60. Lebensjahr sowie f\u00fcr Personen mit chronischen Erkrankungen mit einem erh\u00f6hten Risiko f\u00fcr einen schweren Krankheitsverlauf (Herz- und Lungenerkrankungen, Diabetes, Autoimmunerkrankungen, Krebserkrankungen).<br data-start=\"698\" data-end=\"701\" \/>Das gilt auch f\u00fcr Schwangere und Besch\u00e4ftigte im Gesundheitswesen.<\/p>\n<p data-start=\"771\" data-end=\"873\">Bitte sprechen Sie uns an, wir beraten Sie gerne.<br data-start=\"820\" data-end=\"823\" \/>Wenn vorhanden, denken Sie an Ihren Impfausweis.<\/p>\n<p data-start=\"875\" data-end=\"898\"><span style=\"color: #cb081c;\">Ihr Praxisteam Starke<\/span><\/p>\n<p data-start=\"900\" data-end=\"962\"><span style=\"color: #cb081c;\">*<\/span>Zur besseren Planung dieser Impfung bitte vorher anmelden<\/p>\n<p>[\/et_pb_toggle][\/et_pb_column][\/et_pb_row][et_pb_row disabled_on=&#8220;on|on|on&#8220; _builder_version=&#8220;4.25.0&#8243; _module_preset=&#8220;default&#8220; custom_margin=&#8220;-20px||||false|false&#8220; disabled=&#8220;on&#8220; global_colors_info=&#8220;{}&#8220;][et_pb_column type=&#8220;4_4&#8243; _builder_version=&#8220;4.25.0&#8243; _module_preset=&#8220;default&#8220; global_colors_info=&#8220;{}&#8220;][et_pb_button button_text=&#8220;Alle Beitr\u00e4ge&#8220; button_alignment=&#8220;center&#8220; _builder_version=&#8220;4.25.0&#8243; _module_preset=&#8220;default&#8220; custom_button=&#8220;on&#8220; button_text_size=&#8220;17px&#8220; button_text_color=&#8220;#FFFFFF&#8220; button_bg_color=&#8220;gcid-4738aa1c-48f2-47b7-8df0-15a77c067e0f&#8220; button_border_radius=&#8220;0px&#8220; button_letter_spacing=&#8220;1px&#8220; button_font=&#8220;Encode Sans Condensed|700|||||||&#8220; custom_padding=&#8220;15px|24px|15px|24px|true|true&#8220; global_colors_info=&#8220;{%22gcid-4738aa1c-48f2-47b7-8df0-15a77c067e0f%22:%91%22button_bg_color%22%93,%22gcid-733038a9-0d80-4626-96d7-590d6614479b%22:%91%22button_bg_color__hover%22%93}&#8220; button_bg_color__hover_enabled=&#8220;on|hover&#8220; button_bg_color__hover=&#8220;#f39300&#8243; button_bg_enable_color__hover=&#8220;on&#8220;][\/et_pb_button][\/et_pb_column][\/et_pb_row][\/et_pb_section][et_pb_section fb_built=&#8220;1&#8243; custom_padding_last_edited=&#8220;on|phone&#8220; module_id=&#8220;hzv&#8220; _builder_version=&#8220;4.27.4&#8243; _module_preset=&#8220;default&#8220; background_color=&#8220;rgba(255,255,255,0.3)&#8220; background_image=&#8220;https:\/\/starke-kevelaer.de\/wp-content\/uploads\/2025\/05\/IMG_0806-scaled.jpg&#8220; background_blend=&#8220;screen&#8220; custom_padding=&#8220;|60px||60px|false|true&#8220; custom_padding_tablet=&#8220;|10%||10%|false|true&#8220; custom_padding_phone=&#8220;10%|0%|10%|0%|true|true&#8220; global_colors_info=&#8220;{%22gcid-5ce2ff5c-ec55-4afe-b04f-cda004e53cb8%22:%91%22background_color%22%93}&#8220;][et_pb_row custom_padding_last_edited=&#8220;on|phone&#8220; _builder_version=&#8220;4.27.4&#8243; _module_preset=&#8220;default&#8220; background_color=&#8220;#FFFFFF&#8220; background_enable_image=&#8220;off&#8220; background_size=&#8220;contain&#8220; background_position=&#8220;bottom_center&#8220; background_vertical_offset=&#8220;58%&#8220; background_blend=&#8220;multiply&#8220; background_enable_pattern_style=&#8220;on&#8220; background_pattern_style=&#8220;waves&#8220; background_pattern_color=&#8220;rgba(255,255,255,0.06)&#8220; background_pattern_size=&#8220;custom&#8220; background_pattern_width=&#8220;59px&#8220; custom_margin_tablet=&#8220;0px||||false|false&#8220; custom_margin_phone=&#8220;0px||||false|false&#8220; custom_margin_last_edited=&#8220;off|desktop&#8220; custom_padding=&#8220;3%|3%||3%|false|true&#8220; custom_padding_tablet=&#8220;3%|3%||3%|false|true&#8220; custom_padding_phone=&#8220;7%||||false|true&#8220; global_colors_info=&#8220;{%22gcid-ac604ccf-913b-415a-bc09-d01fcf4084df%22:%91%22background_color%22,%22background_color%22%93}&#8220;][et_pb_column type=&#8220;4_4&#8243; _builder_version=&#8220;4.25.1&#8243; _module_preset=&#8220;default&#8220; global_colors_info=&#8220;{}&#8220;][et_pb_heading title=&#8220;Mein HausarztProgramm&#8220; disabled_on=&#8220;on|off|off&#8220; _builder_version=&#8220;4.27.4&#8243; _module_preset=&#8220;3084a98a-bd9d-4102-b585-6cabd554ff8b&#8220; title_font=&#8220;Encode Sans|700||on|||||&#8220; title_text_align=&#8220;center&#8220; title_font_size=&#8220;38px&#8220; max_width=&#8220;1080px&#8220; module_alignment=&#8220;center&#8220; custom_margin=&#8220;||10px||false|false&#8220; locked=&#8220;off&#8220; global_colors_info=&#8220;{}&#8220;][\/et_pb_heading][et_pb_heading title=&#8220;Mein Hausarzt Programm&#8220; disabled_on=&#8220;off|on|on&#8220; _builder_version=&#8220;4.27.4&#8243; _module_preset=&#8220;3084a98a-bd9d-4102-b585-6cabd554ff8b&#8220; title_font=&#8220;Encode Sans|700||on|||||&#8220; title_text_align=&#8220;center&#8220; max_width=&#8220;1080px&#8220; module_alignment=&#8220;center&#8220; custom_margin=&#8220;||-30px||false|false&#8220; locked=&#8220;off&#8220; global_colors_info=&#8220;{}&#8220;][\/et_pb_heading][\/et_pb_column][\/et_pb_row][et_pb_row column_structure=&#8220;1_3,1_3,1_3&#8243; _builder_version=&#8220;4.27.4&#8243; _module_preset=&#8220;default&#8220; background_color=&#8220;#FFFFFF&#8220; custom_padding=&#8220;|40px||40px|false|true&#8220; global_colors_info=&#8220;{}&#8220;][et_pb_column type=&#8220;1_3&#8243; _builder_version=&#8220;4.25.0&#8243; _module_preset=&#8220;default&#8220; animation_style=&#8220;fade&#8220; global_colors_info=&#8220;{}&#8220;][dsm_icon_list _builder_version=&#8220;4.27.4&#8243; _module_preset=&#8220;default&#8220; global_colors_info=&#8220;{}&#8220;][dsm_icon_list_child text=&#8220;Ein Anlaufpunkt f\u00fcr alle Gesundheitsfragen&#8220; font_icon=&#8220;&#x5a;||divi||400&#8243; icon_font_size=&#8220;23px&#8220; _builder_version=&#8220;4.27.4&#8243; _module_preset=&#8220;default&#8220; global_colors_info=&#8220;{}&#8220;][\/dsm_icon_list_child][dsm_icon_list_child text=&#8220;Schneller zum richtigen Facharzt&#8220; font_icon=&#8220;&#x5a;||divi||400&#8243; icon_font_size=&#8220;23px&#8220; _builder_version=&#8220;4.27.4&#8243; _module_preset=&#8220;default&#8220; global_colors_info=&#8220;{}&#8220;][\/dsm_icon_list_child][dsm_icon_list_child text=&#8220;H\u00e4ufigere Check-Ups&#8220; font_icon=&#8220;&#x5a;||divi||400&#8243; icon_font_size=&#8220;23px&#8220; _builder_version=&#8220;4.27.4&#8243; _module_preset=&#8220;default&#8220; global_colors_info=&#8220;{}&#8220;][\/dsm_icon_list_child][dsm_icon_list_child text=&#8220;Mehr Zeit f\u00fcr Sie&#8220; font_icon=&#8220;&#x5a;||divi||400&#8243; icon_font_size=&#8220;23px&#8220; _builder_version=&#8220;4.27.4&#8243; _module_preset=&#8220;default&#8220; global_colors_info=&#8220;{}&#8220;][\/dsm_icon_list_child][dsm_icon_list_child text=&#8220;Kostenlos und freiwillig&#8220; font_icon=&#8220;&#x5a;||divi||400&#8243; icon_font_size=&#8220;23px&#8220; _builder_version=&#8220;4.27.4&#8243; _module_preset=&#8220;default&#8220; global_colors_info=&#8220;{}&#8220;][\/dsm_icon_list_child][dsm_icon_list_child text=&#8220;Ihre haus\u00e4rztliche Praxis wird gest\u00e4rkt&#8220; font_icon=&#8220;&#x5a;||divi||400&#8243; icon_font_size=&#8220;23px&#8220; _builder_version=&#8220;4.27.4&#8243; _module_preset=&#8220;default&#8220; global_colors_info=&#8220;{}&#8220;][\/dsm_icon_list_child][\/dsm_icon_list][\/et_pb_column][et_pb_column type=&#8220;1_3&#8243; _builder_version=&#8220;4.25.0&#8243; _module_preset=&#8220;default&#8220; global_colors_info=&#8220;{}&#8220;][et_pb_text _builder_version=&#8220;4.27.4&#8243; _module_preset=&#8220;c113c701-7ac7-4fac-a1f4-481d7e0c07d2&#8243; text_text_color=&#8220;gcid-86ee591c-4da3-4dac-accf-8ac43e888cc3&#8243; text_orientation=&#8220;center&#8220; max_width=&#8220;1080px&#8220; module_alignment=&#8220;center&#8220; custom_padding=&#8220;||0px|||&#8220; animation_style=&#8220;fade&#8220; global_colors_info=&#8220;{%22gcid-5ce2ff5c-ec55-4afe-b04f-cda004e53cb8%22:%91%22link_text_color%22,%22quote_text_color%22,%22quote_border_color%22%93,%22gcid-86ee591c-4da3-4dac-accf-8ac43e888cc3%22:%91%22text_text_color%22%93}&#8220;]<\/p>\n<p style=\"text-align: left;\"><span>Moderne Medizin und doch pers\u00f6nlich: Im Hausarztprogramm ist die Praxis Ihres Vertrauens die erste Anlaufstelle in Sachen zukunftsf\u00e4hige Versorgung. Sie profitieren von individuellen Leistungen, die Ihre Krankenkasse im Hausarztprogramm anbietet. Informieren Sie sich hier \u00fcber Vorteile und teilnehmende Praxen.<\/span><\/p>\n<p>[\/et_pb_text][\/et_pb_column][et_pb_column type=&#8220;1_3&#8243; _builder_version=&#8220;4.25.0&#8243; _module_preset=&#8220;default&#8220; animation_style=&#8220;fade&#8220; global_colors_info=&#8220;{}&#8220;][et_pb_icon font_icon=&#8220;&#xf80d;||fa||900&#8243; icon_color=&#8220;rgba(203,8,28,0.31)&#8220; icon_width=&#8220;66px&#8220; _builder_version=&#8220;4.27.4&#8243; _module_preset=&#8220;default&#8220; custom_margin=&#8220;0px||||false|false&#8220; animation_style=&#8220;zoom&#8220; animation_direction=&#8220;right&#8220; global_colors_info=&#8220;{%22gcid-4738aa1c-48f2-47b7-8df0-15a77c067e0f%22:%91%22icon_color__hover%22%93}&#8220; icon_color__hover_enabled=&#8220;on|hover&#8220; icon_color__hover=&#8220;#cb081c&#8220;][\/et_pb_icon][dsm_typing_effect typing_effect=&#8220;55 000&#8243; before_new_line=&#8220;off&#8220; after_new_line=&#8220;off&#8220; typing_loop=&#8220;off&#8220; typing_remove_cursor=&#8220;on&#8220; _builder_version=&#8220;4.25.0&#8243; _module_preset=&#8220;default&#8220; header_font=&#8220;Encode Sans|600|||||||&#8220; header_text_align=&#8220;center&#8220; header_font_size=&#8220;25px&#8220; custom_margin=&#8220;-10px||-15px||false|false&#8220; custom_padding=&#8220;0px||0px||false|false&#8220; global_colors_info=&#8220;{%22gcid-4738aa1c-48f2-47b7-8df0-15a77c067e0f%22:%91%22header_text_color__hover%22%93}&#8220; header_text_color__hover_enabled=&#8220;on|hover&#8220; header_text_color__hover=&#8220;#cb081c&#8220;][\/dsm_typing_effect][et_pb_text _builder_version=&#8220;4.25.0&#8243; _module_preset=&#8220;default&#8220; text_font=&#8220;Inter||||||||&#8220; text_line_height=&#8220;1.5em&#8220; header_text_align=&#8220;center&#8220; text_orientation=&#8220;center&#8220; custom_margin=&#8220;20px|20px||20px|false|false&#8220; global_colors_info=&#8220;{}&#8220;]<\/p>\n<p>Haus\u00e4rzt*innen davon mehr als 30 000 im Haus\u00e4rtzinnen und Haus\u00e4rzteverband<\/p>\n<p>[\/et_pb_text][\/et_pb_column][\/et_pb_row][\/et_pb_section][et_pb_section fb_built=&#8220;1&#8243; disabled_on=&#8220;off|off|off&#8220; module_id=&#8220;leistung&#8220; _builder_version=&#8220;4.25.0&#8243; _module_preset=&#8220;default&#8220; background_color=&#8220;RGBA(255,255,255,0)&#8220; custom_padding=&#8220;0px|0px|0px|0px|false|false&#8220; global_colors_info=&#8220;{}&#8220;][et_pb_row column_structure=&#8220;1_2,1_2&#8243; use_custom_gutter=&#8220;on&#8220; gutter_width=&#8220;1&#8243; disabled_on=&#8220;on|on|off&#8220; _builder_version=&#8220;4.27.4&#8243; _module_preset=&#8220;default&#8220; background_color=&#8220;RGBA(255,255,255,0)&#8220; background_enable_image=&#8220;off&#8220; width=&#8220;100%&#8220; max_width=&#8220;100%&#8220; custom_padding=&#8220;0px||0px||false|false&#8220; global_colors_info=&#8220;{}&#8220;][et_pb_column type=&#8220;1_2&#8243; _builder_version=&#8220;4.27.4&#8243; _module_preset=&#8220;default&#8220; background_enable_color=&#8220;off&#8220; background_image=&#8220;https:\/\/starke-kevelaer.de\/wp-content\/uploads\/2025\/05\/IMG_0797-scaled.jpg&#8220; custom_padding=&#8220;14%||14%||true|false&#8220; animation_style=&#8220;slide&#8220; animation_direction=&#8220;left&#8220; global_colors_info=&#8220;{}&#8220;][\/et_pb_column][et_pb_column type=&#8220;1_2&#8243; _builder_version=&#8220;4.25.0&#8243; _module_preset=&#8220;default&#8220; custom_padding=&#8220;4%|170px||120px|false|false&#8220; global_colors_info=&#8220;{}&#8220;][et_pb_text _builder_version=&#8220;4.27.4&#8243; _module_preset=&#8220;140c2fcb-f591-4cfb-a54e-fa2ad4925bc2&#8243; header_font=&#8220;Encode Sans Condensed||||||||&#8220; header_2_font=&#8220;Encode Sans|700||on|||||&#8220; header_2_font_size=&#8220;38px&#8220; text_orientation=&#8220;center&#8220; global_colors_info=&#8220;{}&#8220;]<\/p>\n<h2 style=\"text-align: left;\">Palliativmedizin<\/h2>\n<p>[\/et_pb_text][et_pb_text _builder_version=&#8220;4.27.4&#8243; _module_preset=&#8220;07196847-8a72-4b5b-91d5-ffc0e2de8b00&#8243; text_font=&#8220;Inter||||||||&#8220; text_text_color=&#8220;gcid-2490e176-5733-4f77-b033-d0b72133e372&#8243; text_font_size=&#8220;16px&#8220; header_4_font=&#8220;Inter||||||||&#8220; header_4_font_size=&#8220;17px&#8220; header_5_font=&#8220;Encode Sans||||||||&#8220; header_5_text_color=&#8220;gcid-4738aa1c-48f2-47b7-8df0-15a77c067e0f&#8220; header_5_font_size=&#8220;25px&#8220; max_width=&#8220;1440px&#8220; custom_margin=&#8220;30px||||false|false&#8220; animation_style=&#8220;fade&#8220; global_colors_info=&#8220;{%22gcid-2490e176-5733-4f77-b033-d0b72133e372%22:%91%22text_text_color%22%93,%22gcid-4738aa1c-48f2-47b7-8df0-15a77c067e0f%22:%91%22header_5_text_color%22%93}&#8220;]<\/p>\n<h5><span>Lebensqualit\u00e4t erhalten, Menschen begleiten<\/span><\/h5>\n<p data-start=\"241\" data-end=\"556\" class=\"\">Die <strong data-start=\"245\" data-end=\"265\">Palliativmedizin<\/strong> richtet sich an Menschen mit fortgeschrittenen, nicht mehr heilbaren Erkrankungen. Auch wenn keine Heilung mehr m\u00f6glich ist, kann eine gezielte <strong data-start=\"410\" data-end=\"435\">palliative Behandlung<\/strong> viel dazu beitragen, <strong data-start=\"457\" data-end=\"480\">Symptome zu lindern<\/strong>\u00a0und die <strong data-start=\"514\" data-end=\"555\">Lebensqualit\u00e4t zu verbessern<\/strong>.<\/p>\n<p data-start=\"558\" data-end=\"763\" class=\"\">Dabei steht der Mensch im Mittelpunkt \u2013 mit all seinen k\u00f6rperlichen, seelischen und sozialen Bed\u00fcrfnissen. Die <strong data-start=\"669\" data-end=\"714\">Begleitung und Entlastung der Angeh\u00f6rigen<\/strong> ist dabei ebenfalls ein fester Bestandteil der Versorgung.<\/p>\n<p>[\/et_pb_text][et_pb_toggle title=&#8220;Mehr&#8230;&#8220; open_toggle_text_color=&#8220;RGBA(255,255,255,0)&#8220; open_toggle_background_color=&#8220;#FFFFFF&#8220; closed_toggle_text_color=&#8220;gcid-4738aa1c-48f2-47b7-8df0-15a77c067e0f&#8220; closed_toggle_background_color=&#8220;#FFFFFF&#8220; icon_color=&#8220;gcid-4738aa1c-48f2-47b7-8df0-15a77c067e0f&#8220; toggle_icon=&#8220;&#x33;||divi||400&#8243; open_icon_color=&#8220;gcid-4738aa1c-48f2-47b7-8df0-15a77c067e0f&#8220; open_toggle_icon=&#8220;&#x32;||divi||400&#8243; _builder_version=&#8220;4.27.4&#8243; _module_preset=&#8220;default&#8220; title_text_color=&#8220;gcid-4738aa1c-48f2-47b7-8df0-15a77c067e0f&#8220; title_font=&#8220;Inter|500|||||||&#8220; title_font_size=&#8220;16px&#8220; body_font=&#8220;Inter||||||||&#8220; body_text_color=&#8220;#666666&#8243; body_font_size=&#8220;16px&#8220; custom_padding=&#8220;10px|0px|0px|0px|false|false&#8220; border_radii=&#8220;on|NaNpx|NaNpx|NaNpx|NaNpx&#8220; border_color_all=&#8220;RGBA(255,255,255,0)&#8220; global_colors_info=&#8220;{%22gcid-4738aa1c-48f2-47b7-8df0-15a77c067e0f%22:%91%22icon_color%22,%22open_icon_color%22,%22title_text_color%22,%22closed_toggle_text_color%22%93}&#8220;]<\/p>\n<p data-start=\"765\" data-end=\"858\" class=\"\">Unsere Praxis engagiert sich in der Z<b>usammenarbeit mit dem Palliativnetzwerk Rhein-Maas.<\/b><\/p>\n<p data-start=\"1081\" data-end=\"1342\" class=\"\">Als Kooperationspartner des <strong data-start=\"1109\" data-end=\"1171\"><a data-start=\"1111\" data-end=\"1169\" rel=\"noopener\" target=\"_new\" class=\"\" href=\"https:\/\/www.pallinetz.de\/\">Palliativnetzwerks Rhein-Maas<\/a><\/strong> sind wir Teil eines multiprofessionellen Teams, das schwer kranke Patientinnen und Patienten rund um die Uhr versorgt \u2013 unabh\u00e4ngig vom haus\u00e4rztlichen Bereitschaftsdienst.<\/p>\n<p data-start=\"1344\" data-end=\"1475\" class=\"\">Ziel all unserer Bem\u00fchungen ist es, den letzten Lebensabschnitt so angenehm, w\u00fcrdevoll und selbstbestimmt wie m\u00f6glich zu gestalten.<\/p>\n<p>[\/et_pb_toggle][\/et_pb_column][\/et_pb_row][et_pb_row column_structure=&#8220;1_2,1_2&#8243; use_custom_gutter=&#8220;on&#8220; gutter_width=&#8220;1&#8243; disabled_on=&#8220;off|off|on&#8220; _builder_version=&#8220;4.27.4&#8243; _module_preset=&#8220;default&#8220; background_color=&#8220;RGBA(255,255,255,0)&#8220; background_enable_image=&#8220;off&#8220; width=&#8220;100%&#8220; max_width=&#8220;100%&#8220; custom_padding=&#8220;0px||0px||false|false&#8220; border_width_all=&#8220;0px&#8220; border_width_top=&#8220;5px&#8220; border_color_top=&#8220;#cb081c&#8220; global_colors_info=&#8220;{}&#8220;][et_pb_column type=&#8220;1_2&#8243; _builder_version=&#8220;4.27.4&#8243; _module_preset=&#8220;default&#8220; background_enable_color=&#8220;off&#8220; background_enable_image=&#8220;off&#8220; animation_style=&#8220;slide&#8220; animation_direction=&#8220;right&#8220; global_colors_info=&#8220;{}&#8220;][et_pb_image src=&#8220;https:\/\/starke-kevelaer.de\/wp-content\/uploads\/2025\/05\/IMG_0797-scaled.jpg&#8220; title_text=&#8220;IMG_0797&#8243; _builder_version=&#8220;4.27.4&#8243; _module_preset=&#8220;default&#8220; background_enable_image=&#8220;off&#8220; height_tablet=&#8220;&#8220; height_phone=&#8220;&#8220; height_last_edited=&#8220;on|tablet&#8220; custom_padding=&#8220;0px|0px|0px|0px|false|false&#8220; global_colors_info=&#8220;{}&#8220;][\/et_pb_image][\/et_pb_column][et_pb_column type=&#8220;1_2&#8243; _builder_version=&#8220;4.27.4&#8243; _module_preset=&#8220;default&#8220; custom_padding=&#8220;8%|12%|8%|12%|true|true&#8220; custom_padding_tablet=&#8220;8%|12%|8%|12%|true|true&#8220; custom_padding_phone=&#8220;|10%||10%|false|true&#8220; custom_padding_last_edited=&#8220;on|desktop&#8220; global_colors_info=&#8220;{}&#8220;][et_pb_text _builder_version=&#8220;4.27.4&#8243; _module_preset=&#8220;140c2fcb-f591-4cfb-a54e-fa2ad4925bc2&#8243; header_font=&#8220;Encode Sans Condensed||||||||&#8220; header_2_font=&#8220;Encode Sans|700||on|||||&#8220; header_2_font_size=&#8220;48px&#8220; text_orientation=&#8220;center&#8220; global_colors_info=&#8220;{}&#8220;]<\/p>\n<h2 style=\"text-align: left;\">Palliativ-<\/h2>\n<h2 style=\"text-align: left;\">medizin<\/h2>\n<p>[\/et_pb_text][et_pb_text _builder_version=&#8220;4.27.4&#8243; _module_preset=&#8220;07196847-8a72-4b5b-91d5-ffc0e2de8b00&#8243; text_font=&#8220;Inter||||||||&#8220; text_text_color=&#8220;gcid-2490e176-5733-4f77-b033-d0b72133e372&#8243; text_font_size=&#8220;16px&#8220; header_4_font=&#8220;Inter||||||||&#8220; header_4_font_size=&#8220;17px&#8220; header_5_font=&#8220;Encode Sans||||||||&#8220; header_5_text_color=&#8220;gcid-4738aa1c-48f2-47b7-8df0-15a77c067e0f&#8220; header_5_font_size=&#8220;25px&#8220; max_width=&#8220;1440px&#8220; custom_margin=&#8220;30px||||false|false&#8220; animation_style=&#8220;fade&#8220; global_colors_info=&#8220;{%22gcid-2490e176-5733-4f77-b033-d0b72133e372%22:%91%22text_text_color%22%93,%22gcid-4738aa1c-48f2-47b7-8df0-15a77c067e0f%22:%91%22header_5_text_color%22%93}&#8220;]<\/p>\n<h5><span>Lebensqualit\u00e4t erhalten, Menschen begleiten<\/span><\/h5>\n<p data-start=\"241\" data-end=\"556\" class=\"\">Die <strong data-start=\"245\" data-end=\"265\">Palliativmedizin<\/strong> richtet sich an Menschen mit fortgeschrittenen, nicht mehr heilbaren Erkrankungen. Auch wenn keine Heilung mehr m\u00f6glich ist, kann eine gezielte <strong data-start=\"410\" data-end=\"435\">palliative Behandlung<\/strong> viel dazu beitragen, <strong data-start=\"457\" data-end=\"480\">Symptome zu lindern<\/strong>\u00a0und die <strong data-start=\"514\" data-end=\"555\">Lebensqualit\u00e4t zu verbessern<\/strong>.<\/p>\n<p data-start=\"558\" data-end=\"763\" class=\"\">Dabei steht der Mensch im Mittelpunkt \u2013 mit all seinen k\u00f6rperlichen, seelischen und sozialen Bed\u00fcrfnissen. Die <strong data-start=\"669\" data-end=\"714\">Begleitung und Entlastung der Angeh\u00f6rigen<\/strong> ist dabei ebenfalls ein fester Bestandteil der Versorgung.<\/p>\n<p>[\/et_pb_text][et_pb_toggle title=&#8220;Mehr&#8230;&#8220; open_toggle_text_color=&#8220;RGBA(255,255,255,0)&#8220; open_toggle_background_color=&#8220;#FFFFFF&#8220; closed_toggle_text_color=&#8220;gcid-4738aa1c-48f2-47b7-8df0-15a77c067e0f&#8220; closed_toggle_background_color=&#8220;#FFFFFF&#8220; icon_color=&#8220;gcid-4738aa1c-48f2-47b7-8df0-15a77c067e0f&#8220; toggle_icon=&#8220;&#x33;||divi||400&#8243; open_icon_color=&#8220;gcid-4738aa1c-48f2-47b7-8df0-15a77c067e0f&#8220; open_toggle_icon=&#8220;&#x32;||divi||400&#8243; _builder_version=&#8220;4.27.4&#8243; _module_preset=&#8220;default&#8220; title_text_color=&#8220;gcid-4738aa1c-48f2-47b7-8df0-15a77c067e0f&#8220; title_font=&#8220;Inter|500|||||||&#8220; title_font_size=&#8220;16px&#8220; body_font=&#8220;Inter||||||||&#8220; body_text_color=&#8220;#666666&#8243; body_font_size=&#8220;16px&#8220; custom_padding=&#8220;10px|0px|0px|0px|false|false&#8220; border_radii=&#8220;on|NaNpx|NaNpx|NaNpx|NaNpx&#8220; border_color_all=&#8220;RGBA(255,255,255,0)&#8220; global_colors_info=&#8220;{%22gcid-4738aa1c-48f2-47b7-8df0-15a77c067e0f%22:%91%22icon_color%22,%22open_icon_color%22,%22title_text_color%22,%22closed_toggle_text_color%22%93}&#8220;]<\/p>\n<p data-start=\"765\" data-end=\"858\" class=\"\">Unsere Praxis engagiert sich in der Z<b>usammenarbeit mit dem Palliativnetzwerk Rhein-Maas.<\/b><\/p>\n<p data-start=\"1081\" data-end=\"1342\" class=\"\">Als Kooperationspartner des <strong data-start=\"1109\" data-end=\"1171\"><a data-start=\"1111\" data-end=\"1169\" rel=\"noopener\" target=\"_new\" class=\"\" href=\"https:\/\/www.pallinetz.de\/\">Palliativnetzwerks Rhein-Maas<\/a><\/strong> sind wir Teil eines multiprofessionellen Teams, das schwer kranke Patientinnen und Patienten rund um die Uhr versorgt \u2013 unabh\u00e4ngig vom haus\u00e4rztlichen Bereitschaftsdienst.<\/p>\n<p data-start=\"1344\" data-end=\"1475\" class=\"\">Ziel all unserer Bem\u00fchungen ist es, den letzten Lebensabschnitt so angenehm, w\u00fcrdevoll und selbstbestimmt wie m\u00f6glich zu gestalten.<\/p>\n<p>[\/et_pb_toggle][\/et_pb_column][\/et_pb_row][\/et_pb_section][et_pb_section fb_built=&#8220;1&#8243; _builder_version=&#8220;4.25.0&#8243; _module_preset=&#8220;default&#8220; background_color=&#8220;RGBA(255,255,255,0)&#8220; custom_padding=&#8220;0px|0px|0px|0px|false|false&#8220; global_colors_info=&#8220;{}&#8220;][et_pb_row column_structure=&#8220;1_2,1_2&#8243; use_custom_gutter=&#8220;on&#8220; gutter_width=&#8220;1&#8243; disabled_on=&#8220;on|on|off&#8220; _builder_version=&#8220;4.27.4&#8243; _module_preset=&#8220;default&#8220; background_color=&#8220;RGBA(255,255,255,0)&#8220; background_enable_image=&#8220;off&#8220; width=&#8220;100%&#8220; max_width=&#8220;100%&#8220; custom_padding=&#8220;0px||0px||false|false&#8220; animation_style=&#8220;fade&#8220; global_colors_info=&#8220;{}&#8220;][et_pb_column type=&#8220;1_2&#8243; _builder_version=&#8220;4.25.0&#8243; _module_preset=&#8220;default&#8220; custom_padding=&#8220;4%|120px||170px|false|false&#8220; global_colors_info=&#8220;{}&#8220;][et_pb_text _builder_version=&#8220;4.27.4&#8243; _module_preset=&#8220;140c2fcb-f591-4cfb-a54e-fa2ad4925bc2&#8243; header_font=&#8220;Encode Sans Condensed||||||||&#8220; header_2_font=&#8220;Encode Sans|700||on|||||&#8220; header_2_font_size=&#8220;38px&#8220; text_orientation=&#8220;center&#8220; global_colors_info=&#8220;{}&#8220;]<\/p>\n<h2 style=\"text-align: left;\">Hausarztvertr\u00e4ge<\/h2>\n<p>[\/et_pb_text][et_pb_text _builder_version=&#8220;4.27.4&#8243; _module_preset=&#8220;07196847-8a72-4b5b-91d5-ffc0e2de8b00&#8243; text_font=&#8220;Inter||||||||&#8220; text_text_color=&#8220;gcid-2490e176-5733-4f77-b033-d0b72133e372&#8243; text_font_size=&#8220;16px&#8220; header_4_font=&#8220;Inter||||||||&#8220; header_4_text_color=&#8220;gcid-4738aa1c-48f2-47b7-8df0-15a77c067e0f&#8220; header_5_font=&#8220;Encode Sans||||||||&#8220; header_5_text_color=&#8220;gcid-4738aa1c-48f2-47b7-8df0-15a77c067e0f&#8220; header_5_font_size=&#8220;25px&#8220; max_width=&#8220;1440px&#8220; custom_margin=&#8220;30px||||false|false&#8220; animation_style=&#8220;fade&#8220; global_colors_info=&#8220;{%22gcid-2490e176-5733-4f77-b033-d0b72133e372%22:%91%22text_text_color%22%93,%22gcid-4738aa1c-48f2-47b7-8df0-15a77c067e0f%22:%91%22header_4_text_color%22,%22header_5_text_color%22%93}&#8220;]<\/p>\n<h5>Bessere Versorgung, mehr Orientierung<\/h5>\n<p data-start=\"394\" data-end=\"720\" class=\"\">Das Gesundheitswesen wird immer komplexer \u2013 Fach\u00e4rzte, Kliniken, Therapien und Medikamente m\u00fcssen sinnvoll aufeinander abgestimmt werden. Genau hier kommt dem <strong data-start=\"553\" data-end=\"585\">Hausarzt bzw. der Haus\u00e4rztin<\/strong> eine besondere Rolle zu: Als zentrale Ansprechperson behalten wir den \u00dcberblick und begleiten Sie medizinisch durch alle Lebensphasen.<\/p>\n<p data-start=\"722\" data-end=\"902\" class=\"\">Mit der Teilnahme an einem <strong data-start=\"749\" data-end=\"768\">Hausarztvertrag<\/strong> (auch <strong data-start=\"775\" data-end=\"814\">Hausarztzentrierte Versorgung \u2013 HZV<\/strong>) entscheiden Sie sich f\u00fcr eine moderne und qualitativ hochwertige Form der Versorgung.<\/p>\n<p>[\/et_pb_text][et_pb_toggle title=&#8220;Mehr&#8230;&#8220; open_toggle_text_color=&#8220;RGBA(255,255,255,0)&#8220; open_toggle_background_color=&#8220;#FFFFFF&#8220; closed_toggle_text_color=&#8220;gcid-4738aa1c-48f2-47b7-8df0-15a77c067e0f&#8220; closed_toggle_background_color=&#8220;#FFFFFF&#8220; icon_color=&#8220;gcid-4738aa1c-48f2-47b7-8df0-15a77c067e0f&#8220; toggle_icon=&#8220;&#x33;||divi||400&#8243; open_icon_color=&#8220;gcid-4738aa1c-48f2-47b7-8df0-15a77c067e0f&#8220; open_toggle_icon=&#8220;&#x32;||divi||400&#8243; _builder_version=&#8220;4.25.0&#8243; _module_preset=&#8220;default&#8220; title_text_color=&#8220;gcid-4738aa1c-48f2-47b7-8df0-15a77c067e0f&#8220; title_font=&#8220;Inter|500|||||||&#8220; title_font_size=&#8220;16px&#8220; body_font=&#8220;Inter||||||||&#8220; body_text_color=&#8220;#666666&#8243; body_font_size=&#8220;16px&#8220; custom_padding=&#8220;15px|0px|0px|0px|false|false&#8220; border_radii=&#8220;on|NaNpx|NaNpx|NaNpx|NaNpx&#8220; border_color_all=&#8220;RGBA(255,255,255,0)&#8220; global_colors_info=&#8220;{%22gcid-4738aa1c-48f2-47b7-8df0-15a77c067e0f%22:%91%22icon_color%22,%22open_icon_color%22,%22title_text_color%22,%22closed_toggle_text_color%22%93}&#8220;]<\/p>\n<h4 data-start=\"904\" data-end=\"954\" class=\"\"><strong data-start=\"909\" data-end=\"954\">Ihre Vorteile als Patientin oder Patient:<\/strong><\/h4>\n<ul data-start=\"956\" data-end=\"1420\">\n<li data-start=\"956\" data-end=\"1023\" class=\"\">\n<p data-start=\"958\" data-end=\"1023\" class=\"\"><strong data-start=\"958\" data-end=\"988\">Ein fester Ansprechpartner<\/strong> f\u00fcr alle gesundheitlichen Fragen<\/p>\n<\/li>\n<li data-start=\"1024\" data-end=\"1103\" class=\"\">\n<p data-start=\"1026\" data-end=\"1103\" class=\"\"><strong data-start=\"1026\" data-end=\"1050\">Bessere Koordination<\/strong> von Untersuchungen, Therapien und Facharztbesuchen<\/p>\n<\/li>\n<li data-start=\"1104\" data-end=\"1173\" class=\"\">\n<p data-start=\"1106\" data-end=\"1173\" class=\"\"><strong data-start=\"1106\" data-end=\"1145\">Individuelle, intensivere Betreuung<\/strong> durch Ihre Hausarztpraxis<\/p>\n<\/li>\n<li data-start=\"1174\" data-end=\"1251\" class=\"\">\n<p data-start=\"1176\" data-end=\"1251\" class=\"\"><strong data-start=\"1176\" data-end=\"1221\">Vermeidung unn\u00f6tiger Doppeluntersuchungen<\/strong> oder Krankenhausaufenthalte<\/p>\n<\/li>\n<li data-start=\"1252\" data-end=\"1322\" class=\"\">\n<p data-start=\"1254\" data-end=\"1322\" class=\"\"><strong data-start=\"1254\" data-end=\"1288\">Sicheres Medikationsmanagement<\/strong>, auch bei mehreren Medikamenten<\/p>\n<\/li>\n<li data-start=\"1323\" data-end=\"1420\" class=\"\">\n<p data-start=\"1325\" data-end=\"1420\" class=\"\"><strong data-start=\"1325\" data-end=\"1389\">Regelm\u00e4\u00dfige Teilnahme an Disease-Management-Programmen (DMP)<\/strong> bei chronischen Erkrankungen<\/p>\n<\/li>\n<\/ul>\n<p data-start=\"1422\" data-end=\"1616\" class=\"\">Diese strukturierte Versorgung verbessert nicht nur die Qualit\u00e4t, sondern entlastet Sie auch im Alltag \u2013 durch kurze Wege, klare Ansprechpartner und eine ganzheitliche Sicht auf Ihre Gesundheit.<\/p>\n<p data-start=\"1618\" data-end=\"1702\" class=\"\">Schon <strong data-start=\"1624\" data-end=\"1664\">rund 9 Millionen Menschen bundesweit<\/strong> nehmen an einem Hausarztvertrag teil.<\/p>\n<p data-start=\"1704\" data-end=\"1827\" class=\"\">Mehr Informationen zur HZV finden Sie auch unter: <a data-start=\"1759\" data-end=\"1827\" rel=\"noopener\" target=\"_new\" class=\"\" href=\"https:\/\/www.mein-hausarztprogramm.de\">www.mein-hausarztprogramm.de<\/a><\/p>\n<h3 data-start=\"1834\" data-end=\"1895\" class=\"\"><strong data-start=\"1838\" data-end=\"1895\">Warum auch wir als Praxis auf Hausarztvertr\u00e4ge setzen<\/strong><\/h3>\n<p data-start=\"1897\" data-end=\"2054\" class=\"\">Wir sind \u00fcberzeugt: Die <strong data-start=\"1921\" data-end=\"1949\">haus\u00e4rztliche Versorgung<\/strong> ist das R\u00fcckgrat eines funktionierenden Gesundheitssystems. Als teilnehmende Praxis profitieren wir von:<\/p>\n<ul data-start=\"2056\" data-end=\"2539\">\n<li data-start=\"2056\" data-end=\"2120\" class=\"\">\n<p data-start=\"2058\" data-end=\"2120\" class=\"\"><strong data-start=\"2058\" data-end=\"2084\">St\u00e4rkung unserer Rolle<\/strong> als koordinierende Hausarztpraxis<\/p>\n<\/li>\n<li data-start=\"2121\" data-end=\"2199\" class=\"\">\n<p data-start=\"2123\" data-end=\"2199\" class=\"\">Einem eigenst\u00e4ndigen, auf den Menschen ausgerichteten <strong data-start=\"2177\" data-end=\"2197\">Prim\u00e4rarztsystem<\/strong><\/p>\n<\/li>\n<li data-start=\"2200\" data-end=\"2260\" class=\"\">\n<p data-start=\"2202\" data-end=\"2260\" class=\"\"><strong data-start=\"2202\" data-end=\"2224\">Weniger B\u00fcrokratie<\/strong> und <strong data-start=\"2229\" data-end=\"2258\">vereinfachte Abrechnungen<\/strong><\/p>\n<\/li>\n<li data-start=\"2261\" data-end=\"2315\" class=\"\">\n<p data-start=\"2263\" data-end=\"2315\" class=\"\"><strong data-start=\"2263\" data-end=\"2285\">Planungssicherheit<\/strong> durch langfristige Vertr\u00e4ge<\/p>\n<\/li>\n<li data-start=\"2316\" data-end=\"2378\" class=\"\">\n<p data-start=\"2318\" data-end=\"2378\" class=\"\"><strong data-start=\"2318\" data-end=\"2337\">Faire Verg\u00fctung<\/strong>, die deutlich \u00fcber dem KV-System liegt<\/p>\n<\/li>\n<li data-start=\"2379\" data-end=\"2440\" class=\"\">\n<p data-start=\"2381\" data-end=\"2440\" class=\"\"><strong data-start=\"2381\" data-end=\"2402\">Mehr Zeit f\u00fcr Sie<\/strong> \u2013 unsere Patientinnen und Patienten<\/p>\n<\/li>\n<li data-start=\"2441\" data-end=\"2539\" class=\"\">\n<p data-start=\"2443\" data-end=\"2539\" class=\"\"><strong data-start=\"2443\" data-end=\"2504\">Attraktive Perspektiven f\u00fcr Nachwuchs\u00e4rztinnen und -\u00e4rzte<\/strong> in der haus\u00e4rztlichen Versorgung<\/p>\n<\/li>\n<\/ul>\n<p data-start=\"2541\" data-end=\"2738\" class=\"\">Durch die Teilnahme an der HZV k\u00f6nnen wir Sie <strong data-start=\"2587\" data-end=\"2654\">noch pers\u00f6nlicher, strukturierter und kontinuierlicher betreuen<\/strong> \u2013 mit einem klaren Ziel: Ihre Gesundheit ganzheitlich und verl\u00e4sslich zu begleiten.<\/p>\n<p>[\/et_pb_toggle][\/et_pb_column][et_pb_column type=&#8220;1_2&#8243; _builder_version=&#8220;4.27.4&#8243; _module_preset=&#8220;default&#8220; background_enable_color=&#8220;off&#8220; background_image=&#8220;https:\/\/starke-kevelaer.de\/wp-content\/uploads\/2025\/05\/IMG_0597-scaled.jpg&#8220; custom_padding=&#8220;14%||14%||true|false&#8220; animation_style=&#8220;slide&#8220; animation_direction=&#8220;right&#8220; global_colors_info=&#8220;{}&#8220;][\/et_pb_column][\/et_pb_row][et_pb_row column_structure=&#8220;1_2,1_2&#8243; use_custom_gutter=&#8220;on&#8220; gutter_width=&#8220;1&#8243; disabled_on=&#8220;off|off|on&#8220; _builder_version=&#8220;4.27.4&#8243; _module_preset=&#8220;default&#8220; background_color=&#8220;RGBA(255,255,255,0)&#8220; background_enable_image=&#8220;off&#8220; width=&#8220;100%&#8220; max_width=&#8220;100%&#8220; custom_padding=&#8220;0px||0px||false|false&#8220; border_width_all=&#8220;0px&#8220; border_width_top=&#8220;5px&#8220; border_color_top=&#8220;#cb081c&#8220; global_colors_info=&#8220;{}&#8220;][et_pb_column type=&#8220;1_2&#8243; _builder_version=&#8220;4.27.4&#8243; _module_preset=&#8220;default&#8220; background_enable_color=&#8220;off&#8220; background_enable_image=&#8220;off&#8220; animation_style=&#8220;slide&#8220; animation_direction=&#8220;right&#8220; global_colors_info=&#8220;{}&#8220;][et_pb_image src=&#8220;https:\/\/starke-kevelaer.de\/wp-content\/uploads\/2025\/05\/IMG_0597-scaled.jpg&#8220; title_text=&#8220;IMG_0597&#8243; _builder_version=&#8220;4.27.4&#8243; _module_preset=&#8220;default&#8220; background_enable_image=&#8220;off&#8220; height_tablet=&#8220;&#8220; height_phone=&#8220;&#8220; height_last_edited=&#8220;on|tablet&#8220; custom_padding=&#8220;0px|0px|0px|0px|false|false&#8220; global_colors_info=&#8220;{}&#8220;][\/et_pb_image][\/et_pb_column][et_pb_column type=&#8220;1_2&#8243; _builder_version=&#8220;4.27.4&#8243; _module_preset=&#8220;default&#8220; custom_padding=&#8220;8%|12%|8%|12%|true|true&#8220; custom_padding_tablet=&#8220;8%|12%|8%|12%|true|true&#8220; custom_padding_phone=&#8220;|10%||10%|false|true&#8220; custom_padding_last_edited=&#8220;on|desktop&#8220; global_colors_info=&#8220;{}&#8220;][et_pb_text _builder_version=&#8220;4.27.4&#8243; _module_preset=&#8220;140c2fcb-f591-4cfb-a54e-fa2ad4925bc2&#8243; header_font=&#8220;Encode Sans Condensed||||||||&#8220; header_2_font=&#8220;Encode Sans|700||on|||||&#8220; header_2_font_size=&#8220;48px&#8220; text_orientation=&#8220;center&#8220; global_colors_info=&#8220;{}&#8220;]<\/p>\n<h2 style=\"text-align: left;\">Hausarzt-<\/h2>\n<h2 style=\"text-align: left;\">vertr\u00e4ge<\/h2>\n<p>[\/et_pb_text][et_pb_text _builder_version=&#8220;4.27.4&#8243; _module_preset=&#8220;07196847-8a72-4b5b-91d5-ffc0e2de8b00&#8243; text_font=&#8220;Inter||||||||&#8220; text_text_color=&#8220;gcid-2490e176-5733-4f77-b033-d0b72133e372&#8243; text_font_size=&#8220;16px&#8220; header_4_font=&#8220;Inter||||||||&#8220; header_4_text_color=&#8220;gcid-4738aa1c-48f2-47b7-8df0-15a77c067e0f&#8220; header_5_font=&#8220;Encode Sans||||||||&#8220; header_5_text_color=&#8220;gcid-4738aa1c-48f2-47b7-8df0-15a77c067e0f&#8220; header_5_font_size=&#8220;25px&#8220; max_width=&#8220;1440px&#8220; custom_margin=&#8220;30px||||false|false&#8220; animation_style=&#8220;fade&#8220; global_colors_info=&#8220;{%22gcid-2490e176-5733-4f77-b033-d0b72133e372%22:%91%22text_text_color%22%93,%22gcid-4738aa1c-48f2-47b7-8df0-15a77c067e0f%22:%91%22header_4_text_color%22,%22header_5_text_color%22%93}&#8220;]<\/p>\n<h5>Bessere Versorgung, mehr Orientierung<\/h5>\n<p data-start=\"394\" data-end=\"720\" class=\"\">Das Gesundheitswesen wird immer komplexer \u2013 Fach\u00e4rzte, Kliniken, Therapien und Medikamente m\u00fcssen sinnvoll aufeinander abgestimmt werden. Genau hier kommt dem <strong data-start=\"553\" data-end=\"585\">Hausarzt bzw. der Haus\u00e4rztin<\/strong> eine besondere Rolle zu: Als zentrale Ansprechperson behalten wir den \u00dcberblick und begleiten Sie medizinisch durch alle Lebensphasen.<\/p>\n<p data-start=\"722\" data-end=\"902\" class=\"\">Mit der Teilnahme an einem <strong data-start=\"749\" data-end=\"768\">Hausarztvertrag<\/strong> (auch <strong data-start=\"775\" data-end=\"814\">Hausarztzentrierte Versorgung \u2013 HZV<\/strong>) entscheiden Sie sich f\u00fcr eine moderne und qualitativ hochwertige Form der Versorgung.<\/p>\n<p>[\/et_pb_text][et_pb_toggle title=&#8220;Mehr&#8230;&#8220; open_toggle_text_color=&#8220;RGBA(255,255,255,0)&#8220; open_toggle_background_color=&#8220;#FFFFFF&#8220; closed_toggle_text_color=&#8220;gcid-4738aa1c-48f2-47b7-8df0-15a77c067e0f&#8220; closed_toggle_background_color=&#8220;#FFFFFF&#8220; icon_color=&#8220;gcid-4738aa1c-48f2-47b7-8df0-15a77c067e0f&#8220; toggle_icon=&#8220;&#x33;||divi||400&#8243; open_icon_color=&#8220;gcid-4738aa1c-48f2-47b7-8df0-15a77c067e0f&#8220; open_toggle_icon=&#8220;&#x32;||divi||400&#8243; _builder_version=&#8220;4.25.0&#8243; _module_preset=&#8220;default&#8220; title_text_color=&#8220;gcid-4738aa1c-48f2-47b7-8df0-15a77c067e0f&#8220; title_font=&#8220;Inter|500|||||||&#8220; title_font_size=&#8220;16px&#8220; body_font=&#8220;Inter||||||||&#8220; body_text_color=&#8220;#666666&#8243; body_font_size=&#8220;16px&#8220; custom_padding=&#8220;15px|0px|0px|0px|false|false&#8220; border_radii=&#8220;on|NaNpx|NaNpx|NaNpx|NaNpx&#8220; border_color_all=&#8220;RGBA(255,255,255,0)&#8220; global_colors_info=&#8220;{%22gcid-4738aa1c-48f2-47b7-8df0-15a77c067e0f%22:%91%22icon_color%22,%22open_icon_color%22,%22title_text_color%22,%22closed_toggle_text_color%22%93}&#8220;]<\/p>\n<h4 data-start=\"904\" data-end=\"954\" class=\"\"><strong data-start=\"909\" data-end=\"954\">Ihre Vorteile als Patientin oder Patient:<\/strong><\/h4>\n<ul data-start=\"956\" data-end=\"1420\">\n<li data-start=\"956\" data-end=\"1023\" class=\"\">\n<p data-start=\"958\" data-end=\"1023\" class=\"\"><strong data-start=\"958\" data-end=\"988\">Ein fester Ansprechpartner<\/strong> f\u00fcr alle gesundheitlichen Fragen<\/p>\n<\/li>\n<li data-start=\"1024\" data-end=\"1103\" class=\"\">\n<p data-start=\"1026\" data-end=\"1103\" class=\"\"><strong data-start=\"1026\" data-end=\"1050\">Bessere Koordination<\/strong> von Untersuchungen, Therapien und Facharztbesuchen<\/p>\n<\/li>\n<li data-start=\"1104\" data-end=\"1173\" class=\"\">\n<p data-start=\"1106\" data-end=\"1173\" class=\"\"><strong data-start=\"1106\" data-end=\"1145\">Individuelle, intensivere Betreuung<\/strong> durch Ihre Hausarztpraxis<\/p>\n<\/li>\n<li data-start=\"1174\" data-end=\"1251\" class=\"\">\n<p data-start=\"1176\" data-end=\"1251\" class=\"\"><strong data-start=\"1176\" data-end=\"1221\">Vermeidung unn\u00f6tiger Doppeluntersuchungen<\/strong> oder Krankenhausaufenthalte<\/p>\n<\/li>\n<li data-start=\"1252\" data-end=\"1322\" class=\"\">\n<p data-start=\"1254\" data-end=\"1322\" class=\"\"><strong data-start=\"1254\" data-end=\"1288\">Sicheres Medikationsmanagement<\/strong>, auch bei mehreren Medikamenten<\/p>\n<\/li>\n<li data-start=\"1323\" data-end=\"1420\" class=\"\">\n<p data-start=\"1325\" data-end=\"1420\" class=\"\"><strong data-start=\"1325\" data-end=\"1389\">Regelm\u00e4\u00dfige Teilnahme an Disease-Management-Programmen (DMP)<\/strong> bei chronischen Erkrankungen<\/p>\n<\/li>\n<\/ul>\n<p data-start=\"1422\" data-end=\"1616\" class=\"\">Diese strukturierte Versorgung verbessert nicht nur die Qualit\u00e4t, sondern entlastet Sie auch im Alltag \u2013 durch kurze Wege, klare Ansprechpartner und eine ganzheitliche Sicht auf Ihre Gesundheit.<\/p>\n<p data-start=\"1618\" data-end=\"1702\" class=\"\">Schon <strong data-start=\"1624\" data-end=\"1664\">rund 9 Millionen Menschen bundesweit<\/strong> nehmen an einem Hausarztvertrag teil.<\/p>\n<p data-start=\"1704\" data-end=\"1827\" class=\"\">Mehr Informationen zur HZV finden Sie auch unter: <a data-start=\"1759\" data-end=\"1827\" rel=\"noopener\" target=\"_new\" class=\"\" href=\"https:\/\/www.mein-hausarztprogramm.de\">www.mein-hausarztprogramm.de<\/a><\/p>\n<h3 data-start=\"1834\" data-end=\"1895\" class=\"\"><strong data-start=\"1838\" data-end=\"1895\">Warum auch wir als Praxis auf Hausarztvertr\u00e4ge setzen<\/strong><\/h3>\n<p data-start=\"1897\" data-end=\"2054\" class=\"\">Wir sind \u00fcberzeugt: Die <strong data-start=\"1921\" data-end=\"1949\">haus\u00e4rztliche Versorgung<\/strong> ist das R\u00fcckgrat eines funktionierenden Gesundheitssystems. Als teilnehmende Praxis profitieren wir von:<\/p>\n<ul data-start=\"2056\" data-end=\"2539\">\n<li data-start=\"2056\" data-end=\"2120\" class=\"\">\n<p data-start=\"2058\" data-end=\"2120\" class=\"\"><strong data-start=\"2058\" data-end=\"2084\">St\u00e4rkung unserer Rolle<\/strong> als koordinierende Hausarztpraxis<\/p>\n<\/li>\n<li data-start=\"2121\" data-end=\"2199\" class=\"\">\n<p data-start=\"2123\" data-end=\"2199\" class=\"\">Einem eigenst\u00e4ndigen, auf den Menschen ausgerichteten <strong data-start=\"2177\" data-end=\"2197\">Prim\u00e4rarztsystem<\/strong><\/p>\n<\/li>\n<li data-start=\"2200\" data-end=\"2260\" class=\"\">\n<p data-start=\"2202\" data-end=\"2260\" class=\"\"><strong data-start=\"2202\" data-end=\"2224\">Weniger B\u00fcrokratie<\/strong> und <strong data-start=\"2229\" data-end=\"2258\">vereinfachte Abrechnungen<\/strong><\/p>\n<\/li>\n<li data-start=\"2261\" data-end=\"2315\" class=\"\">\n<p data-start=\"2263\" data-end=\"2315\" class=\"\"><strong data-start=\"2263\" data-end=\"2285\">Planungssicherheit<\/strong> durch langfristige Vertr\u00e4ge<\/p>\n<\/li>\n<li data-start=\"2316\" data-end=\"2378\" class=\"\">\n<p data-start=\"2318\" data-end=\"2378\" class=\"\"><strong data-start=\"2318\" data-end=\"2337\">Faire Verg\u00fctung<\/strong>, die deutlich \u00fcber dem KV-System liegt<\/p>\n<\/li>\n<li data-start=\"2379\" data-end=\"2440\" class=\"\">\n<p data-start=\"2381\" data-end=\"2440\" class=\"\"><strong data-start=\"2381\" data-end=\"2402\">Mehr Zeit f\u00fcr Sie<\/strong> \u2013 unsere Patientinnen und Patienten<\/p>\n<\/li>\n<li data-start=\"2441\" data-end=\"2539\" class=\"\">\n<p data-start=\"2443\" data-end=\"2539\" class=\"\"><strong data-start=\"2443\" data-end=\"2504\">Attraktive Perspektiven f\u00fcr Nachwuchs\u00e4rztinnen und -\u00e4rzte<\/strong> in der haus\u00e4rztlichen Versorgung<\/p>\n<\/li>\n<\/ul>\n<p data-start=\"2541\" data-end=\"2738\" class=\"\">Durch die Teilnahme an der HZV k\u00f6nnen wir Sie <strong data-start=\"2587\" data-end=\"2654\">noch pers\u00f6nlicher, strukturierter und kontinuierlicher betreuen<\/strong> \u2013 mit einem klaren Ziel: Ihre Gesundheit ganzheitlich und verl\u00e4sslich zu begleiten.<\/p>\n<p>[\/et_pb_toggle][\/et_pb_column][\/et_pb_row][\/et_pb_section][et_pb_section fb_built=&#8220;1&#8243; fullwidth=&#8220;on&#8220; _builder_version=&#8220;4.25.0&#8243; _module_preset=&#8220;default&#8220; global_colors_info=&#8220;{}&#8220;][et_pb_fullwidth_slider _builder_version=&#8220;4.27.4&#8243; _module_preset=&#8220;default&#8220; global_colors_info=&#8220;{}&#8220;][et_pb_slide _builder_version=&#8220;4.27.4&#8243; _module_preset=&#8220;default&#8220; background_enable_color=&#8220;off&#8220; background_image=&#8220;https:\/\/starke-kevelaer.de\/wp-content\/uploads\/2025\/05\/IMG_0611-scaled.jpg&#8220; background_enable_image=&#8220;on&#8220; parallax=&#8220;on&#8220; global_colors_info=&#8220;{}&#8220; sticky_transition=&#8220;on&#8220;][\/et_pb_slide][\/et_pb_fullwidth_slider][\/et_pb_section][et_pb_section fb_built=&#8220;1&#8243; admin_label=&#8220;Projects&#8220; module_id=&#8220;team&#8220; _builder_version=&#8220;4.25.0&#8243; _module_preset=&#8220;default&#8220; background_enable_color=&#8220;off&#8220; custom_padding=&#8220;|2px||||&#8220; border_radii=&#8220;off|3vw|3vw||&#8220; collapsed=&#8220;on&#8220; global_colors_info=&#8220;{%22gcid-a93f2103-1d8b-43bb-b21d-81d84bba8b15%22:%91%22background_color%22%93}&#8220;][et_pb_row _builder_version=&#8220;4.22.0&#8243; _module_preset=&#8220;default&#8220; global_colors_info=&#8220;{}&#8220;][et_pb_column type=&#8220;4_4&#8243; _builder_version=&#8220;4.22.0&#8243; _module_preset=&#8220;default&#8220; global_colors_info=&#8220;{}&#8220;][et_pb_text _builder_version=&#8220;4.27.4&#8243; _module_preset=&#8220;140c2fcb-f591-4cfb-a54e-fa2ad4925bc2&#8243; header_font=&#8220;Encode Sans Condensed||||||||&#8220; header_2_font=&#8220;Encode Sans|700||on|||||&#8220; header_2_font_size=&#8220;52px&#8220; text_orientation=&#8220;center&#8220; global_colors_info=&#8220;{}&#8220;]<\/p>\n<h2>Unser Team<\/h2>\n<p>[\/et_pb_text][\/et_pb_column][\/et_pb_row][et_pb_row column_structure=&#8220;1_2,1_2&#8243; _builder_version=&#8220;4.27.4&#8243; _module_preset=&#8220;default&#8220; width=&#8220;40%&#8220; width_tablet=&#8220;40%&#8220; width_phone=&#8220;80%&#8220; width_last_edited=&#8220;on|phone&#8220; global_colors_info=&#8220;{}&#8220;][et_pb_column type=&#8220;1_2&#8243; _builder_version=&#8220;4.22.0&#8243; _module_preset=&#8220;default&#8220; global_colors_info=&#8220;{}&#8220;][et_pb_image src=&#8220;https:\/\/starke-kevelaer.de\/wp-content\/uploads\/2025\/09\/mitarbeiter_2_retusche-scaled.jpg&#8220; title_text=&#8220;mitarbeiter_2_retusche&#8220; force_fullwidth=&#8220;on&#8220; _builder_version=&#8220;4.27.4&#8243; _module_preset=&#8220;default&#8220; height=&#8220;100%&#8220; animation_style=&#8220;slide&#8220; scroll_horizontal_motion=&#8220;0|70|70|100|-0.3|0|0&#8243; motion_trigger_start=&#8220;top&#8220; border_radii=&#8220;on|392px|392px|392px|392px&#8220; border_width_all=&#8220;4px&#8220; border_color_all=&#8220;#cb081c&#8220; global_colors_info=&#8220;{}&#8220; filter_brightness__hover_enabled=&#8220;on|desktop&#8220; filter_brightness__hover=&#8220;85%&#8220;][\/et_pb_image][et_pb_text _builder_version=&#8220;4.27.4&#8243; _module_preset=&#8220;bb7d5e87-2292-43de-b648-6a7f5c5b32eb&#8220; text_font=&#8220;Inter||||||||&#8220; text_font_size=&#8220;16px&#8220; header_3_font=&#8220;Encode Sans|700|||||||&#8220; header_3_font_size=&#8220;25px&#8220; text_orientation=&#8220;center&#8220; global_colors_info=&#8220;{}&#8220;]<\/p>\n<h3>Christoph Starke<\/h3>\n<p><span>Facharzt f\u00fcr Allgemein- und Palliativmedizin\u00a0<\/span><\/p>\n<p>[\/et_pb_text][\/et_pb_column][et_pb_column type=&#8220;1_2&#8243; _builder_version=&#8220;4.22.0&#8243; _module_preset=&#8220;default&#8220; global_colors_info=&#8220;{}&#8220;][et_pb_image src=&#8220;https:\/\/starke-kevelaer.de\/wp-content\/uploads\/2025\/05\/mitarbeiter_1-scaled.jpg&#8220; title_text=&#8220;mitarbeiter_1&#8243; force_fullwidth=&#8220;on&#8220; _builder_version=&#8220;4.27.4&#8243; _module_preset=&#8220;default&#8220; height=&#8220;100%&#8220; animation_style=&#8220;slide&#8220; scroll_horizontal_motion=&#8220;0|70|70|100|0.3|0|0&#8243; motion_trigger_start=&#8220;top&#8220; border_radii=&#8220;on|520px|520px|520px|520px&#8220; border_width_all=&#8220;4px&#8220; border_color_all=&#8220;#cb081c&#8220; global_colors_info=&#8220;{}&#8220; filter_brightness__hover_enabled=&#8220;on|desktop&#8220; filter_brightness__hover=&#8220;85%&#8220;][\/et_pb_image][et_pb_text _builder_version=&#8220;4.27.4&#8243; _module_preset=&#8220;bb7d5e87-2292-43de-b648-6a7f5c5b32eb&#8220; text_font=&#8220;Inter||||||||&#8220; text_font_size=&#8220;16px&#8220; header_3_font=&#8220;Encode Sans|700|||||||&#8220; header_3_font_size=&#8220;25px&#8220; text_orientation=&#8220;center&#8220; global_colors_info=&#8220;{}&#8220;]<\/p>\n<h3>Ursula Starke<\/h3>\n<p><span>Fach\u00e4rztin f\u00fcr Allgemein- und Palliativmedizin\u00a0<\/span><\/p>\n<p>[\/et_pb_text][\/et_pb_column][\/et_pb_row][et_pb_row column_structure=&#8220;1_4,1_4,1_4,1_4&#8243; _builder_version=&#8220;4.27.4&#8243; _module_preset=&#8220;default&#8220; width_tablet=&#8220;&#8220; width_phone=&#8220;80%&#8220; width_last_edited=&#8220;on|phone&#8220; global_colors_info=&#8220;{}&#8220;][et_pb_column type=&#8220;1_4&#8243; _builder_version=&#8220;4.22.0&#8243; _module_preset=&#8220;default&#8220; global_colors_info=&#8220;{}&#8220;][et_pb_image src=&#8220;https:\/\/starke-kevelaer.de\/wp-content\/uploads\/2025\/05\/mitarbeiter_3-scaled.jpg&#8220; title_text=&#8220;mitarbeiter_3&#8243; force_fullwidth=&#8220;on&#8220; _builder_version=&#8220;4.27.4&#8243; _module_preset=&#8220;default&#8220; height=&#8220;100%&#8220; animation_style=&#8220;slide&#8220; scroll_horizontal_motion=&#8220;0|70|70|100|-0.3|0|0&#8243; motion_trigger_start=&#8220;top&#8220; border_radii=&#8220;on|392px|392px|392px|392px&#8220; border_width_all=&#8220;4px&#8220; border_color_all=&#8220;gcid-primary-color&#8220; global_colors_info=&#8220;{%22gcid-primary-color%22:%91%22border_color_all%22%93}&#8220; filter_brightness__hover_enabled=&#8220;on|desktop&#8220; filter_brightness__hover=&#8220;85%&#8220;][\/et_pb_image][et_pb_text _builder_version=&#8220;4.25.0&#8243; _module_preset=&#8220;bb7d5e87-2292-43de-b648-6a7f5c5b32eb&#8220; text_font=&#8220;Inter||||||||&#8220; text_font_size=&#8220;16px&#8220; header_3_font=&#8220;Encode Sans|700|||||||&#8220; header_3_font_size=&#8220;25px&#8220; text_orientation=&#8220;center&#8220; custom_margin=&#8220;-20px||10px||false|false&#8220; global_colors_info=&#8220;{}&#8220;]<\/p>\n<h3>Gaby M\u00fcller<\/h3>\n<p><span>Medizinische Fachangestellte<\/span><\/p>\n<p>[\/et_pb_text][\/et_pb_column][et_pb_column type=&#8220;1_4&#8243; _builder_version=&#8220;4.22.0&#8243; _module_preset=&#8220;default&#8220; global_colors_info=&#8220;{}&#8220;][et_pb_image src=&#8220;https:\/\/starke-kevelaer.de\/wp-content\/uploads\/2025\/05\/mitarbeiter_4-scaled.jpg&#8220; title_text=&#8220;mitarbeiter_4&#8243; force_fullwidth=&#8220;on&#8220; _builder_version=&#8220;4.27.4&#8243; _module_preset=&#8220;default&#8220; height=&#8220;100%&#8220; animation_style=&#8220;slide&#8220; scroll_horizontal_motion=&#8220;0|70|70|100|0.3|0|0&#8243; motion_trigger_start=&#8220;top&#8220; border_radii=&#8220;on|520px|520px|520px|520px&#8220; border_width_all=&#8220;4px&#8220; border_color_all=&#8220;gcid-primary-color&#8220; global_colors_info=&#8220;{%22gcid-primary-color%22:%91%22border_color_all%22%93}&#8220; filter_brightness__hover_enabled=&#8220;on|desktop&#8220; filter_brightness__hover=&#8220;85%&#8220;][\/et_pb_image][et_pb_text _builder_version=&#8220;4.27.4&#8243; _module_preset=&#8220;bb7d5e87-2292-43de-b648-6a7f5c5b32eb&#8220; text_font=&#8220;Inter||||||||&#8220; text_font_size=&#8220;16px&#8220; header_3_font=&#8220;Encode Sans|700|||||||&#8220; header_3_font_size=&#8220;25px&#8220; text_orientation=&#8220;center&#8220; custom_margin=&#8220;-20px||10px||false|false&#8220; global_colors_info=&#8220;{}&#8220;]<\/p>\n<h3>Nina Venmans<\/h3>\n<p><span>Medizinische Fachangestellte<\/span><\/p>\n<p>[\/et_pb_text][\/et_pb_column][et_pb_column type=&#8220;1_4&#8243; _builder_version=&#8220;4.22.0&#8243; _module_preset=&#8220;default&#8220; global_colors_info=&#8220;{}&#8220;][et_pb_image src=&#8220;https:\/\/starke-kevelaer.de\/wp-content\/uploads\/2025\/05\/mitarbeiter_5-scaled.jpg&#8220; title_text=&#8220;mitarbeiter_5&#8243; force_fullwidth=&#8220;on&#8220; _builder_version=&#8220;4.27.4&#8243; _module_preset=&#8220;default&#8220; height=&#8220;100%&#8220; animation_style=&#8220;slide&#8220; scroll_horizontal_motion=&#8220;0|70|70|100|-0.3|0|0&#8243; motion_trigger_start=&#8220;top&#8220; border_radii=&#8220;on|342px|342px|342px|342px&#8220; border_width_all=&#8220;4px&#8220; border_color_all=&#8220;gcid-primary-color&#8220; global_colors_info=&#8220;{%22gcid-primary-color%22:%91%22border_color_all%22%93}&#8220; filter_brightness__hover_enabled=&#8220;on|desktop&#8220; filter_brightness__hover=&#8220;85%&#8220;][\/et_pb_image][et_pb_text _builder_version=&#8220;4.25.0&#8243; _module_preset=&#8220;bb7d5e87-2292-43de-b648-6a7f5c5b32eb&#8220; text_font=&#8220;Inter||||||||&#8220; text_font_size=&#8220;16px&#8220; header_3_font=&#8220;Encode Sans|700|||||||&#8220; header_3_font_size=&#8220;25px&#8220; text_orientation=&#8220;center&#8220; custom_margin=&#8220;-20px||10px||false|false&#8220; global_colors_info=&#8220;{}&#8220;]<\/p>\n<h3>Waltraud de Ryck<\/h3>\n<p><span>Medizinische Fachangestellte<\/span><\/p>\n<p>[\/et_pb_text][\/et_pb_column][et_pb_column type=&#8220;1_4&#8243; _builder_version=&#8220;4.22.0&#8243; _module_preset=&#8220;default&#8220; global_colors_info=&#8220;{}&#8220;][et_pb_image src=&#8220;https:\/\/starke-kevelaer.de\/wp-content\/uploads\/2025\/05\/mitarbeiter_6-scaled.jpg&#8220; title_text=&#8220;mitarbeiter_6&#8243; force_fullwidth=&#8220;on&#8220; _builder_version=&#8220;4.27.4&#8243; _module_preset=&#8220;default&#8220; height=&#8220;100%&#8220; animation_style=&#8220;slide&#8220; scroll_horizontal_motion=&#8220;0|70|70|100|-0.3|0|0&#8243; motion_trigger_start=&#8220;top&#8220; border_radii=&#8220;on|342px|342px|342px|342px&#8220; border_width_all=&#8220;4px&#8220; border_color_all=&#8220;gcid-primary-color&#8220; global_colors_info=&#8220;{%22gcid-primary-color%22:%91%22border_color_all%22%93}&#8220; filter_brightness__hover_enabled=&#8220;on|desktop&#8220; filter_brightness__hover=&#8220;85%&#8220;][\/et_pb_image][et_pb_text _builder_version=&#8220;4.25.0&#8243; _module_preset=&#8220;bb7d5e87-2292-43de-b648-6a7f5c5b32eb&#8220; text_font=&#8220;Inter||||||||&#8220; text_font_size=&#8220;16px&#8220; header_3_font=&#8220;Encode Sans|700|||||||&#8220; header_3_font_size=&#8220;24px&#8220; text_orientation=&#8220;center&#8220; custom_margin=&#8220;-20px||10px||false|false&#8220; global_colors_info=&#8220;{}&#8220;]<\/p>\n<h3>Kamila Mazurkiewicz<\/h3>\n<p><span>Medizinische Fachangestellte<\/span><\/p>\n<p>[\/et_pb_text][\/et_pb_column][\/et_pb_row][et_pb_row column_structure=&#8220;1_4,1_4,1_4,1_4&#8243; _builder_version=&#8220;4.25.0&#8243; _module_preset=&#8220;default&#8220; global_colors_info=&#8220;{}&#8220;][et_pb_column type=&#8220;1_4&#8243; _builder_version=&#8220;4.22.0&#8243; _module_preset=&#8220;default&#8220; global_colors_info=&#8220;{}&#8220;][et_pb_image src=&#8220;https:\/\/starke-kevelaer.de\/wp-content\/uploads\/2025\/06\/mitarbeiter_7-scaled.jpg&#8220; title_text=&#8220;mitarbeiter_7&#8243; force_fullwidth=&#8220;on&#8220; _builder_version=&#8220;4.27.4&#8243; _module_preset=&#8220;default&#8220; height=&#8220;100%&#8220; animation_style=&#8220;slide&#8220; scroll_horizontal_motion=&#8220;0|70|70|100|-0.3|0|0&#8243; motion_trigger_start=&#8220;top&#8220; border_radii=&#8220;on|392px|392px|392px|392px&#8220; border_width_all=&#8220;4px&#8220; border_color_all=&#8220;#cb081c&#8220; global_colors_info=&#8220;{}&#8220; filter_brightness__hover_enabled=&#8220;on|desktop&#8220; filter_brightness__hover=&#8220;85%&#8220;][\/et_pb_image][et_pb_text _builder_version=&#8220;4.25.0&#8243; _module_preset=&#8220;bb7d5e87-2292-43de-b648-6a7f5c5b32eb&#8220; text_font=&#8220;Inter||||||||&#8220; text_font_size=&#8220;16px&#8220; header_3_font=&#8220;Encode Sans|700|||||||&#8220; header_3_font_size=&#8220;25px&#8220; text_orientation=&#8220;center&#8220; custom_margin=&#8220;-20px||10px||false|false&#8220; global_colors_info=&#8220;{}&#8220;]<\/p>\n<h3>Vanessa Wix<\/h3>\n<p><span>Medizinische Fachangestellte<\/span><\/p>\n<p>[\/et_pb_text][\/et_pb_column][et_pb_column type=&#8220;1_4&#8243; _builder_version=&#8220;4.22.0&#8243; _module_preset=&#8220;default&#8220; global_colors_info=&#8220;{}&#8220;][et_pb_image src=&#8220;https:\/\/starke-kevelaer.de\/wp-content\/uploads\/2025\/06\/mitarbeiter_8-scaled.jpg&#8220; title_text=&#8220;mitarbeiter_8&#8243; force_fullwidth=&#8220;on&#8220; _builder_version=&#8220;4.27.4&#8243; _module_preset=&#8220;default&#8220; height=&#8220;100%&#8220; animation_style=&#8220;slide&#8220; scroll_horizontal_motion=&#8220;0|70|70|100|0.3|0|0&#8243; motion_trigger_start=&#8220;top&#8220; border_radii=&#8220;on|520px|520px|520px|520px&#8220; border_width_all=&#8220;4px&#8220; border_color_all=&#8220;#cb081c&#8220; global_colors_info=&#8220;{}&#8220; filter_brightness__hover_enabled=&#8220;on|desktop&#8220; filter_brightness__hover=&#8220;85%&#8220;][\/et_pb_image][et_pb_text _builder_version=&#8220;4.27.4&#8243; _module_preset=&#8220;bb7d5e87-2292-43de-b648-6a7f5c5b32eb&#8220; text_font=&#8220;Inter||||||||&#8220; text_font_size=&#8220;16px&#8220; header_3_font=&#8220;Encode Sans|700|||||||&#8220; header_3_font_size=&#8220;25px&#8220; text_orientation=&#8220;center&#8220; custom_margin=&#8220;-20px||10px||false|false&#8220; global_colors_info=&#8220;{}&#8220;]<\/p>\n<h3>Maria Bergers<\/h3>\n<p><span>Medizinische Fachangestellte<\/span><\/p>\n<p>[\/et_pb_text][\/et_pb_column][et_pb_column type=&#8220;1_4&#8243; _builder_version=&#8220;4.22.0&#8243; _module_preset=&#8220;default&#8220; global_colors_info=&#8220;{}&#8220;][et_pb_image src=&#8220;https:\/\/starke-kevelaer.de\/wp-content\/uploads\/2025\/06\/mitarbeiter_9-scaled.jpg&#8220; title_text=&#8220;mitarbeiter_9&#8243; force_fullwidth=&#8220;on&#8220; _builder_version=&#8220;4.27.4&#8243; _module_preset=&#8220;default&#8220; height=&#8220;100%&#8220; animation_style=&#8220;slide&#8220; scroll_horizontal_motion=&#8220;0|70|70|100|-0.3|0|0&#8243; motion_trigger_start=&#8220;top&#8220; border_radii=&#8220;on|342px|342px|342px|342px&#8220; border_width_all=&#8220;4px&#8220; border_color_all=&#8220;#cb081c&#8220; global_colors_info=&#8220;{}&#8220; filter_brightness__hover_enabled=&#8220;on|desktop&#8220; filter_brightness__hover=&#8220;85%&#8220;][\/et_pb_image][et_pb_text _builder_version=&#8220;4.25.0&#8243; _module_preset=&#8220;bb7d5e87-2292-43de-b648-6a7f5c5b32eb&#8220; text_font=&#8220;Inter||||||||&#8220; text_font_size=&#8220;16px&#8220; header_3_font=&#8220;Encode Sans|700|||||||&#8220; header_3_font_size=&#8220;25px&#8220; text_orientation=&#8220;center&#8220; custom_margin=&#8220;-20px||10px||false|false&#8220; global_colors_info=&#8220;{}&#8220;]<\/p>\n<h3>Janine Schr\u00f6rs<\/h3>\n<p><span>Medizinische Fachangestellte<\/span><\/p>\n<p>[\/et_pb_text][\/et_pb_column][et_pb_column type=&#8220;1_4&#8243; _builder_version=&#8220;4.22.0&#8243; _module_preset=&#8220;default&#8220; global_colors_info=&#8220;{}&#8220;][et_pb_image src=&#8220;https:\/\/starke-kevelaer.de\/wp-content\/uploads\/2025\/06\/mitarbeiter_10-scaled.jpg&#8220; title_text=&#8220;mitarbeiter_10&#8243; force_fullwidth=&#8220;on&#8220; _builder_version=&#8220;4.27.4&#8243; _module_preset=&#8220;default&#8220; height=&#8220;100%&#8220; animation_style=&#8220;slide&#8220; scroll_horizontal_motion=&#8220;0|70|70|100|-0.3|0|0&#8243; motion_trigger_start=&#8220;top&#8220; border_radii=&#8220;on|342px|342px|342px|342px&#8220; border_width_all=&#8220;4px&#8220; border_color_all=&#8220;#cb081c&#8220; global_colors_info=&#8220;{}&#8220; filter_brightness__hover_enabled=&#8220;on|desktop&#8220; filter_brightness__hover=&#8220;85%&#8220;][\/et_pb_image][et_pb_text _builder_version=&#8220;4.25.0&#8243; _module_preset=&#8220;bb7d5e87-2292-43de-b648-6a7f5c5b32eb&#8220; text_font=&#8220;Inter||||||||&#8220; text_font_size=&#8220;16px&#8220; header_3_font=&#8220;Encode Sans|700|||||||&#8220; header_3_font_size=&#8220;25px&#8220; text_orientation=&#8220;center&#8220; custom_margin=&#8220;-20px||10px||false|false&#8220; global_colors_info=&#8220;{}&#8220;]<\/p>\n<h3>Nadine Vo\u00df<\/h3>\n<p><span>Medizinische Fachangestellte<\/span><\/p>\n<p>[\/et_pb_text][\/et_pb_column][\/et_pb_row][\/et_pb_section][et_pb_section fb_built=&#8220;1&#8243; module_id=&#8220;kontakt&#8220; _builder_version=&#8220;4.27.4&#8243; _module_preset=&#8220;default&#8220; background_image=&#8220;https:\/\/starke-kevelaer.de\/wp-content\/uploads\/2025\/05\/IMG_0597-scaled.jpg&#8220; global_colors_info=&#8220;{}&#8220;][et_pb_row custom_padding_last_edited=&#8220;on|phone&#8220; _builder_version=&#8220;4.27.4&#8243; _module_preset=&#8220;default&#8220; background_color=&#8220;#FFFFFF&#8220; custom_margin=&#8220;||||false|false&#8220; custom_padding=&#8220;3%|12px||12px|false|true&#8220; custom_padding_tablet=&#8220;3%|12px||12px|false|true&#8220; custom_padding_phone=&#8220;7%|7%|0px|7%|false|true&#8220; global_colors_info=&#8220;{}&#8220;][et_pb_column type=&#8220;4_4&#8243; _builder_version=&#8220;4.25.0&#8243; _module_preset=&#8220;default&#8220; global_colors_info=&#8220;{}&#8220;][et_pb_text _builder_version=&#8220;4.27.4&#8243; _module_preset=&#8220;140c2fcb-f591-4cfb-a54e-fa2ad4925bc2&#8243; header_font=&#8220;Encode Sans Condensed||||||||&#8220; header_2_font=&#8220;Encode Sans|700||on|||||&#8220; header_2_font_size=&#8220;52px&#8220; text_orientation=&#8220;center&#8220; custom_margin=&#8220;|||2%|false|false&#8220; global_colors_info=&#8220;{}&#8220;]<\/p>\n<h2 style=\"text-align: left;\">Kontakt<\/h2>\n<p>[\/et_pb_text][\/et_pb_column][\/et_pb_row][et_pb_row column_structure=&#8220;3_5,2_5&#8243; custom_padding_last_edited=&#8220;on|phone&#8220; _builder_version=&#8220;4.27.4&#8243; _module_preset=&#8220;default&#8220; background_color=&#8220;#FFFFFF&#8220; custom_padding=&#8220;|2%|3%|2%|false|true&#8220; custom_padding_tablet=&#8220;|2%|3%|2%|false|true&#8220; custom_padding_phone=&#8220;|7%|7%|7%|false|true&#8220; global_colors_info=&#8220;{}&#8220;][et_pb_column type=&#8220;3_5&#8243; _builder_version=&#8220;4.27.4&#8243; _module_preset=&#8220;default&#8220; global_colors_info=&#8220;{}&#8220;][et_pb_contact_form _builder_version=&#8220;4.25.0&#8243; _module_preset=&#8220;default&#8220; _unique_id=&#8220;441af09a-bbd1-4bb3-bb00-f9853c85beb6&#8243; form_field_background_color=&#8220;#999999&#8243; form_field_text_color=&#8220;#FFFFFF&#8220; form_field_focus_background_color=&#8220;gcid-4738aa1c-48f2-47b7-8df0-15a77c067e0f&#8220; form_field_font=&#8220;Inter||||||||&#8220; custom_button=&#8220;on&#8220; button_text_size=&#8220;17px&#8220; button_text_color=&#8220;#FFFFFF&#8220; button_bg_color=&#8220;gcid-4738aa1c-48f2-47b7-8df0-15a77c067e0f&#8220; button_border_width=&#8220;0px&#8220; button_border_radius=&#8220;0px&#8220; button_letter_spacing=&#8220;1px&#8220; button_font=&#8220;Encode Sans Condensed|700|||||||&#8220; button_custom_padding=&#8220;15px|24px|15px|24px|true|true&#8220; animation_style=&#8220;fade&#8220; border_color_all=&#8220;#0C71C3&#8243; global_colors_info=&#8220;{%22gcid-4738aa1c-48f2-47b7-8df0-15a77c067e0f%22:%91%22button_bg_color%22,%22form_field_focus_background_color%22%93,%22gcid-733038a9-0d80-4626-96d7-590d6614479b%22:%91%22button_bg_color__hover%22%93}&#8220; button_bg_color__hover_enabled=&#8220;on|desktop&#8220; button_bg_color__hover=&#8220;#f39300&#8243; button_bg_enable_color__hover=&#8220;on&#8220;][et_pb_contact_field field_id=&#8220;Name&#8220; field_title=&#8220;Name&#8220; _builder_version=&#8220;4.25.0&#8243; global_colors_info=&#8220;{}&#8220; button_text_size__hover_enabled=&#8220;off&#8220; button_one_text_size__hover_enabled=&#8220;off&#8220; button_two_text_size__hover_enabled=&#8220;off&#8220; button_text_color__hover_enabled=&#8220;off&#8220; button_one_text_color__hover_enabled=&#8220;off&#8220; button_two_text_color__hover_enabled=&#8220;off&#8220; button_border_width__hover_enabled=&#8220;off&#8220; button_one_border_width__hover_enabled=&#8220;off&#8220; button_two_border_width__hover_enabled=&#8220;off&#8220; button_border_color__hover_enabled=&#8220;off&#8220; button_one_border_color__hover_enabled=&#8220;off&#8220; button_two_border_color__hover_enabled=&#8220;off&#8220; button_border_radius__hover_enabled=&#8220;off&#8220; button_one_border_radius__hover_enabled=&#8220;off&#8220; button_two_border_radius__hover_enabled=&#8220;off&#8220; button_letter_spacing__hover_enabled=&#8220;off&#8220; button_one_letter_spacing__hover_enabled=&#8220;off&#8220; button_two_letter_spacing__hover_enabled=&#8220;off&#8220; button_bg_color__hover_enabled=&#8220;off&#8220; button_one_bg_color__hover_enabled=&#8220;off&#8220; button_two_bg_color__hover_enabled=&#8220;off&#8220;][\/et_pb_contact_field][et_pb_contact_field field_id=&#8220;Email&#8220; field_title=&#8220;E-Mail-Adresse&#8220; field_type=&#8220;email&#8220; _builder_version=&#8220;4.16&#8243; global_colors_info=&#8220;{}&#8220; button_text_size__hover_enabled=&#8220;off&#8220; button_one_text_size__hover_enabled=&#8220;off&#8220; button_two_text_size__hover_enabled=&#8220;off&#8220; button_text_color__hover_enabled=&#8220;off&#8220; button_one_text_color__hover_enabled=&#8220;off&#8220; button_two_text_color__hover_enabled=&#8220;off&#8220; button_border_width__hover_enabled=&#8220;off&#8220; button_one_border_width__hover_enabled=&#8220;off&#8220; button_two_border_width__hover_enabled=&#8220;off&#8220; button_border_color__hover_enabled=&#8220;off&#8220; button_one_border_color__hover_enabled=&#8220;off&#8220; button_two_border_color__hover_enabled=&#8220;off&#8220; button_border_radius__hover_enabled=&#8220;off&#8220; button_one_border_radius__hover_enabled=&#8220;off&#8220; button_two_border_radius__hover_enabled=&#8220;off&#8220; button_letter_spacing__hover_enabled=&#8220;off&#8220; button_one_letter_spacing__hover_enabled=&#8220;off&#8220; button_two_letter_spacing__hover_enabled=&#8220;off&#8220; button_bg_color__hover_enabled=&#8220;off&#8220; button_one_bg_color__hover_enabled=&#8220;off&#8220; button_two_bg_color__hover_enabled=&#8220;off&#8220;][\/et_pb_contact_field][et_pb_contact_field field_id=&#8220;Message&#8220; field_title=&#8220;Nachricht&#8220; field_type=&#8220;text&#8220; fullwidth_field=&#8220;on&#8220; _builder_version=&#8220;4.16&#8243; global_colors_info=&#8220;{}&#8220; button_text_size__hover_enabled=&#8220;off&#8220; button_one_text_size__hover_enabled=&#8220;off&#8220; button_two_text_size__hover_enabled=&#8220;off&#8220; button_text_color__hover_enabled=&#8220;off&#8220; button_one_text_color__hover_enabled=&#8220;off&#8220; button_two_text_color__hover_enabled=&#8220;off&#8220; button_border_width__hover_enabled=&#8220;off&#8220; button_one_border_width__hover_enabled=&#8220;off&#8220; button_two_border_width__hover_enabled=&#8220;off&#8220; button_border_color__hover_enabled=&#8220;off&#8220; button_one_border_color__hover_enabled=&#8220;off&#8220; button_two_border_color__hover_enabled=&#8220;off&#8220; button_border_radius__hover_enabled=&#8220;off&#8220; button_one_border_radius__hover_enabled=&#8220;off&#8220; button_two_border_radius__hover_enabled=&#8220;off&#8220; button_letter_spacing__hover_enabled=&#8220;off&#8220; button_one_letter_spacing__hover_enabled=&#8220;off&#8220; button_two_letter_spacing__hover_enabled=&#8220;off&#8220; button_bg_color__hover_enabled=&#8220;off&#8220; button_one_bg_color__hover_enabled=&#8220;off&#8220; button_two_bg_color__hover_enabled=&#8220;off&#8220;][\/et_pb_contact_field][et_pb_contact_field field_id=&#8220;Field_4&#8243; field_title=&#8220; &#8220; field_type=&#8220;checkbox&#8220; checkbox_options=&#8220;%91{%22value%22:%22Ich habe die Datenschutzerkl\u00e4rung gelesen und bin mit der \u00dcbersendung einverstanden.%22,%22checked%22:0,%22dragID%22:-1}%93&#8243; fullwidth_field=&#8220;on&#8220; _builder_version=&#8220;4.25.0&#8243; _module_preset=&#8220;default&#8220; form_field_text_color=&#8220;gcid-2490e176-5733-4f77-b033-d0b72133e372&#8243; global_colors_info=&#8220;{%22gcid-2490e176-5733-4f77-b033-d0b72133e372%22:%91%22form_field_text_color%22%93}&#8220;][\/et_pb_contact_field][\/et_pb_contact_form][et_pb_text _builder_version=&#8220;4.25.0&#8243; _module_preset=&#8220;bb7d5e87-2292-43de-b648-6a7f5c5b32eb&#8220; text_font=&#8220;Inter||||||||&#8220; header_3_font=&#8220;Encode Sans|700|||||||&#8220; header_3_font_size=&#8220;25px&#8220; header_5_font=&#8220;Inter||||||||&#8220; header_5_text_color=&#8220;#6B6B6B&#8220; header_5_font_size=&#8220;13px&#8220; header_5_line_height=&#8220;1.3em&#8220; custom_margin=&#8220;-20px||10px||false|false&#8220; animation_style=&#8220;fade&#8220; global_colors_info=&#8220;{}&#8220;]<\/p>\n<p><span>Personenbezogene Daten, die Sie uns \u00fcber das obige Kontaktformular \u00fcbersenden, werden wir nur f\u00fcr die Beantwortung Ihrer Anfrage und f\u00fcr die mit diesem Vorgang verbundene technische Administration verwenden. Die Weitergabe der Daten an Dritte erfolgt nicht.<\/span><\/p>\n<p><span>Sie haben das Recht, eine erteilte Einwilligung zur Kontaktaufnahme mit der Wirkung f\u00fcr die Zukunft jederzeit zu widerrufen. In diesem Fall werden die \u00fcber Sie gespeicherten personenbezogenen Daten umgehend gel\u00f6scht. Nach Bearbeitung Ihrer Anfrage werden die Daten dar\u00fcber hinaus ebenfalls sofort gel\u00f6scht.<\/span><\/p>\n<p><span>Weitere Informationen zum Datenschutz und zum Umgang mit personenbezogenen Daten finden Sie in unserer\u00a0Datenschutzerkl\u00e4rung.<\/span><\/p>\n<p>[\/et_pb_text][\/et_pb_column][et_pb_column type=&#8220;2_5&#8243; _builder_version=&#8220;4.25.0&#8243; _module_preset=&#8220;default&#8220; global_colors_info=&#8220;{}&#8220;][et_pb_text _builder_version=&#8220;4.25.0&#8243; _module_preset=&#8220;bb7d5e87-2292-43de-b648-6a7f5c5b32eb&#8220; text_font=&#8220;Inter||||||||&#8220; text_font_size=&#8220;16px&#8220; header_3_font=&#8220;Encode Sans|700|||||||&#8220; header_3_font_size=&#8220;25px&#8220; header_5_font=&#8220;Inter||||||||&#8220; header_5_text_color=&#8220;#6B6B6B&#8220; header_5_font_size=&#8220;14px&#8220; header_5_line_height=&#8220;1.3em&#8220; text_orientation=&#8220;center&#8220; custom_margin=&#8220;-20px||10px||false|false&#8220; animation_style=&#8220;fade&#8220; global_colors_info=&#8220;{}&#8220;]<\/p>\n<h3 style=\"text-align: left;\">Kontaktdaten<\/h3>\n<p style=\"text-align: left;\"><span style=\"color: #cb081c;\"><strong>Gemeinschaftspraxis<\/strong><\/span><br \/><span>Christoph und Ursula Starke<\/span><br \/><span>Fach\u00e4rzte f\u00fcr Allgemein- und Palliativmedizin<\/span><\/p>\n<p style=\"text-align: left;\"><span>Dorfplatz 2<br \/><\/span><span>47624 Kevelaer-Twisteden<\/span><\/p>\n<p style=\"text-align: left;\">Telefon: 02832-70933<br \/>Fax: 02832-799509<\/p>\n<p style=\"text-align: left;\">Email: <span style=\"color: #cb081c;\"><a href=\"mailto:info@praxis-starke-kevelaer.de\">info@praxis-starke-kevelaer.de<\/a><\/span><\/p>\n<h5 style=\"text-align: left;\">(Bitte nutzen Sie die Mailadresse nicht f\u00fcr Terminanfragen oder Fragen zu Ihrem Patientenstatus. Gerne k\u00f6nnen Sie uns<br \/>Unterlagen o.\u00e4. auf diesem Weg zukommen lassen!)<\/h5>\n<p style=\"text-align: left;\">Email &#8211; Rezepte: <a class=\"moz-txt-link-abbreviated\" href=\"mailto:rezepte@starke-kevelaer.de\">reze<span style=\"color: #cb081c;\">pte@<\/span>starke-kevelaer.de<\/a><\/p>\n<p style=\"text-align: left;\">\n<h5 style=\"text-align: left;\">(Ausschlie\u00dflich f\u00fcr Rezeptanfragenper E-Mail)<\/h5>\n<p>[\/et_pb_text][et_pb_text module_id=&#8220;notruf&#8220; _builder_version=&#8220;4.27.4&#8243; _module_preset=&#8220;bb7d5e87-2292-43de-b648-6a7f5c5b32eb&#8220; text_font=&#8220;Inter||||||||&#8220; text_font_size=&#8220;16px&#8220; header_3_font=&#8220;Encode Sans|700|||||||&#8220; header_3_font_size=&#8220;25px&#8220; header_5_font=&#8220;Inter||||||||&#8220; header_5_text_color=&#8220;#6B6B6B&#8220; header_5_font_size=&#8220;13px&#8220; header_5_line_height=&#8220;1.3em&#8220; custom_margin=&#8220;10px||10px||false|false&#8220; animation_style=&#8220;fade&#8220; global_colors_info=&#8220;{}&#8220;]<\/p>\n<h3 style=\"text-align: left;\"><b>Kassen\u00e4rztlicher Notdienst<\/b><span style=\"color: #cb081c;\"><strong><\/strong><\/span><span style=\"color: #cb081c;\"><strong><\/strong><\/span><\/h3>\n<p>Allgemeiner Notruf <span style=\"color: #cb081c;\">Rettungswagen\/ Notarzt 112<br \/><\/span>Au\u00dferhalb der Sprechstundenzeiten ist der allgemeine kassen\u00e4rztliche Notdienst bundesweit<br \/>unter der Rufnummer <span style=\"color: #cb081c;\">116117<\/span> zu erreichen<br \/>Augen\u00e4rztlicher Notdienst <span style=\"color: #cb081c;\">116117<\/span><br \/>Zahn\u00e4rztlicher Notdienst <span style=\"color: #cb081c;\">0180 5986700<\/span><\/p>\n<p>[\/et_pb_text][et_pb_text _builder_version=&#8220;4.25.0&#8243; _module_preset=&#8220;bb7d5e87-2292-43de-b648-6a7f5c5b32eb&#8220; text_font=&#8220;Inter||||||||&#8220; text_font_size=&#8220;16px&#8220; header_3_font=&#8220;Encode Sans|700|||||||&#8220; header_3_font_size=&#8220;25px&#8220; header_5_font=&#8220;Inter||||||||&#8220; header_5_text_color=&#8220;#6B6B6B&#8220; header_5_font_size=&#8220;13px&#8220; header_5_line_height=&#8220;1.3em&#8220; text_orientation=&#8220;center&#8220; custom_margin=&#8220;-20px||10px||false|false&#8220; global_colors_info=&#8220;{}&#8220;][\/et_pb_text][\/et_pb_column][\/et_pb_row][\/et_pb_section][et_pb_section fb_built=&#8220;1&#8243; module_id=&#8220;sitemap&#8220; _builder_version=&#8220;4.27.4&#8243; _module_preset=&#8220;default&#8220; border_width_top=&#8220;5px&#8220; border_color_top=&#8220;gcid-primary-color&#8220; global_colors_info=&#8220;{%22gcid-primary-color%22:%91%22border_color_top%22%93}&#8220;][et_pb_row column_structure=&#8220;1_3,1_3,1_3&#8243; _builder_version=&#8220;4.27.4&#8243; _module_preset=&#8220;default&#8220; global_colors_info=&#8220;{}&#8220;][et_pb_column type=&#8220;1_3&#8243; _builder_version=&#8220;4.27.4&#8243; _module_preset=&#8220;default&#8220; global_colors_info=&#8220;{}&#8220;][et_pb_text _builder_version=&#8220;4.27.4&#8243; _module_preset=&#8220;bb7d5e87-2292-43de-b648-6a7f5c5b32eb&#8220; text_font=&#8220;Inter||||||||&#8220; text_font_size=&#8220;16px&#8220; header_3_font=&#8220;Encode Sans|700|||||||&#8220; header_3_font_size=&#8220;25px&#8220; header_5_font=&#8220;Inter||||||||&#8220; header_5_text_color=&#8220;#6B6B6B&#8220; header_5_font_size=&#8220;14px&#8220; header_5_line_height=&#8220;1.3em&#8220; text_orientation=&#8220;center&#8220; custom_margin=&#8220;-20px||10px||false|false&#8220; animation_style=&#8220;fade&#8220; global_colors_info=&#8220;{}&#8220;]<\/p>\n<h3 style=\"text-align: left;\">Sitemap<\/h3>\n<p>[\/et_pb_text][et_pb_text _builder_version=&#8220;4.27.4&#8243; _module_preset=&#8220;default&#8220; global_colors_info=&#8220;{}&#8220;]<\/p>\n<p><strong><a href=\"https:\/\/starke-kevelaer.de\/#praxis\">\u2022 Unsere Praxis<\/a><\/strong><br \/><strong><a href=\"https:\/\/starke-kevelaer.de\/#leistung\">\u2022 Unsere Leistungen<\/a><\/strong><br \/><strong><a href=\"https:\/\/starke-kevelaer.de\/#aktuelles\">\u2022 Aktuelles<\/a><\/strong><br \/><strong><a href=\"https:\/\/starke-kevelaer.de\/#hzv\">\u2022 Mein Hausarztprogramm<\/a><\/strong><br \/><strong><a href=\"https:\/\/starke-kevelaer.de\/#team\">\u2022 Unser Team<\/a><\/strong><br \/><strong><a href=\"https:\/\/starke-kevelaer.de\/index.php\/karriere\/\">\u2022 Job<\/a><\/strong><br \/><strong><a href=\"http:\/\/ks-kevelaer.de\/vorschau\/starke_2\/#kontakt\">\u2022 Kontakt<\/a><\/strong><br \/><a href=\"https:\/\/starke-kevelaer.de\/index.php\/impressum\/\"><strong>\u2022 Impressum<\/strong><\/a><br \/><a href=\"https:\/\/starke-kevelaer.de\/index.php\/datenschutz\/\"><strong>\u2022 Datenschutz<\/strong><\/a><\/p>\n<p>[\/et_pb_text][\/et_pb_column][et_pb_column type=&#8220;1_3&#8243; _builder_version=&#8220;4.27.4&#8243; _module_preset=&#8220;default&#8220; global_colors_info=&#8220;{}&#8220;][et_pb_text _builder_version=&#8220;4.27.4&#8243; _module_preset=&#8220;bb7d5e87-2292-43de-b648-6a7f5c5b32eb&#8220; text_font=&#8220;Inter||||||||&#8220; text_font_size=&#8220;16px&#8220; header_3_font=&#8220;Encode Sans|700|||||||&#8220; header_3_font_size=&#8220;25px&#8220; header_5_font=&#8220;Inter||||||||&#8220; header_5_text_color=&#8220;#6B6B6B&#8220; header_5_font_size=&#8220;14px&#8220; header_5_line_height=&#8220;1.3em&#8220; text_orientation=&#8220;center&#8220; custom_margin=&#8220;-20px||10px||false|false&#8220; animation_style=&#8220;fade&#8220; global_colors_info=&#8220;{}&#8220;]<\/p>\n<h3 style=\"text-align: left;\">\u00d6ffnungszeiten<\/h3>\n<p>[\/et_pb_text][et_pb_text _builder_version=&#8220;4.27.4&#8243; _module_preset=&#8220;default&#8220; global_colors_info=&#8220;{}&#8220;]<\/p>\n<div class=\"et_pb_module et_pb_text et_pb_text_1_tb_footer  et_pb_text_align_left et_pb_bg_layout_light\">\n<div class=\"et_pb_text_inner\">\n<p><span><strong><span style=\"color: #cb081c;\">Montag<\/span>\u00a0<\/strong>\u00a0 \u00a0 \u00a0 \u00a0 \u00a0 8.00 \u2013 12.00 &amp; 16.00 \u2013 18.00 Uhr<br \/><\/span><span><span style=\"color: #cb081c;\"><strong>Dienstag\u00a0<\/strong><\/span>\u00a0 \u00a0 \u00a0 \u00a0 8.00 \u2013 12.00 &amp; 16.00 \u2013 18.00 Uhr<br \/><\/span><span><strong><span style=\"color: #cb081c;\">Mittwoch<\/span>\u00a0<\/strong>\u00a0 \u00a0 \u00a0 \u00a08.00 \u2013 12.00 <\/span><span>Uhr<br \/><\/span><span><strong><span style=\"color: #cb081c;\">Donnerstag<\/span>\u00a0<\/strong>\u00a0 \u00a08.00 \u2013 12.00 &amp; 16.00 \u2013 18.00 Uhr<br \/><strong><span style=\"color: #cb081c;\">Freitag<\/span>\u00a0 \u00a0 \u00a0\u00a0<\/strong>\u00a0 \u00a0 \u00a0 \u00a08.00 \u2013 12.00 Uhr<\/span><\/p>\n<\/div>\n<\/div>\n<div class=\"et_pb_module et_pb_text et_pb_text_2_tb_footer  et_pb_text_align_left et_pb_bg_layout_light\">\n<div class=\"et_pb_text_inner\">\n<p><span style=\"color: #cb081c;\"><strong>Individuelle Termine auch nach Vereinbarung<\/strong><\/span><\/p>\n<\/div>\n<\/div>\n<p>[\/et_pb_text][et_pb_text _builder_version=&#8220;4.27.4&#8243; _module_preset=&#8220;bb7d5e87-2292-43de-b648-6a7f5c5b32eb&#8220; text_font=&#8220;Inter||||||||&#8220; text_font_size=&#8220;16px&#8220; header_3_font=&#8220;Encode Sans|700|||||||&#8220; header_3_font_size=&#8220;25px&#8220; header_5_font=&#8220;Inter||||||||&#8220; header_5_text_color=&#8220;#6B6B6B&#8220; header_5_font_size=&#8220;14px&#8220; header_5_line_height=&#8220;1.3em&#8220; text_orientation=&#8220;center&#8220; custom_margin=&#8220;||10px||false|false&#8220; animation_style=&#8220;fade&#8220; global_colors_info=&#8220;{}&#8220;]<\/p>\n<h3 style=\"text-align: left;\">Laborzeiten<\/h3>\n<p>[\/et_pb_text][et_pb_text _builder_version=&#8220;4.27.4&#8243; _module_preset=&#8220;default&#8220; global_colors_info=&#8220;{}&#8220;]<\/p>\n<div class=\"et_pb_module et_pb_text et_pb_text_1_tb_footer  et_pb_text_align_left et_pb_bg_layout_light\">\n<div class=\"et_pb_text_inner\">\n<p><b>nur nach R\u00fccksprache!<\/b><\/p>\n<p>Vor dem Aufsuchen der Sprechstunde bitten wir Sie um eine telefonische Anmeldung, auch bei kurzfristigem Terminwunsch. Hierdurch k\u00f6nnen wir besser planen und Ihre Wartezeit m\u00f6glichst verk\u00fcrzen!<\/p>\n<\/div>\n<\/div>\n<p>[\/et_pb_text][\/et_pb_column][et_pb_column type=&#8220;1_3&#8243; _builder_version=&#8220;4.27.4&#8243; _module_preset=&#8220;default&#8220; global_colors_info=&#8220;{}&#8220;][et_pb_text _builder_version=&#8220;4.27.4&#8243; _module_preset=&#8220;bb7d5e87-2292-43de-b648-6a7f5c5b32eb&#8220; text_font=&#8220;Inter||||||||&#8220; text_font_size=&#8220;16px&#8220; header_3_font=&#8220;Encode Sans|700|||||||&#8220; header_3_font_size=&#8220;25px&#8220; header_5_font=&#8220;Inter||||||||&#8220; header_5_text_color=&#8220;#6B6B6B&#8220; header_5_font_size=&#8220;14px&#8220; header_5_line_height=&#8220;1.3em&#8220; text_orientation=&#8220;center&#8220; custom_margin=&#8220;-20px||10px||false|false&#8220; animation_style=&#8220;fade&#8220; global_colors_info=&#8220;{}&#8220;]<\/p>\n<h3 style=\"text-align: left;\">\u00c4rztlicher Bereitschaftsdienst<\/h3>\n<p>[\/et_pb_text][et_pb_text _builder_version=&#8220;4.27.4&#8243; _module_preset=&#8220;default&#8220; global_colors_info=&#8220;{}&#8220;]<\/p>\n<div class=\"et_pb_module et_pb_text et_pb_text_1_tb_footer  et_pb_text_align_left et_pb_bg_layout_light\">\n<div class=\"et_pb_text_inner\">\n<p><b>Den allgemeinen \u00e4rztlichen Bereitschaftsdienst erreichen Sie grunds\u00e4tzlich unter der Rufnummer <span style=\"color: #cb081c;\">116 117<\/span>.<\/b><\/p>\n<p>Au\u00dferhalb unserer Sprechzeiten steht Ihnen zu den u.a. Zeiten f\u00fcr akute Beschwerden die <strong>Notdienstpraxis der KV im St. Clemens-Hospital Geldern<\/strong> zur Verf\u00fcgung.<br \/>Eine vorherige Anmeldung ist nicht erforderlich. Bitte bringen Sie Ihre Versichertenkarte mit:<\/p>\n<p data-start=\"454\" data-end=\"498\" class=\"\"><strong data-start=\"457\" data-end=\"496\">\u00d6ffnungszeiten der Notdienstpraxis:<\/strong><\/p>\n<p data-start=\"501\" data-end=\"554\" class=\"\"><strong data-start=\"501\" data-end=\"534\">Montag, Dienstag, Donnerstag:<br \/><\/strong>19:00 \u2013 21:00 Uhr<\/p>\n<p data-start=\"557\" data-end=\"599\" class=\"\"><strong data-start=\"557\" data-end=\"579\">Mittwoch, Freitag:<\/strong><span>\u00a0<\/span>15:00 \u2013 21:00 Uhr<\/p>\n<p data-start=\"602\" data-end=\"653\" class=\"\"><strong data-start=\"602\" data-end=\"635\">Samstag, Sonntag &amp; Feiertage:<br \/><\/strong>09:00 \u2013 21:00 Uhr<\/p>\n<\/div>\n<\/div>\n<p>[\/et_pb_text][\/et_pb_column][\/et_pb_row][\/et_pb_section]<\/p>\n","protected":false},"excerpt":{"rendered":"<p>Ihre Hausarztpraxisin KevelaerTermine k\u00f6nnen Sie ganz bequem online buchen unter &#8222;Doctolib&#8220;.Bei akuten Beschwerden rufen Sie bitte die 02832-70933 an, wir helfen Ihnen schnell weiter.Unsere PraxisHaus\u00e4rztliche Versorgung in Kevelaer-Twisteden \u2013 pers\u00f6nlich, modern und nah Als Hausarztpraxis in Kevelaer k\u00fcmmern wir uns mit Herz und Kompetenz um Ihre Gesundheit. Unsere haus\u00e4rztliche Praxis liegt zentral im Ortskern von [&hellip;]<\/p>\n","protected":false},"author":2,"featured_media":0,"parent":0,"menu_order":0,"comment_status":"closed","ping_status":"closed","template":"","meta":{"_et_pb_use_builder":"on","_et_pb_old_content":"<!-- wp:divi\/placeholder \/-->","_et_gb_content_width":"","footnotes":""},"class_list":["post-215","page","type-page","status-publish","hentry"],"_links":{"self":[{"href":"https:\/\/starke-kevelaer.de\/index.php\/wp-json\/wp\/v2\/pages\/215","targetHints":{"allow":["GET"]}}],"collection":[{"href":"https:\/\/starke-kevelaer.de\/index.php\/wp-json\/wp\/v2\/pages"}],"about":[{"href":"https:\/\/starke-kevelaer.de\/index.php\/wp-json\/wp\/v2\/types\/page"}],"author":[{"embeddable":true,"href":"https:\/\/starke-kevelaer.de\/index.php\/wp-json\/wp\/v2\/users\/2"}],"replies":[{"embeddable":true,"href":"https:\/\/starke-kevelaer.de\/index.php\/wp-json\/wp\/v2\/comments?post=215"}],"version-history":[{"count":112,"href":"https:\/\/starke-kevelaer.de\/index.php\/wp-json\/wp\/v2\/pages\/215\/revisions"}],"predecessor-version":[{"id":677,"href":"https:\/\/starke-kevelaer.de\/index.php\/wp-json\/wp\/v2\/pages\/215\/revisions\/677"}],"wp:attachment":[{"href":"https:\/\/starke-kevelaer.de\/index.php\/wp-json\/wp\/v2\/media?parent=215"}],"curies":[{"name":"wp","href":"https:\/\/api.w.org\/{rel}","templated":true}]}}