{"id":409,"date":"2025-05-19T12:16:01","date_gmt":"2025-05-19T10:16:01","guid":{"rendered":"http:\/\/ks-kevelaer.de\/vorschau\/starke_2\/?page_id=409"},"modified":"2025-06-18T07:16:09","modified_gmt":"2025-06-18T07:16:09","slug":"karriere","status":"publish","type":"page","link":"https:\/\/starke-kevelaer.de\/index.php\/karriere\/","title":{"rendered":"Karriere"},"content":{"rendered":"<p>[et_pb_section fb_built=&#8220;1&#8243; admin_label=&#8220;Header&#8220; _builder_version=&#8220;4.27.4&#8243; _module_preset=&#8220;default&#8220; background_image=&#8220;https:\/\/starke-kevelaer.de\/wp-content\/uploads\/2025\/05\/IMG_0793-scaled.jpg&#8220; background_position=&#8220;bottom_center&#8220; background_vertical_offset=&#8220;28%&#8220; custom_padding=&#8220;5vw||13vw||false|false&#8220; border_radii=&#8220;off|||0vw|0vw&#8220; collapsed=&#8220;on&#8220; global_colors_info=&#8220;{}&#8220;][et_pb_row _builder_version=&#8220;4.27.4&#8243; _module_preset=&#8220;default&#8220; background_color=&#8220;rgba(219,219,219,0.91)&#8220; max_width=&#8220;1800px&#8220; custom_padding=&#8220;|7%||7%|false|true&#8220; global_colors_info=&#8220;{}&#8220;][et_pb_column type=&#8220;4_4&#8243; _builder_version=&#8220;4.25.0&#8243; _module_preset=&#8220;default&#8220; global_colors_info=&#8220;{}&#8220;][et_pb_text _builder_version=&#8220;4.27.4&#8243; _module_preset=&#8220;6e07bffc-f88e-4c16-ab19-95bb28cbd627&#8243; header_font=&#8220;Encode Sans Condensed|700||on|||||&#8220; header_text_align=&#8220;center&#8220; header_text_color=&#8220;#FFFFFF&#8220; header_font_size=&#8220;80px&#8220; max_width=&#8220;1440px&#8220; custom_margin=&#8220;||10px||false|false&#8220; custom_padding=&#8220;||||false|false&#8220; header_font_size_tablet=&#8220;80px&#8220; header_font_size_phone=&#8220;65px&#8220; header_font_size_last_edited=&#8220;on|phone&#8220; header_text_shadow_style=&#8220;preset1&#8243; global_colors_info=&#8220;{}&#8220;]<\/p>\n<h1>Wir suchen Dich!<\/h1>\n<p>&nbsp;<\/p>\n<p>[\/et_pb_text][et_pb_button button_url=&#8220;#kontakt&#8220; button_text=&#8220;nehme Kontakt zu uns auf&#8220; button_alignment=&#8220;center&#8220; _builder_version=&#8220;4.27.4&#8243; _module_preset=&#8220;335deaf1-2dea-4e0a-aaef-d9efd593f6ae&#8220; custom_button=&#8220;on&#8220; button_text_size=&#8220;17px&#8220; button_text_color=&#8220;#FFFFFF&#8220; button_bg_color=&#8220;gcid-4738aa1c-48f2-47b7-8df0-15a77c067e0f&#8220; button_border_color=&#8220;RGBA(255,255,255,0)&#8220; button_letter_spacing=&#8220;-1px&#8220; button_font=&#8220;|700|||||||&#8220; button_icon=&#8220;&#x35;||divi||400&#8243; custom_padding=&#8220;15px|24px|15px|24px|true|true&#8220; global_colors_info=&#8220;{%22gcid-4738aa1c-48f2-47b7-8df0-15a77c067e0f%22:%91%22button_bg_color%22%93,%22gcid-733038a9-0d80-4626-96d7-590d6614479b%22:%91%22button_bg_color__hover%22%93}&#8220; button_bg_color__hover_enabled=&#8220;on|hover&#8220; button_bg_color__hover=&#8220;#f39300&#8243; button_bg_enable_color__hover=&#8220;on&#8220;][\/et_pb_button][\/et_pb_column][\/et_pb_row][\/et_pb_section][et_pb_section fb_built=&#8220;1&#8243; module_id=&#8220;praxis&#8220; _builder_version=&#8220;4.25.0&#8243; _module_preset=&#8220;default&#8220; background_color=&#8220;RGBA(255,255,255,0)&#8220; custom_padding=&#8220;0px|0px|0px|0px|false|false&#8220; link_option_url=&#8220;praxis&#8220; global_colors_info=&#8220;{}&#8220;][et_pb_row column_structure=&#8220;1_2,1_2&#8243; use_custom_gutter=&#8220;on&#8220; gutter_width=&#8220;1&#8243; disabled_on=&#8220;on|on|off&#8220; _builder_version=&#8220;4.27.4&#8243; _module_preset=&#8220;default&#8220; background_color=&#8220;RGBA(255,255,255,0)&#8220; background_enable_image=&#8220;off&#8220; width=&#8220;100%&#8220; max_width=&#8220;100%&#8220; custom_padding=&#8220;0px||0px||false|false&#8220; global_colors_info=&#8220;{}&#8220;][et_pb_column type=&#8220;1_2&#8243; _builder_version=&#8220;4.25.0&#8243; _module_preset=&#8220;default&#8220; custom_padding=&#8220;4%|120px|3%|170px|false|false&#8220; global_colors_info=&#8220;{}&#8220;][et_pb_text _builder_version=&#8220;4.27.4&#8243; _module_preset=&#8220;140c2fcb-f591-4cfb-a54e-fa2ad4925bc2&#8243; header_font=&#8220;Encode Sans Condensed||||||||&#8220; header_2_font=&#8220;Encode Sans|700||on|||||&#8220; header_2_font_size=&#8220;38px&#8220; text_orientation=&#8220;center&#8220; global_colors_info=&#8220;{}&#8220;]<\/p>\n<h2 style=\"text-align: left;\">MFA-Initiativbewerbung<\/h2>\n<p>[\/et_pb_text][et_pb_text _builder_version=&#8220;4.27.4&#8243; _module_preset=&#8220;07196847-8a72-4b5b-91d5-ffc0e2de8b00&#8243; text_text_color=&#8220;gcid-2490e176-5733-4f77-b033-d0b72133e372&#8243; text_font_size=&#8220;16px&#8220; header_4_font=&#8220;Inter||||||||&#8220; header_4_font_size=&#8220;17px&#8220; max_width=&#8220;1440px&#8220; custom_margin=&#8220;30px||30px||false|false&#8220; animation_style=&#8220;fade&#8220; global_colors_info=&#8220;{%22gcid-2490e176-5733-4f77-b033-d0b72133e372%22:%91%22text_text_color%22%93}&#8220;]<\/p>\n<p data-start=\"273\" data-end=\"309\"><strong data-start=\"273\" data-end=\"309\">Medizinische Fachangestellte (m\/w\/d)<br \/>ab Anfang 2026 gesucht<\/strong><\/p>\n<p data-start=\"311\" data-end=\"459\">Wir suchen zur Verst\u00e4rkung unseres Teams eine engagierte <strong>medizinische Fachangestellte (m\/w\/d) in Voll- oder Teilzeit<\/strong>, die Freude an der Arbeit im Haus\u00e4rztlichen Bereich mitbringt.<\/p>\n<p data-start=\"311\" data-end=\"459\">[\/et_pb_text][et_pb_toggle title=&#8220;Was wir bieten:&#8220; open_toggle_text_color=&#8220;RGBA(255,255,255,0)&#8220; open_toggle_background_color=&#8220;RGBA(255,255,255,0)&#8220; closed_toggle_text_color=&#8220;gcid-4738aa1c-48f2-47b7-8df0-15a77c067e0f&#8220; closed_toggle_background_color=&#8220;RGBA(255,255,255,0)&#8220; icon_color=&#8220;gcid-4738aa1c-48f2-47b7-8df0-15a77c067e0f&#8220; toggle_icon=&#8220;&#x33;||divi||400&#8243; open_icon_color=&#8220;gcid-4738aa1c-48f2-47b7-8df0-15a77c067e0f&#8220; open_toggle_icon=&#8220;&#x32;||divi||400&#8243; _builder_version=&#8220;4.27.4&#8243; _module_preset=&#8220;default&#8220; title_text_color=&#8220;#474747&#8243; title_font=&#8220;Inter||||||||&#8220; title_font_size=&#8220;17px&#8220; body_font=&#8220;Inter||||||||&#8220; body_text_color=&#8220;#474747&#8243; body_font_size=&#8220;17px&#8220; background_color=&#8220;RGBA(255,255,255,0)&#8220; custom_padding=&#8220;|||0px|false|false&#8220; animation_style=&#8220;fade&#8220; border_width_all=&#8220;0px&#8220; global_colors_info=&#8220;{%22gcid-4738aa1c-48f2-47b7-8df0-15a77c067e0f%22:%91%22icon_color%22,%22open_icon_color%22,%22closed_toggle_text_color%22%93}&#8220;]<\/p>\n<ul>\n<li><strong>Was wir bieten:<\/strong><br \/>\u2022 ein eingespieltes, kollegiales Team<br \/>\u2022 abwechslungsreiche T\u00e4tigkeiten in einer modernen haus\u00e4rztlichen Praxis<br \/>\u2022 ein wertsch\u00e4tzendes Miteinander und ein angenehmes Arbeitsumfeld<br \/>\u2022 flexibles Arbeitszeitmodell (Voll- oder Teilzeit)<br \/>\u2022 geregelte Arbeitszeiten und Unterst\u00fctzung bei Fort- und Weiterbildungen<\/li>\n<\/ul>\n<p>&nbsp;<\/p>\n<ul>\n<li><strong>Was wir uns w\u00fcnschen<\/strong><br \/>\u2022 eine abgeschlossene Ausbildung als Medizinische Fachangestellte (m\/w\/d)<br \/>\u2022 Interesse an der haus\u00e4rztlichen Versorgung und am Umgang mit Menschen<br \/>\u2022 Teamf\u00e4higkeit, Eigeninitiative und eine strukturierte Arbeitsweise<br \/>\u2022 freundliches und verbindliches Auftreten im Patientenkontakt<\/li>\n<\/ul>\n<p>Wenn wir Ihr Interesse geweckt haben, freuen wir uns \u00fcber Ihre<strong> vollst\u00e4ndige Bewerbungsunterlagen<\/strong>, gerne auch per E-Mail an: <a href=\"mailto:info@praxis-starke-kevelaer.de\">info@praxis-starke-kevelaer.de<\/a><\/p>\n<p>[\/et_pb_toggle][\/et_pb_column][et_pb_column type=&#8220;1_2&#8243; _builder_version=&#8220;4.27.4&#8243; _module_preset=&#8220;default&#8220; background_enable_color=&#8220;off&#8220; background_image=&#8220;https:\/\/starke-kevelaer.de\/wp-content\/uploads\/2025\/06\/alle-min-scaled.jpg&#8220; custom_padding=&#8220;14%||14%||true|false&#8220; animation_style=&#8220;slide&#8220; animation_direction=&#8220;right&#8220; global_colors_info=&#8220;{}&#8220;][\/et_pb_column][\/et_pb_row][et_pb_row column_structure=&#8220;1_2,1_2&#8243; use_custom_gutter=&#8220;on&#8220; gutter_width=&#8220;1&#8243; disabled_on=&#8220;off|off|on&#8220; _builder_version=&#8220;4.27.4&#8243; _module_preset=&#8220;default&#8220; background_color=&#8220;RGBA(255,255,255,0)&#8220; background_enable_image=&#8220;off&#8220; width=&#8220;100%&#8220; max_width=&#8220;100%&#8220; custom_padding=&#8220;0px||0px||false|false&#8220; border_width_all=&#8220;0px&#8220; border_width_top=&#8220;5px&#8220; border_color_top=&#8220;#cb081c&#8220; global_colors_info=&#8220;{}&#8220;][et_pb_column type=&#8220;1_2&#8243; _builder_version=&#8220;4.27.4&#8243; _module_preset=&#8220;default&#8220; background_enable_color=&#8220;off&#8220; background_enable_image=&#8220;off&#8220; animation_style=&#8220;slide&#8220; animation_direction=&#8220;right&#8220; global_colors_info=&#8220;{}&#8220;][et_pb_image src=&#8220;https:\/\/starke-kevelaer.de\/wp-content\/uploads\/2025\/06\/alle-min-scaled.jpg&#8220; title_text=&#8220;alle-min&#8220; _builder_version=&#8220;4.27.4&#8243; _module_preset=&#8220;default&#8220; background_enable_image=&#8220;off&#8220; height_tablet=&#8220;&#8220; height_phone=&#8220;&#8220; height_last_edited=&#8220;on|tablet&#8220; custom_padding=&#8220;0px|0px|0px|0px|false|false&#8220; global_colors_info=&#8220;{}&#8220;][\/et_pb_image][\/et_pb_column][et_pb_column type=&#8220;1_2&#8243; _builder_version=&#8220;4.27.4&#8243; _module_preset=&#8220;default&#8220; custom_padding=&#8220;8%|12%|8%|12%|true|true&#8220; custom_padding_tablet=&#8220;8%|12%|8%|12%|true|true&#8220; custom_padding_phone=&#8220;|10%||10%|false|false&#8220; custom_padding_last_edited=&#8220;on|desktop&#8220; global_colors_info=&#8220;{}&#8220;][et_pb_text _builder_version=&#8220;4.27.4&#8243; _module_preset=&#8220;default&#8220; header_font=&#8220;Encode Sans Condensed||||||||&#8220; header_2_font=&#8220;Encode Sans|700||on|||||&#8220; header_2_font_size=&#8220;30px&#8220; text_orientation=&#8220;center&#8220; global_colors_info=&#8220;{}&#8220;]<\/p>\n<h2 style=\"text-align: left;\">MFA-Initiativ<\/h2>\n<h2 style=\"text-align: left;\">bewerbung<\/h2>\n<p>[\/et_pb_text][et_pb_text _builder_version=&#8220;4.27.4&#8243; _module_preset=&#8220;07196847-8a72-4b5b-91d5-ffc0e2de8b00&#8243; text_text_color=&#8220;gcid-2490e176-5733-4f77-b033-d0b72133e372&#8243; text_font_size=&#8220;16px&#8220; header_4_font=&#8220;Inter||||||||&#8220; header_4_font_size=&#8220;17px&#8220; max_width=&#8220;1440px&#8220; custom_margin=&#8220;30px||30px||false|false&#8220; animation_style=&#8220;fade&#8220; global_colors_info=&#8220;{%22gcid-2490e176-5733-4f77-b033-d0b72133e372%22:%91%22text_text_color%22%93}&#8220;]<\/p>\n<p data-start=\"273\" data-end=\"309\"><strong data-start=\"273\" data-end=\"309\">Medizinische Fachangestellte (m\/w\/d)<br \/>ab Anfang 2026 gesucht<\/strong><\/p>\n<p data-start=\"311\" data-end=\"459\">Wir suchen zur Verst\u00e4rkung unseres Teams eine engagierte <strong>medizinische Fachangestellte (m\/w\/d) in Voll- oder Teilzeit<\/strong>, die Freude an der Arbeit im Haus\u00e4rztlichen Bereich mitbringt.<\/p>\n<p data-start=\"311\" data-end=\"459\">[\/et_pb_text][et_pb_toggle title=&#8220;Was wir bieten:&#8220; open_toggle_text_color=&#8220;RGBA(255,255,255,0)&#8220; open_toggle_background_color=&#8220;RGBA(255,255,255,0)&#8220; closed_toggle_text_color=&#8220;gcid-4738aa1c-48f2-47b7-8df0-15a77c067e0f&#8220; closed_toggle_background_color=&#8220;RGBA(255,255,255,0)&#8220; icon_color=&#8220;gcid-4738aa1c-48f2-47b7-8df0-15a77c067e0f&#8220; toggle_icon=&#8220;&#x33;||divi||400&#8243; open_icon_color=&#8220;gcid-4738aa1c-48f2-47b7-8df0-15a77c067e0f&#8220; open_toggle_icon=&#8220;&#x32;||divi||400&#8243; _builder_version=&#8220;4.27.4&#8243; _module_preset=&#8220;default&#8220; title_text_color=&#8220;#474747&#8243; title_font=&#8220;Inter||||||||&#8220; title_font_size=&#8220;17px&#8220; body_font=&#8220;Inter||||||||&#8220; body_text_color=&#8220;#474747&#8243; body_font_size=&#8220;17px&#8220; background_color=&#8220;RGBA(255,255,255,0)&#8220; custom_padding=&#8220;|||0px|false|false&#8220; animation_style=&#8220;fade&#8220; border_width_all=&#8220;0px&#8220; global_colors_info=&#8220;{%22gcid-4738aa1c-48f2-47b7-8df0-15a77c067e0f%22:%91%22icon_color%22,%22open_icon_color%22,%22closed_toggle_text_color%22%93}&#8220;]<\/p>\n<ul>\n<li><strong>Was wir bieten:<\/strong><br \/>\u2022 ein eingespieltes, kollegiales Team<br \/>\u2022 abwechslungsreiche T\u00e4tigkeiten in einer modernen haus\u00e4rztlichen Praxis<br \/>\u2022 ein wertsch\u00e4tzendes Miteinander und ein angenehmes Arbeitsumfeld<br \/>\u2022 flexibles Arbeitszeitmodell (Voll- oder Teilzeit)<br \/>\u2022 geregelte Arbeitszeiten und Unterst\u00fctzung bei Fort- und Weiterbildungen<\/li>\n<\/ul>\n<p>&nbsp;<\/p>\n<ul>\n<li><strong>Was wir uns w\u00fcnschen<\/strong><br \/>\u2022 eine abgeschlossene Ausbildung als Medizinische Fachangestellte (m\/w\/d)<br \/>\u2022 Interesse an der haus\u00e4rztlichen Versorgung und am Umgang mit Menschen<br \/>\u2022 Teamf\u00e4higkeit, Eigeninitiative und eine strukturierte Arbeitsweise<br \/>\u2022 freundliches und verbindliches Auftreten im Patientenkontakt<\/li>\n<\/ul>\n<p>Wenn wir Ihr Interesse geweckt haben, freuen wir uns \u00fcber Ihre<strong> vollst\u00e4ndige Bewerbungsunterlagen<\/strong>, gerne auch per E-Mail an: <a href=\"mailto:info@praxis-starke-kevelaer.de\">info@praxis-starke-kevelaer.de<\/a><\/p>\n<p>[\/et_pb_toggle][\/et_pb_column][\/et_pb_row][\/et_pb_section][et_pb_section fb_built=&#8220;1&#8243; module_id=&#8220;leistung&#8220; _builder_version=&#8220;4.25.0&#8243; _module_preset=&#8220;default&#8220; background_color=&#8220;RGBA(255,255,255,0)&#8220; custom_padding=&#8220;0px|0px|0px|0px|false|false&#8220; global_colors_info=&#8220;{}&#8220;][et_pb_row column_structure=&#8220;1_2,1_2&#8243; use_custom_gutter=&#8220;on&#8220; gutter_width=&#8220;1&#8243; disabled_on=&#8220;on|on|off&#8220; _builder_version=&#8220;4.27.4&#8243; _module_preset=&#8220;default&#8220; background_color=&#8220;RGBA(255,255,255,0)&#8220; background_enable_image=&#8220;off&#8220; width=&#8220;100%&#8220; max_width=&#8220;100%&#8220; custom_padding=&#8220;0px||0px||false|false&#8220; hover_enabled=&#8220;0&#8243; global_colors_info=&#8220;{}&#8220; sticky_enabled=&#8220;0&#8243;][et_pb_column type=&#8220;1_2&#8243; _builder_version=&#8220;4.27.4&#8243; _module_preset=&#8220;default&#8220; background_enable_color=&#8220;off&#8220; background_image=&#8220;https:\/\/starke-kevelaer.de\/wp-content\/uploads\/2025\/06\/shutterstock_2479972675.jpg&#8220; custom_padding=&#8220;14%||14%||true|false&#8220; animation_style=&#8220;slide&#8220; animation_direction=&#8220;left&#8220; hover_enabled=&#8220;0&#8243; global_colors_info=&#8220;{}&#8220; sticky_enabled=&#8220;0&#8243; title_text=&#8220;Tem,Of,Confident,Doctors,And,Interns,Standing,In,Hospital,With&#8220;][\/et_pb_column][et_pb_column type=&#8220;1_2&#8243; _builder_version=&#8220;4.25.0&#8243; _module_preset=&#8220;default&#8220; custom_padding=&#8220;4%|170px||120px|false|false&#8220; global_colors_info=&#8220;{}&#8220;][et_pb_text _builder_version=&#8220;4.27.4&#8243; _module_preset=&#8220;140c2fcb-f591-4cfb-a54e-fa2ad4925bc2&#8243; header_font=&#8220;Encode Sans Condensed||||||||&#8220; header_2_font=&#8220;Encode Sans|700||on|||||&#8220; header_2_font_size=&#8220;38px&#8220; text_orientation=&#8220;center&#8220; global_colors_info=&#8220;{}&#8220;]<\/p>\n<h2 style=\"text-align: left;\">\u00c4rztliche\/r Mitarbeiter\/in (m\/w\/d) gesucht<\/h2>\n<p>[\/et_pb_text][et_pb_text _builder_version=&#8220;4.27.4&#8243; _module_preset=&#8220;07196847-8a72-4b5b-91d5-ffc0e2de8b00&#8243; text_text_color=&#8220;gcid-2490e176-5733-4f77-b033-d0b72133e372&#8243; text_font_size=&#8220;16px&#8220; header_4_font=&#8220;Inter||||||||&#8220; header_4_font_size=&#8220;17px&#8220; max_width=&#8220;1440px&#8220; custom_margin=&#8220;30px||30px||false|false&#8220; animation_style=&#8220;fade&#8220; global_colors_info=&#8220;{%22gcid-2490e176-5733-4f77-b033-d0b72133e372%22:%91%22text_text_color%22%93}&#8220;]<\/p>\n<p data-start=\"252\" data-end=\"339\">Wir suchen ab sofort \u00e4rztliche Verst\u00e4rkung in unserer allgemein\u00e4rztlichen Praxis und bieten Ihnen eine verantwortungsvolle, abwechslungsreiche T\u00e4tigkeit in der Allgemeinmedizin an.<\/p>\n<p>[\/et_pb_text][et_pb_toggle title=&#8220;Ihr Profil:&#8220; open_toggle_text_color=&#8220;RGBA(255,255,255,0)&#8220; open_toggle_background_color=&#8220;RGBA(255,255,255,0)&#8220; closed_toggle_text_color=&#8220;gcid-4738aa1c-48f2-47b7-8df0-15a77c067e0f&#8220; closed_toggle_background_color=&#8220;RGBA(255,255,255,0)&#8220; icon_color=&#8220;gcid-4738aa1c-48f2-47b7-8df0-15a77c067e0f&#8220; toggle_icon=&#8220;&#x33;||divi||400&#8243; open_icon_color=&#8220;gcid-4738aa1c-48f2-47b7-8df0-15a77c067e0f&#8220; open_toggle_icon=&#8220;&#x32;||divi||400&#8243; _builder_version=&#8220;4.27.4&#8243; _module_preset=&#8220;default&#8220; title_text_color=&#8220;#474747&#8243; title_font=&#8220;Inter||||||||&#8220; title_font_size=&#8220;17px&#8220; body_font=&#8220;Inter||||||||&#8220; body_text_color=&#8220;#474747&#8243; body_font_size=&#8220;17px&#8220; background_color=&#8220;RGBA(255,255,255,0)&#8220; custom_padding=&#8220;|||0px|false|false&#8220; animation_style=&#8220;fade&#8220; border_width_all=&#8220;0px&#8220; global_colors_info=&#8220;{%22gcid-4738aa1c-48f2-47b7-8df0-15a77c067e0f%22:%91%22icon_color%22,%22open_icon_color%22,%22closed_toggle_text_color%22%93}&#8220;]<\/p>\n<ul>\n<li>Sie verf\u00fcgen \u00fcber eine abgeschlossene Facharztausbildung in Allgemein- oder Inneren Medizin oder streben eine Weiterbildung zum Arzt\/\u00c4rztin f\u00fcr Allgemeinmedizin an<\/li>\n<li>Als motivierte und verantwortungsbewusste Pers\u00f6nlichkeit \u00fcberzeugen Sie durch selbstst\u00e4ndiges und engagiertes Arbeiten und besitzen Einf\u00fchlungsverm\u00f6gen f\u00fcr Patienten und Angeh\u00f6rige<\/li>\n<li>Sie besitzen Teamf\u00e4higkeit und haben Spa\u00df im Austausch mit Kolleginnen und Kollegen sowie den Medizinischen Fachangestellten<\/li>\n<\/ul>\n<p>[\/et_pb_toggle][et_pb_toggle title=&#8220;Wir bieten Ihnen:&#8220; open_toggle_text_color=&#8220;RGBA(255,255,255,0)&#8220; open_toggle_background_color=&#8220;RGBA(255,255,255,0)&#8220; closed_toggle_text_color=&#8220;gcid-4738aa1c-48f2-47b7-8df0-15a77c067e0f&#8220; closed_toggle_background_color=&#8220;RGBA(255,255,255,0)&#8220; icon_color=&#8220;gcid-4738aa1c-48f2-47b7-8df0-15a77c067e0f&#8220; toggle_icon=&#8220;&#x33;||divi||400&#8243; open_icon_color=&#8220;gcid-4738aa1c-48f2-47b7-8df0-15a77c067e0f&#8220; open_toggle_icon=&#8220;&#x32;||divi||400&#8243; _builder_version=&#8220;4.27.4&#8243; _module_preset=&#8220;default&#8220; title_text_color=&#8220;#474747&#8243; title_font=&#8220;Inter||||||||&#8220; title_font_size=&#8220;17px&#8220; body_font=&#8220;Inter||||||||&#8220; body_text_color=&#8220;#474747&#8243; body_font_size=&#8220;17px&#8220; background_color=&#8220;RGBA(255,255,255,0)&#8220; custom_padding=&#8220;|||0px|false|false&#8220; animation_style=&#8220;fade&#8220; border_width_all=&#8220;0px&#8220; global_colors_info=&#8220;{%22gcid-4738aa1c-48f2-47b7-8df0-15a77c067e0f%22:%91%22icon_color%22,%22open_icon_color%22,%22closed_toggle_text_color%22%93}&#8220;]<\/p>\n<ul>\n<li>Eine interessante und abwechslungsreiche T\u00e4tigkeit in einem engagierten und aufgeschlossenem Team<\/li>\n<li>eine Weiterbildungserm\u00e4chtigung f\u00fcr 24 Monate liegt vor<\/li>\n<li>gute Work-Life-Balance<\/li>\n<li>individuelle Einarbeitungskonzepte<\/li>\n<li>Option einer bezahlten Hospitation<\/li>\n<li>attraktive Verg\u00fctung<\/li>\n<li>gute Fort- und Weiterbildungsm\u00f6glichkeiten<\/li>\n<li>M\u00f6glichkeit zum Einstieg in unsere allgemeinmedizinische Praxis<\/li>\n<\/ul>\n<p>[\/et_pb_toggle][\/et_pb_column][\/et_pb_row][et_pb_row column_structure=&#8220;1_2,1_2&#8243; use_custom_gutter=&#8220;on&#8220; gutter_width=&#8220;1&#8243; disabled_on=&#8220;off|off|on&#8220; _builder_version=&#8220;4.27.4&#8243; _module_preset=&#8220;default&#8220; background_color=&#8220;RGBA(255,255,255,0)&#8220; background_enable_image=&#8220;off&#8220; width=&#8220;100%&#8220; max_width=&#8220;100%&#8220; custom_padding=&#8220;0px||0px||false|false&#8220; hover_enabled=&#8220;0&#8243; border_width_all=&#8220;0px&#8220; border_width_top=&#8220;5px&#8220; border_color_top=&#8220;#cb081c&#8220; global_colors_info=&#8220;{}&#8220; sticky_enabled=&#8220;0&#8243;][et_pb_column type=&#8220;1_2&#8243; _builder_version=&#8220;4.27.4&#8243; _module_preset=&#8220;default&#8220; background_enable_color=&#8220;off&#8220; background_enable_image=&#8220;off&#8220; animation_style=&#8220;slide&#8220; animation_direction=&#8220;right&#8220; hover_enabled=&#8220;0&#8243; global_colors_info=&#8220;{}&#8220; sticky_enabled=&#8220;0&#8243;][et_pb_image src=&#8220;https:\/\/starke-kevelaer.de\/wp-content\/uploads\/2025\/06\/shutterstock_2479972675.jpg&#8220; title_text=&#8220;Tem,Of,Confident,Doctors,And,Interns,Standing,In,Hospital,With&#8220; _builder_version=&#8220;4.27.4&#8243; _module_preset=&#8220;default&#8220; background_enable_image=&#8220;off&#8220; height_tablet=&#8220;&#8220; height_phone=&#8220;&#8220; height_last_edited=&#8220;on|tablet&#8220; custom_padding=&#8220;0px|0px|0px|0px|false|false&#8220; hover_enabled=&#8220;0&#8243; global_colors_info=&#8220;{}&#8220; sticky_enabled=&#8220;0&#8243;][\/et_pb_image][\/et_pb_column][et_pb_column type=&#8220;1_2&#8243; _builder_version=&#8220;4.27.4&#8243; _module_preset=&#8220;default&#8220; custom_padding=&#8220;8%|12%|8%|12%|true|true&#8220; custom_padding_tablet=&#8220;8%|12%|8%|12%|true|true&#8220; custom_padding_phone=&#8220;|10%||10%|false|false&#8220; custom_padding_last_edited=&#8220;on|desktop&#8220; global_colors_info=&#8220;{}&#8220;][et_pb_text _builder_version=&#8220;4.27.4&#8243; _module_preset=&#8220;140c2fcb-f591-4cfb-a54e-fa2ad4925bc2&#8243; header_font=&#8220;Encode Sans Condensed||||||||&#8220; header_2_font=&#8220;Encode Sans|700||on|||||&#8220; header_2_font_size=&#8220;30px&#8220; header_2_line_height=&#8220;1.15em&#8220; text_orientation=&#8220;center&#8220; global_colors_info=&#8220;{}&#8220;]<\/p>\n<h2 style=\"text-align: left;\">\u00c4rztliche\/r Mitarbeiter\/in (m\/w\/d) gesucht<\/h2>\n<p>[\/et_pb_text][et_pb_text _builder_version=&#8220;4.27.4&#8243; _module_preset=&#8220;07196847-8a72-4b5b-91d5-ffc0e2de8b00&#8243; text_text_color=&#8220;gcid-2490e176-5733-4f77-b033-d0b72133e372&#8243; text_font_size=&#8220;16px&#8220; header_4_font=&#8220;Inter||||||||&#8220; header_4_font_size=&#8220;17px&#8220; max_width=&#8220;1440px&#8220; custom_margin=&#8220;30px||30px||false|false&#8220; animation_style=&#8220;fade&#8220; global_colors_info=&#8220;{%22gcid-2490e176-5733-4f77-b033-d0b72133e372%22:%91%22text_text_color%22%93}&#8220;]<\/p>\n<p data-start=\"252\" data-end=\"339\">Wir suchen ab sofort \u00e4rztliche Verst\u00e4rkung in unserer allgemein\u00e4rztlichen Praxis und bieten Ihnen eine verantwortungsvolle, abwechslungsreiche T\u00e4tigkeit in der Allgemeinmedizin an.<\/p>\n<p>[\/et_pb_text][et_pb_toggle title=&#8220;Ihr Profil:&#8220; open_toggle_text_color=&#8220;RGBA(255,255,255,0)&#8220; open_toggle_background_color=&#8220;RGBA(255,255,255,0)&#8220; closed_toggle_text_color=&#8220;gcid-4738aa1c-48f2-47b7-8df0-15a77c067e0f&#8220; closed_toggle_background_color=&#8220;RGBA(255,255,255,0)&#8220; icon_color=&#8220;gcid-4738aa1c-48f2-47b7-8df0-15a77c067e0f&#8220; toggle_icon=&#8220;&#x33;||divi||400&#8243; open_icon_color=&#8220;gcid-4738aa1c-48f2-47b7-8df0-15a77c067e0f&#8220; open_toggle_icon=&#8220;&#x32;||divi||400&#8243; _builder_version=&#8220;4.27.4&#8243; _module_preset=&#8220;default&#8220; title_text_color=&#8220;#474747&#8243; title_font=&#8220;Inter||||||||&#8220; title_font_size=&#8220;17px&#8220; body_font=&#8220;Inter||||||||&#8220; body_text_color=&#8220;#474747&#8243; body_font_size=&#8220;17px&#8220; background_color=&#8220;RGBA(255,255,255,0)&#8220; custom_padding=&#8220;|||0px|false|false&#8220; animation_style=&#8220;fade&#8220; border_width_all=&#8220;0px&#8220; global_colors_info=&#8220;{%22gcid-4738aa1c-48f2-47b7-8df0-15a77c067e0f%22:%91%22icon_color%22,%22open_icon_color%22,%22closed_toggle_text_color%22%93}&#8220;]<\/p>\n<ul>\n<li>Sie verf\u00fcgen \u00fcber eine abgeschlossene Facharztausbildung in Allgemein- oder Inneren Medizin oder streben eine Weiterbildung zum Arzt\/\u00c4rztin f\u00fcr Allgemeinmedizin an<\/li>\n<li>Als motivierte und verantwortungsbewusste Pers\u00f6nlichkeit \u00fcberzeugen Sie durch selbstst\u00e4ndiges und engagiertes Arbeiten und besitzen Einf\u00fchlungsverm\u00f6gen f\u00fcr Patienten und Angeh\u00f6rige<\/li>\n<li>Sie besitzen Teamf\u00e4higkeit und haben Spa\u00df im Austausch mit Kolleginnen und Kollegen sowie den Medizinischen Fachangestellten<\/li>\n<\/ul>\n<p>[\/et_pb_toggle][et_pb_toggle title=&#8220;Wir bieten Ihnen:&#8220; open_toggle_text_color=&#8220;RGBA(255,255,255,0)&#8220; open_toggle_background_color=&#8220;RGBA(255,255,255,0)&#8220; closed_toggle_text_color=&#8220;gcid-4738aa1c-48f2-47b7-8df0-15a77c067e0f&#8220; closed_toggle_background_color=&#8220;RGBA(255,255,255,0)&#8220; icon_color=&#8220;gcid-4738aa1c-48f2-47b7-8df0-15a77c067e0f&#8220; toggle_icon=&#8220;&#x33;||divi||400&#8243; open_icon_color=&#8220;gcid-4738aa1c-48f2-47b7-8df0-15a77c067e0f&#8220; open_toggle_icon=&#8220;&#x32;||divi||400&#8243; _builder_version=&#8220;4.27.4&#8243; _module_preset=&#8220;default&#8220; title_text_color=&#8220;#474747&#8243; title_font=&#8220;Inter||||||||&#8220; title_font_size=&#8220;17px&#8220; body_font=&#8220;Inter||||||||&#8220; body_text_color=&#8220;#474747&#8243; body_font_size=&#8220;17px&#8220; background_color=&#8220;RGBA(255,255,255,0)&#8220; custom_padding=&#8220;|||0px|false|false&#8220; animation_style=&#8220;fade&#8220; border_width_all=&#8220;0px&#8220; global_colors_info=&#8220;{%22gcid-4738aa1c-48f2-47b7-8df0-15a77c067e0f%22:%91%22icon_color%22,%22open_icon_color%22,%22closed_toggle_text_color%22%93}&#8220;]<\/p>\n<ul>\n<li>Eine interessante und abwechslungsreiche T\u00e4tigkeit in einem engagierten und aufgeschlossenem Team<\/li>\n<li>eine Weiterbildungserm\u00e4chtigung f\u00fcr 24 Monate liegt vor<\/li>\n<li>gute Work-Life-Balance<\/li>\n<li>individuelle Einarbeitungskonzepte<\/li>\n<li>Option einer bezahlten Hospitation<\/li>\n<li>attraktive Verg\u00fctung<\/li>\n<li>gute Fort- und Weiterbildungsm\u00f6glichkeiten<\/li>\n<li>M\u00f6glichkeit zum Einstieg in unsere allgemeinmedizinische Praxis<\/li>\n<\/ul>\n<p>[\/et_pb_toggle][\/et_pb_column][\/et_pb_row][\/et_pb_section][et_pb_section fb_built=&#8220;1&#8243; _builder_version=&#8220;4.27.4&#8243; _module_preset=&#8220;default&#8220; background_color=&#8220;gcid-primary-color&#8220; global_colors_info=&#8220;{%22gcid-primary-color%22:%91%22background_color%22%93}&#8220;][et_pb_row _builder_version=&#8220;4.27.4&#8243; _module_preset=&#8220;default&#8220; custom_padding=&#8220;0px||0px||true|false&#8220; global_colors_info=&#8220;{}&#8220;][et_pb_column type=&#8220;4_4&#8243; _builder_version=&#8220;4.27.4&#8243; _module_preset=&#8220;default&#8220; global_colors_info=&#8220;{}&#8220;][et_pb_text _builder_version=&#8220;4.27.4&#8243; _module_preset=&#8220;default&#8220; link_text_color=&#8220;#FFFFFF&#8220; text_orientation=&#8220;center&#8220; background_layout=&#8220;dark&#8220; global_colors_info=&#8220;{}&#8220;]<\/p>\n<p data-start=\"252\" data-end=\"339\"><strong data-start=\"279\" data-end=\"339\">\u00dcber uns:<\/strong><\/p>\n<p data-start=\"341\" data-end=\"649\">Unsere Praxis liegt zentral in dem familienfreundlichen Ort Twisteden. Der Niederrhein bietet zahlreiche Freizeitm\u00f6glichkeiten, kulturelle Angebote sowie eine ausgezeichnete Anbindung an die Rhein-Ruhr-Region und den Flughafen Niederrhein. In Kevelaer, Geldern und Goch befinden sich Krankenh\u00e4user der Grund- und Regelversorgung, alle weiterf\u00fchrenden Schulen sind ebenfalls vorhanden.<\/p>\n<p data-start=\"252\" data-end=\"339\"><strong data-start=\"279\" data-end=\"339\">Haben wir Ihr Interesse geweckt?<\/strong><\/p>\n<p data-start=\"341\" data-end=\"649\">Dann freuen wir uns auf Ihre vollst\u00e4ndigen Bewerbungsunterlagen<br \/>\u2013 gerne auch per E-Mail an:<span>\u00a0<\/span><a class=\"moz-txt-link-abbreviated\" href=\"mailto:info@praxis-starke-kevelaer.de\">info@praxis-starke-kevelaer.de<\/a><\/p>\n<p>[\/et_pb_text][\/et_pb_column][\/et_pb_row][\/et_pb_section][et_pb_section fb_built=&#8220;1&#8243; module_id=&#8220;kontakt&#8220; _builder_version=&#8220;4.27.4&#8243; _module_preset=&#8220;default&#8220; background_image=&#8220;https:\/\/starke-kevelaer.de\/wp-content\/uploads\/2025\/05\/IMG_0597-scaled.jpg&#8220; global_colors_info=&#8220;{}&#8220;][et_pb_row custom_padding_last_edited=&#8220;on|phone&#8220; _builder_version=&#8220;4.27.4&#8243; _module_preset=&#8220;default&#8220; background_color=&#8220;#FFFFFF&#8220; custom_margin=&#8220;||||false|false&#8220; custom_padding=&#8220;3%||||false|false&#8220; custom_padding_tablet=&#8220;3%||||false|false&#8220; custom_padding_phone=&#8220;7%|7%|0px|7%|false|true&#8220; global_colors_info=&#8220;{}&#8220;][et_pb_column type=&#8220;4_4&#8243; _builder_version=&#8220;4.25.0&#8243; _module_preset=&#8220;default&#8220; global_colors_info=&#8220;{}&#8220;][et_pb_text _builder_version=&#8220;4.27.4&#8243; _module_preset=&#8220;140c2fcb-f591-4cfb-a54e-fa2ad4925bc2&#8243; header_font=&#8220;Encode Sans Condensed||||||||&#8220; header_2_font=&#8220;Encode Sans|700||on|||||&#8220; header_2_font_size=&#8220;52px&#8220; text_orientation=&#8220;center&#8220; custom_margin=&#8220;|||3%|false|false&#8220; global_colors_info=&#8220;{}&#8220;]<\/p>\n<h2 style=\"text-align: left;\">Kontakt<\/h2>\n<p>[\/et_pb_text][\/et_pb_column][\/et_pb_row][et_pb_row custom_padding_last_edited=&#8220;on|phone&#8220; _builder_version=&#8220;4.27.4&#8243; _module_preset=&#8220;default&#8220; background_color=&#8220;#FFFFFF&#8220; custom_padding=&#8220;|2%|3%|2%|false|true&#8220; custom_padding_tablet=&#8220;|2%|3%|2%|false|true&#8220; custom_padding_phone=&#8220;|7%|7%|7%|false|true&#8220; global_colors_info=&#8220;{}&#8220;][et_pb_column type=&#8220;4_4&#8243; _builder_version=&#8220;4.25.0&#8243; _module_preset=&#8220;default&#8220; global_colors_info=&#8220;{}&#8220;][et_pb_contact_form _builder_version=&#8220;4.25.0&#8243; _module_preset=&#8220;default&#8220; _unique_id=&#8220;441af09a-bbd1-4bb3-bb00-f9853c85beb6&#8243; form_field_background_color=&#8220;#999999&#8243; form_field_text_color=&#8220;#FFFFFF&#8220; form_field_focus_background_color=&#8220;gcid-4738aa1c-48f2-47b7-8df0-15a77c067e0f&#8220; form_field_font=&#8220;Inter||||||||&#8220; custom_button=&#8220;on&#8220; button_text_size=&#8220;17px&#8220; button_text_color=&#8220;#FFFFFF&#8220; button_bg_color=&#8220;gcid-4738aa1c-48f2-47b7-8df0-15a77c067e0f&#8220; button_border_width=&#8220;0px&#8220; button_border_radius=&#8220;0px&#8220; button_letter_spacing=&#8220;1px&#8220; button_font=&#8220;Encode Sans Condensed|700|||||||&#8220; button_custom_padding=&#8220;15px|24px|15px|24px|true|true&#8220; animation_style=&#8220;fade&#8220; border_color_all=&#8220;#0C71C3&#8243; global_colors_info=&#8220;{%22gcid-4738aa1c-48f2-47b7-8df0-15a77c067e0f%22:%91%22button_bg_color%22,%22form_field_focus_background_color%22%93,%22gcid-733038a9-0d80-4626-96d7-590d6614479b%22:%91%22button_bg_color__hover%22%93}&#8220; button_bg_color__hover_enabled=&#8220;on|desktop&#8220; button_bg_color__hover=&#8220;#f39300&#8243; button_bg_enable_color__hover=&#8220;on&#8220;][et_pb_contact_field field_id=&#8220;Name&#8220; field_title=&#8220;Name&#8220; _builder_version=&#8220;4.25.0&#8243; global_colors_info=&#8220;{}&#8220; button_text_size__hover_enabled=&#8220;off&#8220; button_one_text_size__hover_enabled=&#8220;off&#8220; button_two_text_size__hover_enabled=&#8220;off&#8220; button_text_color__hover_enabled=&#8220;off&#8220; button_one_text_color__hover_enabled=&#8220;off&#8220; button_two_text_color__hover_enabled=&#8220;off&#8220; button_border_width__hover_enabled=&#8220;off&#8220; button_one_border_width__hover_enabled=&#8220;off&#8220; button_two_border_width__hover_enabled=&#8220;off&#8220; button_border_color__hover_enabled=&#8220;off&#8220; button_one_border_color__hover_enabled=&#8220;off&#8220; button_two_border_color__hover_enabled=&#8220;off&#8220; button_border_radius__hover_enabled=&#8220;off&#8220; button_one_border_radius__hover_enabled=&#8220;off&#8220; button_two_border_radius__hover_enabled=&#8220;off&#8220; button_letter_spacing__hover_enabled=&#8220;off&#8220; button_one_letter_spacing__hover_enabled=&#8220;off&#8220; button_two_letter_spacing__hover_enabled=&#8220;off&#8220; button_bg_color__hover_enabled=&#8220;off&#8220; button_one_bg_color__hover_enabled=&#8220;off&#8220; button_two_bg_color__hover_enabled=&#8220;off&#8220;][\/et_pb_contact_field][et_pb_contact_field field_id=&#8220;Email&#8220; field_title=&#8220;E-Mail-Adresse&#8220; field_type=&#8220;email&#8220; _builder_version=&#8220;4.16&#8243; global_colors_info=&#8220;{}&#8220; button_text_size__hover_enabled=&#8220;off&#8220; button_one_text_size__hover_enabled=&#8220;off&#8220; button_two_text_size__hover_enabled=&#8220;off&#8220; button_text_color__hover_enabled=&#8220;off&#8220; button_one_text_color__hover_enabled=&#8220;off&#8220; button_two_text_color__hover_enabled=&#8220;off&#8220; button_border_width__hover_enabled=&#8220;off&#8220; button_one_border_width__hover_enabled=&#8220;off&#8220; button_two_border_width__hover_enabled=&#8220;off&#8220; button_border_color__hover_enabled=&#8220;off&#8220; button_one_border_color__hover_enabled=&#8220;off&#8220; button_two_border_color__hover_enabled=&#8220;off&#8220; button_border_radius__hover_enabled=&#8220;off&#8220; button_one_border_radius__hover_enabled=&#8220;off&#8220; button_two_border_radius__hover_enabled=&#8220;off&#8220; button_letter_spacing__hover_enabled=&#8220;off&#8220; button_one_letter_spacing__hover_enabled=&#8220;off&#8220; button_two_letter_spacing__hover_enabled=&#8220;off&#8220; button_bg_color__hover_enabled=&#8220;off&#8220; button_one_bg_color__hover_enabled=&#8220;off&#8220; button_two_bg_color__hover_enabled=&#8220;off&#8220;][\/et_pb_contact_field][et_pb_contact_field field_id=&#8220;Job&#8220; field_title=&#8220;Worauf bewerben Sie sich?&#8220; field_type=&#8220;select&#8220; select_options=&#8220;%91{%22value%22:%22Initiativbewerbung%22,%22checked%22:0,%22dragID%22:-1},{%22value%22:%22Nachfolger gesucht%22,%22checked%22:0,%22dragID%22:0}%93&#8243; fullwidth_field=&#8220;on&#8220; _builder_version=&#8220;4.25.0&#8243; _module_preset=&#8220;default&#8220; global_colors_info=&#8220;{}&#8220;][\/et_pb_contact_field][et_pb_contact_field field_id=&#8220;Message&#8220; field_title=&#8220;Nachricht&#8220; field_type=&#8220;text&#8220; fullwidth_field=&#8220;on&#8220; _builder_version=&#8220;4.16&#8243; global_colors_info=&#8220;{}&#8220; button_text_size__hover_enabled=&#8220;off&#8220; button_one_text_size__hover_enabled=&#8220;off&#8220; button_two_text_size__hover_enabled=&#8220;off&#8220; button_text_color__hover_enabled=&#8220;off&#8220; button_one_text_color__hover_enabled=&#8220;off&#8220; button_two_text_color__hover_enabled=&#8220;off&#8220; button_border_width__hover_enabled=&#8220;off&#8220; button_one_border_width__hover_enabled=&#8220;off&#8220; button_two_border_width__hover_enabled=&#8220;off&#8220; button_border_color__hover_enabled=&#8220;off&#8220; button_one_border_color__hover_enabled=&#8220;off&#8220; button_two_border_color__hover_enabled=&#8220;off&#8220; button_border_radius__hover_enabled=&#8220;off&#8220; button_one_border_radius__hover_enabled=&#8220;off&#8220; button_two_border_radius__hover_enabled=&#8220;off&#8220; button_letter_spacing__hover_enabled=&#8220;off&#8220; button_one_letter_spacing__hover_enabled=&#8220;off&#8220; button_two_letter_spacing__hover_enabled=&#8220;off&#8220; button_bg_color__hover_enabled=&#8220;off&#8220; button_one_bg_color__hover_enabled=&#8220;off&#8220; button_two_bg_color__hover_enabled=&#8220;off&#8220;][\/et_pb_contact_field][et_pb_contact_field field_id=&#8220;Field_4&#8243; field_title=&#8220; &#8220; field_type=&#8220;checkbox&#8220; checkbox_options=&#8220;%91{%22value%22:%22Ich habe die Datenschutzerkl\u00e4rung gelesen und bin mit der \u00dcbersendung einverstanden.%22,%22checked%22:0,%22dragID%22:-1}%93&#8243; fullwidth_field=&#8220;on&#8220; _builder_version=&#8220;4.25.0&#8243; _module_preset=&#8220;default&#8220; form_field_text_color=&#8220;gcid-2490e176-5733-4f77-b033-d0b72133e372&#8243; global_colors_info=&#8220;{%22gcid-2490e176-5733-4f77-b033-d0b72133e372%22:%91%22form_field_text_color%22%93}&#8220;][\/et_pb_contact_field][\/et_pb_contact_form][et_pb_text _builder_version=&#8220;4.25.0&#8243; _module_preset=&#8220;bb7d5e87-2292-43de-b648-6a7f5c5b32eb&#8220; text_font=&#8220;Inter||||||||&#8220; header_3_font=&#8220;Encode Sans|700|||||||&#8220; header_3_font_size=&#8220;25px&#8220; header_5_font=&#8220;Inter||||||||&#8220; header_5_text_color=&#8220;#6B6B6B&#8220; header_5_font_size=&#8220;13px&#8220; header_5_line_height=&#8220;1.3em&#8220; custom_margin=&#8220;-20px||10px||false|false&#8220; animation_style=&#8220;fade&#8220; global_colors_info=&#8220;{}&#8220;]<\/p>\n<p><span>Personenbezogene Daten, die Sie uns \u00fcber das obige Kontaktformular \u00fcbersenden, werden wir nur f\u00fcr die Beantwortung Ihrer Anfrage und f\u00fcr die mit diesem Vorgang verbundene technische Administration verwenden. Die Weitergabe der Daten an Dritte erfolgt nicht.<\/span><\/p>\n<p><span>Sie haben das Recht, eine erteilte Einwilligung zur Kontaktaufnahme mit der Wirkung f\u00fcr die Zukunft jederzeit zu widerrufen. In diesem Fall werden die \u00fcber Sie gespeicherten personenbezogenen Daten umgehend gel\u00f6scht. Nach Bearbeitung Ihrer Anfrage werden die Daten dar\u00fcber hinaus ebenfalls sofort gel\u00f6scht.<\/span><\/p>\n<p><span>Weitere Informationen zum Datenschutz und zum Umgang mit personenbezogenen Daten finden Sie in unserer\u00a0Datenschutzerkl\u00e4rung.<\/span><\/p>\n<p>[\/et_pb_text][et_pb_text _builder_version=&#8220;4.25.0&#8243; _module_preset=&#8220;bb7d5e87-2292-43de-b648-6a7f5c5b32eb&#8220; text_font=&#8220;Inter||||||||&#8220; text_font_size=&#8220;16px&#8220; header_3_font=&#8220;Encode Sans|700|||||||&#8220; header_3_font_size=&#8220;25px&#8220; header_5_font=&#8220;Inter||||||||&#8220; header_5_text_color=&#8220;#6B6B6B&#8220; header_5_font_size=&#8220;13px&#8220; header_5_line_height=&#8220;1.3em&#8220; text_orientation=&#8220;center&#8220; custom_margin=&#8220;-20px||10px||false|false&#8220; global_colors_info=&#8220;{}&#8220;][\/et_pb_text][\/et_pb_column][\/et_pb_row][\/et_pb_section][et_pb_section fb_built=&#8220;1&#8243; module_id=&#8220;sitemap&#8220; _builder_version=&#8220;4.27.4&#8243; _module_preset=&#8220;default&#8220; border_width_top=&#8220;5px&#8220; border_color_top=&#8220;gcid-primary-color&#8220; global_colors_info=&#8220;{%22gcid-primary-color%22:%91%22border_color_top%22%93}&#8220;][et_pb_row column_structure=&#8220;1_3,1_3,1_3&#8243; _builder_version=&#8220;4.27.4&#8243; _module_preset=&#8220;default&#8220; global_colors_info=&#8220;{}&#8220;][et_pb_column type=&#8220;1_3&#8243; _builder_version=&#8220;4.27.4&#8243; _module_preset=&#8220;default&#8220; global_colors_info=&#8220;{}&#8220;][et_pb_text _builder_version=&#8220;4.27.4&#8243; _module_preset=&#8220;bb7d5e87-2292-43de-b648-6a7f5c5b32eb&#8220; text_font=&#8220;Inter||||||||&#8220; text_font_size=&#8220;16px&#8220; header_3_font=&#8220;Encode Sans|700|||||||&#8220; header_3_font_size=&#8220;25px&#8220; header_5_font=&#8220;Inter||||||||&#8220; header_5_text_color=&#8220;#6B6B6B&#8220; header_5_font_size=&#8220;14px&#8220; header_5_line_height=&#8220;1.3em&#8220; text_orientation=&#8220;center&#8220; custom_margin=&#8220;-20px||10px||false|false&#8220; animation_style=&#8220;fade&#8220; global_colors_info=&#8220;{}&#8220;]<\/p>\n<h3 style=\"text-align: left;\">Sitemap<\/h3>\n<p>[\/et_pb_text][et_pb_text _builder_version=&#8220;4.27.4&#8243; _module_preset=&#8220;default&#8220; global_colors_info=&#8220;{}&#8220;]<\/p>\n<p><strong><a href=\"https:\/\/starke-kevelaer.de\/#praxis\">\u2022 Unsere Praxis<\/a><\/strong><br \/><strong><a href=\"https:\/\/starke-kevelaer.de\/#leistung\">\u2022 Unsere Leistungen<\/a><\/strong><br \/><strong><a href=\"https:\/\/starke-kevelaer.de\/#aktuelles\">\u2022 Aktuelles<\/a><\/strong><br \/><strong><a href=\"https:\/\/starke-kevelaer.de\/#hzv\">\u2022 Mein Hausarztprogramm<\/a><\/strong><br \/><strong><a href=\"https:\/\/starke-kevelaer.de\/#team\">\u2022 Unser Team<\/a><\/strong><br \/><strong><a href=\"https:\/\/starke-kevelaer.de\/index.php\/karriere\/\">\u2022 Job<\/a><\/strong><br \/><strong><a href=\"http:\/\/ks-kevelaer.de\/vorschau\/starke_2\/#kontakt\">\u2022 Kontakt<\/a><\/strong><br \/><a href=\"https:\/\/starke-kevelaer.de\/index.php\/impressum\/\"><strong>\u2022 Impressum<\/strong><\/a><br \/><a href=\"https:\/\/starke-kevelaer.de\/index.php\/datenschutz\/\"><strong>\u2022 Datenschutz<\/strong><\/a><\/p>\n<p>[\/et_pb_text][\/et_pb_column][et_pb_column type=&#8220;1_3&#8243; _builder_version=&#8220;4.27.4&#8243; _module_preset=&#8220;default&#8220; global_colors_info=&#8220;{}&#8220;][et_pb_text _builder_version=&#8220;4.27.4&#8243; _module_preset=&#8220;bb7d5e87-2292-43de-b648-6a7f5c5b32eb&#8220; text_font=&#8220;Inter||||||||&#8220; text_font_size=&#8220;16px&#8220; header_3_font=&#8220;Encode Sans|700|||||||&#8220; header_3_font_size=&#8220;25px&#8220; header_5_font=&#8220;Inter||||||||&#8220; header_5_text_color=&#8220;#6B6B6B&#8220; header_5_font_size=&#8220;14px&#8220; header_5_line_height=&#8220;1.3em&#8220; text_orientation=&#8220;center&#8220; custom_margin=&#8220;-20px||10px||false|false&#8220; animation_style=&#8220;fade&#8220; global_colors_info=&#8220;{}&#8220;]<\/p>\n<h3 style=\"text-align: left;\">\u00d6ffnungszeiten<\/h3>\n<p>[\/et_pb_text][et_pb_text _builder_version=&#8220;4.27.4&#8243; _module_preset=&#8220;default&#8220; global_colors_info=&#8220;{}&#8220;]<\/p>\n<div class=\"et_pb_module et_pb_text et_pb_text_1_tb_footer  et_pb_text_align_left et_pb_bg_layout_light\">\n<div class=\"et_pb_text_inner\">\n<p><span><strong><span style=\"color: #cb081c;\">Montag<\/span>\u00a0<\/strong>\u00a0 \u00a0 \u00a0 \u00a0 \u00a0 8.00 \u2013 12.00 &amp; 16.00 \u2013 18.00 Uhr<br \/><\/span><span><span style=\"color: #cb081c;\"><strong>Dienstag\u00a0<\/strong><\/span>\u00a0 \u00a0 \u00a0 \u00a0 8.00 \u2013 12.00 &amp; 16.00 \u2013 18.00 Uhr<br \/><\/span><span><strong><span style=\"color: #cb081c;\">Mittwoch<\/span>\u00a0<\/strong>\u00a0 \u00a0 \u00a0 \u00a08.00 \u2013 12.00 <\/span><span>Uhr<br \/><\/span><span><strong><span style=\"color: #cb081c;\">Donnerstag<\/span>\u00a0<\/strong>\u00a0 \u00a08.00 \u2013 12.00 &amp; 16.00 \u2013 18.00 Uhr<br \/><strong><span style=\"color: #cb081c;\">Freitag<\/span>\u00a0 \u00a0 \u00a0\u00a0<\/strong>\u00a0 \u00a0 \u00a0 \u00a08.00 \u2013 12.00 Uhr<\/span><\/p>\n<\/div>\n<\/div>\n<div class=\"et_pb_module et_pb_text et_pb_text_2_tb_footer  et_pb_text_align_left et_pb_bg_layout_light\">\n<div class=\"et_pb_text_inner\">\n<p><span style=\"color: #cb081c;\"><strong>Individuelle Termine auch nach Vereinbarung<\/strong><\/span><\/p>\n<\/div>\n<\/div>\n<p>[\/et_pb_text][et_pb_text _builder_version=&#8220;4.27.4&#8243; _module_preset=&#8220;bb7d5e87-2292-43de-b648-6a7f5c5b32eb&#8220; text_font=&#8220;Inter||||||||&#8220; text_font_size=&#8220;16px&#8220; header_3_font=&#8220;Encode Sans|700|||||||&#8220; header_3_font_size=&#8220;25px&#8220; header_5_font=&#8220;Inter||||||||&#8220; header_5_text_color=&#8220;#6B6B6B&#8220; header_5_font_size=&#8220;14px&#8220; header_5_line_height=&#8220;1.3em&#8220; text_orientation=&#8220;center&#8220; custom_margin=&#8220;||10px||false|false&#8220; animation_style=&#8220;fade&#8220; global_colors_info=&#8220;{}&#8220;]<\/p>\n<h3 style=\"text-align: left;\">Laborzeiten<\/h3>\n<p>[\/et_pb_text][et_pb_text _builder_version=&#8220;4.27.4&#8243; _module_preset=&#8220;default&#8220; global_colors_info=&#8220;{}&#8220;]<\/p>\n<div class=\"et_pb_module et_pb_text et_pb_text_1_tb_footer  et_pb_text_align_left et_pb_bg_layout_light\">\n<div class=\"et_pb_text_inner\">\n<p><b>nur nach R\u00fccksprache!<\/b><\/p>\n<p>Vor dem Aufsuchen der Sprechstunde bitten wir Sie um eine telefonische Anmeldung, auch bei kurzfristigem Terminwunsch. Hierdurch k\u00f6nnen wir besser planen und Ihre Wartezeit m\u00f6glichst verk\u00fcrzen!<\/p>\n<\/div>\n<\/div>\n<p>[\/et_pb_text][\/et_pb_column][et_pb_column type=&#8220;1_3&#8243; _builder_version=&#8220;4.27.4&#8243; _module_preset=&#8220;default&#8220; global_colors_info=&#8220;{}&#8220;][et_pb_text _builder_version=&#8220;4.27.4&#8243; _module_preset=&#8220;bb7d5e87-2292-43de-b648-6a7f5c5b32eb&#8220; text_font=&#8220;Inter||||||||&#8220; text_font_size=&#8220;16px&#8220; header_3_font=&#8220;Encode Sans|700|||||||&#8220; header_3_font_size=&#8220;25px&#8220; header_5_font=&#8220;Inter||||||||&#8220; header_5_text_color=&#8220;#6B6B6B&#8220; header_5_font_size=&#8220;14px&#8220; header_5_line_height=&#8220;1.3em&#8220; text_orientation=&#8220;center&#8220; custom_margin=&#8220;-20px||10px||false|false&#8220; animation_style=&#8220;fade&#8220; global_colors_info=&#8220;{}&#8220;]<\/p>\n<h3 style=\"text-align: left;\">\u00c4rztlicher Bereitschaftsdienst<\/h3>\n<p>[\/et_pb_text][et_pb_text _builder_version=&#8220;4.27.4&#8243; _module_preset=&#8220;default&#8220; global_colors_info=&#8220;{}&#8220;]<\/p>\n<div class=\"et_pb_module et_pb_text et_pb_text_1_tb_footer  et_pb_text_align_left et_pb_bg_layout_light\">\n<div class=\"et_pb_text_inner\">\n<p><b>Den allgemeinen \u00e4rztlichen Bereitschaftsdienst erreichen Sie grunds\u00e4tzlich unter der Rufnummer <span style=\"color: #cb081c;\">116 117<\/span>.<\/b><\/p>\n<p>Au\u00dferhalb unserer Sprechzeiten steht Ihnen zu den u.a. Zeiten f\u00fcr akute Beschwerden die <strong>Notdienstpraxis der KV im St. Clemens-Hospital Geldern<\/strong> zur Verf\u00fcgung.<br \/>Eine vorherige Anmeldung ist nicht erforderlich. Bitte bringen Sie Ihre Versichertenkarte mit:<\/p>\n<p data-start=\"454\" data-end=\"498\" class=\"\"><strong data-start=\"457\" data-end=\"496\">\u00d6ffnungszeiten der Notdienstpraxis:<\/strong><\/p>\n<p data-start=\"501\" data-end=\"554\" class=\"\"><strong data-start=\"501\" data-end=\"534\">Montag, Dienstag, Donnerstag:<br \/><\/strong>19:00 \u2013 21:00 Uhr<\/p>\n<p data-start=\"557\" data-end=\"599\" class=\"\"><strong data-start=\"557\" data-end=\"579\">Mittwoch, Freitag:<\/strong><span>\u00a0<\/span>15:00 \u2013 21:00 Uhr<\/p>\n<p data-start=\"602\" data-end=\"653\" class=\"\"><strong data-start=\"602\" data-end=\"635\">Samstag, Sonntag &amp; Feiertage:<br \/><\/strong>09:00 \u2013 21:00 Uhr<\/p>\n<\/div>\n<\/div>\n<p>[\/et_pb_text][\/et_pb_column][\/et_pb_row][\/et_pb_section]<\/p>\n","protected":false},"excerpt":{"rendered":"<p>Wir suchen Dich! &nbsp;MFA-InitiativbewerbungMedizinische Fachangestellte (m\/w\/d)ab Anfang 2026 gesucht Wir suchen zur Verst\u00e4rkung unseres Teams eine engagierte medizinische Fachangestellte (m\/w\/d) in Voll- oder Teilzeit, die Freude an der Arbeit im Haus\u00e4rztlichen Bereich mitbringt. Was wir bieten:\u2022 ein eingespieltes, kollegiales Team\u2022 abwechslungsreiche T\u00e4tigkeiten in einer modernen haus\u00e4rztlichen Praxis\u2022 ein wertsch\u00e4tzendes Miteinander und ein angenehmes Arbeitsumfeld\u2022 flexibles [&hellip;]<\/p>\n","protected":false},"author":2,"featured_media":0,"parent":0,"menu_order":0,"comment_status":"closed","ping_status":"closed","template":"","meta":{"_et_pb_use_builder":"on","_et_pb_old_content":"","_et_gb_content_width":"","footnotes":""},"class_list":["post-409","page","type-page","status-publish","hentry"],"_links":{"self":[{"href":"https:\/\/starke-kevelaer.de\/index.php\/wp-json\/wp\/v2\/pages\/409","targetHints":{"allow":["GET"]}}],"collection":[{"href":"https:\/\/starke-kevelaer.de\/index.php\/wp-json\/wp\/v2\/pages"}],"about":[{"href":"https:\/\/starke-kevelaer.de\/index.php\/wp-json\/wp\/v2\/types\/page"}],"author":[{"embeddable":true,"href":"https:\/\/starke-kevelaer.de\/index.php\/wp-json\/wp\/v2\/users\/2"}],"replies":[{"embeddable":true,"href":"https:\/\/starke-kevelaer.de\/index.php\/wp-json\/wp\/v2\/comments?post=409"}],"version-history":[{"count":21,"href":"https:\/\/starke-kevelaer.de\/index.php\/wp-json\/wp\/v2\/pages\/409\/revisions"}],"predecessor-version":[{"id":634,"href":"https:\/\/starke-kevelaer.de\/index.php\/wp-json\/wp\/v2\/pages\/409\/revisions\/634"}],"wp:attachment":[{"href":"https:\/\/starke-kevelaer.de\/index.php\/wp-json\/wp\/v2\/media?parent=409"}],"curies":[{"name":"wp","href":"https:\/\/api.w.org\/{rel}","templated":true}]}}